{"id":29143,"date":"2022-03-23T14:20:37","date_gmt":"2022-03-23T14:20:37","guid":{"rendered":"https:\/\/www.ampeco.com\/ressources-2\/"},"modified":"2023-12-22T14:29:56","modified_gmt":"2023-12-22T14:29:56","slug":"ressources","status":"publish","type":"page","link":"https:\/\/www.ampeco.com\/fr\/ressources\/","title":{"rendered":"Ressources en mati\u00e8re de Recharge des v\u00e9hicules \u00e9lectriques"},"content":{"rendered":"\n<div style=\"border-radius:var(--spacing-4xl, 32px);overflow:hidden;\" class=\"wp-block-group is-style-text-hero-nds has-dark-gradient-gradient-background has-background is-layout-constrained wp-block-group-is-layout-constrained\">\n<h1 class=\"wp-block-heading has-text-align-center reveal_intro has-white-color has-text-color\" id=\"white-label-ev-charging-management-software\">Ressources en mati\u00e8re de Recharge des v\u00e9hicules \u00e9lectriques<\/h1>\n\n\n\n<p class=\"has-text-align-center reveal_intro has-white-color has-text-color\">D\u00e9couvrez les derni\u00e8res tendances, statistiques, histoires de r\u00e9ussite et bien plus encore sur la recharge des v\u00e9hicules \u00e9lectriques.<\/p>\n<\/div>\n\n\n\n<div style=\"border-radius:var(--spacing-4xl, 32px);overflow:hidden;\" class=\"wp-block-group is-style-section-nds is-layout-constrained wp-block-group-is-layout-constrained\"><style>.wp-block-kadence-spacer.kt-block-spacer-29143_777c1b-48 .kt-block-spacer{height:40px;}.wp-block-kadence-spacer.kt-block-spacer-29143_777c1b-48 .kt-divider{border-top-width:1px;height:1px;border-top-color:#eee;width:80%;border-top-style:solid;}<\/style>\n<div class=\"wp-block-kadence-spacer aligncenter kt-block-spacer-29143_777c1b-48\"><div class=\"kt-block-spacer kt-block-spacer-halign-center\"><\/div><\/div>\n\n\n\n<h2 class=\"wp-block-heading has-text-align-center\"><strong>Points de vue d&rsquo;experts et strat\u00e9gies pour la recharge des v\u00e9hicules \u00e9lectriques<\/strong><\/h2>\n\n\n\n<p class=\"has-text-align-center has-m-font-size\">Obtenez les connaissances du march\u00e9 et de l&rsquo;industrie dont vous avez besoin <br>pour d\u00e9velopper une activit\u00e9 lucrative dans le domaine de la recharge des v\u00e9hicules \u00e9lectriques.<\/p>\n\n\n<style>.wp-block-kadence-spacer.kt-block-spacer-29143_8c3261-bf .kt-block-spacer{height:40px;}.wp-block-kadence-spacer.kt-block-spacer-29143_8c3261-bf .kt-divider{border-top-width:1px;height:1px;border-top-color:#eee;width:80%;border-top-style:solid;}<\/style>\n<div class=\"wp-block-kadence-spacer aligncenter kt-block-spacer-29143_8c3261-bf\"><div class=\"kt-block-spacer kt-block-spacer-halign-center\"><\/div><\/div>\n\n\n\n<div class=\"wp-block-group is-style-default is-layout-constrained wp-block-group-is-layout-constrained\">\n<div class=\"wp-block-columns are-vertically-aligned-center is-layout-flex wp-container-core-columns-is-layout-28f84493 wp-block-columns-is-layout-flex\">\n<div class=\"wp-block-column is-vertically-aligned-center is-layout-flow wp-block-column-is-layout-flow\" style=\"flex-basis:30%\">\n<figure class=\"wp-block-image aligncenter size-large\"><a href=\"https:\/\/www.ampeco.com\/ebooks\/ev-charging-business-playbook-us-edition\/\"><img loading=\"lazy\" decoding=\"async\" width=\"1024\" height=\"746\" src=\"https:\/\/www.ampeco.com\/content\/uploads\/2023\/03\/portait-ebook-mockup-the-ev-charging-business-playbook-us-edition-1-1024x746.png\" alt=\"-\" class=\"wp-image-16473\" title=\"\" srcset=\"https:\/\/www.ampeco.com\/content\/uploads\/2023\/03\/portait-ebook-mockup-the-ev-charging-business-playbook-us-edition-1-1024x746.png 1024w, https:\/\/www.ampeco.com\/content\/uploads\/2023\/03\/portait-ebook-mockup-the-ev-charging-business-playbook-us-edition-1-96x70.png 96w, https:\/\/www.ampeco.com\/content\/uploads\/2023\/03\/portait-ebook-mockup-the-ev-charging-business-playbook-us-edition-1-300x219.png 300w, https:\/\/www.ampeco.com\/content\/uploads\/2023\/03\/portait-ebook-mockup-the-ev-charging-business-playbook-us-edition-1-768x560.png 768w, https:\/\/www.ampeco.com\/content\/uploads\/2023\/03\/portait-ebook-mockup-the-ev-charging-business-playbook-us-edition-1-1536x1120.png 1536w, https:\/\/www.ampeco.com\/content\/uploads\/2023\/03\/portait-ebook-mockup-the-ev-charging-business-playbook-us-edition-1-330x241.png 330w, https:\/\/www.ampeco.com\/content\/uploads\/2023\/03\/portait-ebook-mockup-the-ev-charging-business-playbook-us-edition-1-660x481.png 660w, https:\/\/www.ampeco.com\/content\/uploads\/2023\/03\/portait-ebook-mockup-the-ev-charging-business-playbook-us-edition-1-512x373.png 512w, https:\/\/www.ampeco.com\/content\/uploads\/2023\/03\/portait-ebook-mockup-the-ev-charging-business-playbook-us-edition-1-600x437.png 600w, https:\/\/www.ampeco.com\/content\/uploads\/2023\/03\/portait-ebook-mockup-the-ev-charging-business-playbook-us-edition-1-1200x875.png 1200w, https:\/\/www.ampeco.com\/content\/uploads\/2023\/03\/portait-ebook-mockup-the-ev-charging-business-playbook-us-edition-1-840x612.png 840w, https:\/\/www.ampeco.com\/content\/uploads\/2023\/03\/portait-ebook-mockup-the-ev-charging-business-playbook-us-edition-1-1680x1225.png 1680w, https:\/\/www.ampeco.com\/content\/uploads\/2023\/03\/portait-ebook-mockup-the-ev-charging-business-playbook-us-edition-1-1920x1400.png 1920w, https:\/\/www.ampeco.com\/content\/uploads\/2023\/03\/portait-ebook-mockup-the-ev-charging-business-playbook-us-edition-1.png 2000w\" sizes=\"auto, (max-width: 1024px) 100vw, 1024px\" \/><\/a><\/figure>\n<\/div>\n\n\n\n<div class=\"wp-block-column is-vertically-aligned-center is-layout-flow wp-block-column-is-layout-flow\">\n<h3 class=\"wp-block-heading\">Le Guide Pratique pour les Entreprises de Recharge de VE \u2013 en anglais<br><mark style=\"background-color:rgba(0, 0, 0, 0)\" class=\"has-inline-color has-secondary-color\">US \u00c9DITION<\/mark><\/h3>\n\n\n\n<p>D\u00e9couvrez le processus \u00e9tape par \u00e9tape permettant aux op\u00e9rateurs de r\u00e9seaux de naviguer facilement sur le march\u00e9 complexe de la recharge des v\u00e9hicules \u00e9lectriques aux \u00c9tats-Unis, de tirer un maximum de profit des possibilit\u00e9s de financement et de lancer une activit\u00e9 prosp\u00e8re.<\/p>\n\n\n\n<div class=\"wp-block-buttons is-layout-flex wp-block-buttons-is-layout-flex\">\n<div class=\"wp-block-button is-style-short-underline-nds\"><a class=\"wp-block-button__link wp-element-button\" href=\"https:\/\/www.ampeco.com\/ebooks\/ev-charging-business-playbook-us-edition\/\">T\u00e9l\u00e9chargez l&rsquo;e-book<\/a><\/div>\n<\/div>\n<\/div>\n<\/div>\n\n\n\n<div class=\"wp-block-group is-layout-constrained wp-block-group-is-layout-constrained\">\n<div style=\"height:30px\" aria-hidden=\"true\" class=\"wp-block-spacer\"><\/div>\n\n\n\n<hr class=\"wp-block-separator has-text-color has-lightbluebg-color has-alpha-channel-opacity has-lightbluebg-background-color has-background is-style-wide\"\/>\n\n\n\n<div style=\"height:30px\" aria-hidden=\"true\" class=\"wp-block-spacer\"><\/div>\n<\/div>\n\n\n\n<div class=\"wp-block-columns are-vertically-aligned-center is-layout-flex wp-container-core-columns-is-layout-28f84493 wp-block-columns-is-layout-flex\">\n<div class=\"wp-block-column is-vertically-aligned-center is-layout-flow wp-block-column-is-layout-flow\" style=\"flex-basis:30%\">\n<figure class=\"wp-block-image aligncenter size-large\"><a href=\"\/fr\/ebooks\/conformite-eichrecht-manuel-essentiel-fournisseurs-chargeurs-de-ve\/\"><img loading=\"lazy\" decoding=\"async\" width=\"1024\" height=\"746\" src=\"https:\/\/www.ampeco.com\/content\/uploads\/2023\/05\/eichrecht-ebook-landscape-1024x746.png\" alt=\"Eichrecht couverture ebook\" class=\"wp-image-19092\" title=\"\" srcset=\"https:\/\/www.ampeco.com\/content\/uploads\/2023\/05\/eichrecht-ebook-landscape-1024x746.png 1024w, https:\/\/www.ampeco.com\/content\/uploads\/2023\/05\/eichrecht-ebook-landscape-300x219.png 300w, https:\/\/www.ampeco.com\/content\/uploads\/2023\/05\/eichrecht-ebook-landscape-768x560.png 768w, https:\/\/www.ampeco.com\/content\/uploads\/2023\/05\/eichrecht-ebook-landscape-1536x1120.png 1536w, https:\/\/www.ampeco.com\/content\/uploads\/2023\/05\/eichrecht-ebook-landscape-96x70.png 96w, https:\/\/www.ampeco.com\/content\/uploads\/2023\/05\/eichrecht-ebook-landscape-330x241.png 330w, https:\/\/www.ampeco.com\/content\/uploads\/2023\/05\/eichrecht-ebook-landscape-660x481.png 660w, https:\/\/www.ampeco.com\/content\/uploads\/2023\/05\/eichrecht-ebook-landscape-512x373.png 512w, https:\/\/www.ampeco.com\/content\/uploads\/2023\/05\/eichrecht-ebook-landscape-600x437.png 600w, https:\/\/www.ampeco.com\/content\/uploads\/2023\/05\/eichrecht-ebook-landscape-1200x875.png 1200w, https:\/\/www.ampeco.com\/content\/uploads\/2023\/05\/eichrecht-ebook-landscape-840x612.png 840w, https:\/\/www.ampeco.com\/content\/uploads\/2023\/05\/eichrecht-ebook-landscape-1680x1225.png 1680w, https:\/\/www.ampeco.com\/content\/uploads\/2023\/05\/eichrecht-ebook-landscape-1920x1400.png 1920w, https:\/\/www.ampeco.com\/content\/uploads\/2023\/05\/eichrecht-ebook-landscape.png 2000w\" sizes=\"auto, (max-width: 1024px) 100vw, 1024px\" \/><\/a><\/figure>\n<\/div>\n\n\n\n<div class=\"wp-block-column is-vertically-aligned-center is-layout-flow wp-block-column-is-layout-flow\">\n<h3 class=\"wp-block-heading\">Conformit\u00e9 \u00e0 l\u2019Eichrecht : Le manuel essentiel pour les prestataires de services de recharge pour VE (en anglais)<\/h3>\n\n\n\n<p>Obtenez des connaissances pr\u00e9cieuses sur les r\u00e9glementations Eichrecht et leur impact sur votre activit\u00e9 de recharge de v\u00e9hicules \u00e9lectriques en Allemagne. Apprenez comment se conformer aux lois sur l&rsquo;\u00e9talonnage et la tarification gr\u00e2ce \u00e0 notre guide complet.<\/p>\n\n\n\n<div class=\"wp-block-buttons is-layout-flex wp-block-buttons-is-layout-flex\">\n<div class=\"wp-block-button is-style-short-underline-nds\"><a class=\"wp-block-button__link wp-element-button\" href=\"\/fr\/ebooks\/conformite-eichrecht-manuel-essentiel-fournisseurs-chargeurs-de-ve\/\">T\u00e9l\u00e9chargez l&rsquo;e-book<\/a><\/div>\n<\/div>\n<\/div>\n<\/div>\n\n\n\n<div class=\"wp-block-group is-layout-constrained wp-block-group-is-layout-constrained\">\n<div style=\"height:30px\" aria-hidden=\"true\" class=\"wp-block-spacer\"><\/div>\n\n\n\n<hr class=\"wp-block-separator has-text-color has-lightbluebg-color has-alpha-channel-opacity has-lightbluebg-background-color has-background is-style-wide\"\/>\n\n\n\n<div style=\"height:30px\" aria-hidden=\"true\" class=\"wp-block-spacer\"><\/div>\n<\/div>\n\n\n\n<div class=\"wp-block-columns are-vertically-aligned-center is-layout-flex wp-container-core-columns-is-layout-28f84493 wp-block-columns-is-layout-flex\">\n<div class=\"wp-block-column is-vertically-aligned-center is-layout-flow wp-block-column-is-layout-flow\" style=\"flex-basis:30%\">\n<figure class=\"wp-block-image aligncenter size-full\"><a href=\"https:\/\/www.ampeco.com\/ebooks\/platform-overview-ebook\/\"><img loading=\"lazy\" decoding=\"async\" width=\"1000\" height=\"729\" src=\"https:\/\/www.ampeco.com\/content\/uploads\/2023\/03\/portait-ebook-mockup-platform-overview.png\" alt=\"-\" class=\"wp-image-16476\" title=\"\" srcset=\"https:\/\/www.ampeco.com\/content\/uploads\/2023\/03\/portait-ebook-mockup-platform-overview.png 1000w, https:\/\/www.ampeco.com\/content\/uploads\/2023\/03\/portait-ebook-mockup-platform-overview-96x70.png 96w, https:\/\/www.ampeco.com\/content\/uploads\/2023\/03\/portait-ebook-mockup-platform-overview-300x219.png 300w, https:\/\/www.ampeco.com\/content\/uploads\/2023\/03\/portait-ebook-mockup-platform-overview-768x560.png 768w, https:\/\/www.ampeco.com\/content\/uploads\/2023\/03\/portait-ebook-mockup-platform-overview-330x241.png 330w, https:\/\/www.ampeco.com\/content\/uploads\/2023\/03\/portait-ebook-mockup-platform-overview-660x481.png 660w, https:\/\/www.ampeco.com\/content\/uploads\/2023\/03\/portait-ebook-mockup-platform-overview-512x373.png 512w, https:\/\/www.ampeco.com\/content\/uploads\/2023\/03\/portait-ebook-mockup-platform-overview-600x437.png 600w, https:\/\/www.ampeco.com\/content\/uploads\/2023\/03\/portait-ebook-mockup-platform-overview-840x612.png 840w\" sizes=\"auto, (max-width: 1000px) 100vw, 1000px\" \/><\/a><\/figure>\n<\/div>\n\n\n\n<div class=\"wp-block-column is-vertically-aligned-center is-layout-flow wp-block-column-is-layout-flow\">\n<h3 class=\"wp-block-heading\">Vue d\u2019ensemble de la plateforme AMPECO<\/h3>\n\n\n\n<p>Apprenez \u00e0 g\u00e9rer un r\u00e9seau de recharge de v\u00e9hicules \u00e9lectriques \u00e0 la fois fiable et rentable gr\u00e2ce aux fonctionnalit\u00e9s du logiciel de recharge de la plateforme AMPECO.<\/p>\n\n\n\n<div class=\"wp-block-buttons is-layout-flex wp-block-buttons-is-layout-flex\">\n<div class=\"wp-block-button is-style-short-underline-nds\"><a class=\"wp-block-button__link wp-element-button\" href=\"https:\/\/www.ampeco.com\/ebooks\/platform-overview-ebook\/\">T\u00e9l\u00e9chargez l&rsquo;e-book<\/a><\/div>\n<\/div>\n<\/div>\n<\/div>\n\n\n\n<div class=\"wp-block-group is-layout-constrained wp-block-group-is-layout-constrained\">\n<div style=\"height:30px\" aria-hidden=\"true\" class=\"wp-block-spacer\"><\/div>\n\n\n\n<hr class=\"wp-block-separator has-text-color has-lightbluebg-color has-alpha-channel-opacity has-lightbluebg-background-color has-background is-style-wide\"\/>\n\n\n\n<div style=\"height:30px\" aria-hidden=\"true\" class=\"wp-block-spacer\"><\/div>\n<\/div>\n\n\n\n<div class=\"wp-block-columns are-vertically-aligned-center is-layout-flex wp-container-core-columns-is-layout-28f84493 wp-block-columns-is-layout-flex\">\n<div class=\"wp-block-column is-vertically-aligned-center is-layout-flow wp-block-column-is-layout-flow\" style=\"flex-basis:30%\">\n<figure class=\"wp-block-image aligncenter size-full\"><a href=\"\/fr\/ebooks\/ebook-les-10-fonctionnalites-que-votre-logiciel-de-gestion-de-charge-doit-avoir\/\"><img loading=\"lazy\" decoding=\"async\" width=\"1000\" height=\"729\" src=\"https:\/\/www.ampeco.com\/content\/uploads\/2023\/03\/portait-ebook-mockup-10-features-yuor-ev-charging-managmenet-software-must-have.png\" alt=\"Les 10 indispensables pour votre logiciel de supervision de recharge\" class=\"wp-image-16474\" title=\"\" srcset=\"https:\/\/www.ampeco.com\/content\/uploads\/2023\/03\/portait-ebook-mockup-10-features-yuor-ev-charging-managmenet-software-must-have.png 1000w, https:\/\/www.ampeco.com\/content\/uploads\/2023\/03\/portait-ebook-mockup-10-features-yuor-ev-charging-managmenet-software-must-have-96x70.png 96w, https:\/\/www.ampeco.com\/content\/uploads\/2023\/03\/portait-ebook-mockup-10-features-yuor-ev-charging-managmenet-software-must-have-300x219.png 300w, https:\/\/www.ampeco.com\/content\/uploads\/2023\/03\/portait-ebook-mockup-10-features-yuor-ev-charging-managmenet-software-must-have-768x560.png 768w, https:\/\/www.ampeco.com\/content\/uploads\/2023\/03\/portait-ebook-mockup-10-features-yuor-ev-charging-managmenet-software-must-have-330x241.png 330w, https:\/\/www.ampeco.com\/content\/uploads\/2023\/03\/portait-ebook-mockup-10-features-yuor-ev-charging-managmenet-software-must-have-660x481.png 660w, https:\/\/www.ampeco.com\/content\/uploads\/2023\/03\/portait-ebook-mockup-10-features-yuor-ev-charging-managmenet-software-must-have-512x373.png 512w, https:\/\/www.ampeco.com\/content\/uploads\/2023\/03\/portait-ebook-mockup-10-features-yuor-ev-charging-managmenet-software-must-have-600x437.png 600w, https:\/\/www.ampeco.com\/content\/uploads\/2023\/03\/portait-ebook-mockup-10-features-yuor-ev-charging-managmenet-software-must-have-840x612.png 840w\" sizes=\"auto, (max-width: 1000px) 100vw, 1000px\" \/><\/a><\/figure>\n<\/div>\n\n\n\n<div class=\"wp-block-column is-vertically-aligned-center is-layout-flow wp-block-column-is-layout-flow\">\n<h3 class=\"wp-block-heading\">Les 10 indispensables pour votre logiciel de supervision de recharge (en anglais)<\/h3>\n\n\n\n<p>D\u00e9couvrez en d\u00e9tail les fonctionnalit\u00e9s essentielles du logiciel et la mani\u00e8re dont vous pouvez couvrir toutes les strat\u00e9gies de recharge des v\u00e9hicules \u00e9lectriques \u00e0 partir d&rsquo;une seule plateforme. Prenez d\u00e8s \u00e0 pr\u00e9sent connaissance de ce document pour vous donner les moyens de r\u00e9ussir.<\/p>\n\n\n\n<div class=\"wp-block-buttons is-layout-flex wp-block-buttons-is-layout-flex\">\n<div class=\"wp-block-button is-style-short-underline-nds\"><a class=\"wp-block-button__link wp-element-button\" href=\"\/fr\/ebooks\/ebook-les-10-fonctionnalites-que-votre-logiciel-de-gestion-de-charge-doit-avoir\/\">T\u00e9l\u00e9chargez l&rsquo;e-book<\/a><\/div>\n<\/div>\n<\/div>\n<\/div>\n\n\n\n<div class=\"wp-block-group is-layout-constrained wp-block-group-is-layout-constrained\">\n<div style=\"height:30px\" aria-hidden=\"true\" class=\"wp-block-spacer\"><\/div>\n\n\n\n<hr class=\"wp-block-separator has-text-color has-lightbluebg-color has-alpha-channel-opacity has-lightbluebg-background-color has-background is-style-wide\"\/>\n\n\n\n<div style=\"height:30px\" aria-hidden=\"true\" class=\"wp-block-spacer\"><\/div>\n<\/div>\n\n\n\n<div class=\"wp-block-columns are-vertically-aligned-center is-layout-flex wp-container-core-columns-is-layout-28f84493 wp-block-columns-is-layout-flex\">\n<div class=\"wp-block-column is-vertically-aligned-center is-layout-flow wp-block-column-is-layout-flow\" style=\"flex-basis:30%\">\n<figure class=\"wp-block-image aligncenter size-full\"><a href=\"https:\/\/www.ampeco.com\/ebooks\/ebook-home-charging\/\"><img loading=\"lazy\" decoding=\"async\" width=\"1000\" height=\"729\" src=\"https:\/\/www.ampeco.com\/content\/uploads\/2023\/03\/portait-ebook-mockup-home-charging.png\" alt=\"-\" class=\"wp-image-16475\" title=\"\" srcset=\"https:\/\/www.ampeco.com\/content\/uploads\/2023\/03\/portait-ebook-mockup-home-charging.png 1000w, https:\/\/www.ampeco.com\/content\/uploads\/2023\/03\/portait-ebook-mockup-home-charging-96x70.png 96w, https:\/\/www.ampeco.com\/content\/uploads\/2023\/03\/portait-ebook-mockup-home-charging-300x219.png 300w, https:\/\/www.ampeco.com\/content\/uploads\/2023\/03\/portait-ebook-mockup-home-charging-768x560.png 768w, https:\/\/www.ampeco.com\/content\/uploads\/2023\/03\/portait-ebook-mockup-home-charging-330x241.png 330w, https:\/\/www.ampeco.com\/content\/uploads\/2023\/03\/portait-ebook-mockup-home-charging-660x481.png 660w, https:\/\/www.ampeco.com\/content\/uploads\/2023\/03\/portait-ebook-mockup-home-charging-512x373.png 512w, https:\/\/www.ampeco.com\/content\/uploads\/2023\/03\/portait-ebook-mockup-home-charging-600x437.png 600w, https:\/\/www.ampeco.com\/content\/uploads\/2023\/03\/portait-ebook-mockup-home-charging-840x612.png 840w\" sizes=\"auto, (max-width: 1000px) 100vw, 1000px\" \/><\/a><\/figure>\n<\/div>\n\n\n\n<div class=\"wp-block-column is-vertically-aligned-center is-layout-flow wp-block-column-is-layout-flow\">\n<h3 class=\"wp-block-heading\">Comment d\u00e9velopper votre activit\u00e9 de recharge de VE gr\u00e2ce \u00e0 un logiciel de recharge \u00e0 domicile (en anglais)<\/h3>\n\n\n\n<p>Examinez de plus pr\u00e8s le march\u00e9 de la recharge \u00e0 domicile, les mod\u00e8les potentiels pour votre entreprise et les outils dont vous avez besoin pour cr\u00e9er un r\u00e9seau de recharge \u00e0 domicile prosp\u00e8re.<\/p>\n\n\n\n<div class=\"wp-block-buttons is-layout-flex wp-block-buttons-is-layout-flex\">\n<div class=\"wp-block-button is-style-short-underline-nds\"><a class=\"wp-block-button__link wp-element-button\" href=\"https:\/\/www.ampeco.com\/ebooks\/ebook-home-charging\/\">T\u00e9l\u00e9chargez l&rsquo;e-book<\/a><\/div>\n<\/div>\n<\/div>\n<\/div>\n<\/div>\n<\/div>\n\n\n\n<div class=\"wp-block-group reveal is-style-section-nds-1100 is-style-section-nds has-background is-layout-constrained wp-block-group-is-layout-constrained\" style=\"border-radius:var(--spacing-4xl, 32px);overflow:hidden;background-color:#f8fcff\">\n<h2 class=\"wp-block-heading has-text-align-center\">Les guides de l&rsquo;industrie de la recharge des v\u00e9hicules \u00e9lectriques<\/h2>\n\n\n\n<p class=\"has-text-align-center has-m-font-size\">Lib\u00e9rer tout le potentiel de votre r\u00e9seau de recharge de v\u00e9hicules \u00e9lectriques en maitrisant les concepts cl\u00e9s <br>de l&rsquo;industrie, les nouvelles technologies et les tendances du march\u00e9.<\/p>\n\n\n<style>.wp-block-kadence-spacer.kt-block-spacer-29143_600bf6-fc .kt-block-spacer{height:40px;}.wp-block-kadence-spacer.kt-block-spacer-29143_600bf6-fc .kt-divider{border-top-width:1px;height:1px;border-top-color:#eee;width:80%;border-top-style:solid;}<\/style>\n<div class=\"wp-block-kadence-spacer aligncenter kt-block-spacer-29143_600bf6-fc\"><div class=\"kt-block-spacer kt-block-spacer-halign-center\"><\/div><\/div>\n\n\n\n<div class=\"wp-block-media-text has-media-on-the-right is-stacked-on-mobile\"><div class=\"wp-block-media-text__content\">\n<p class=\"is-style-blue-label\" id=\"payment\"><\/p>\n\n\n\n<h2 class=\"wp-block-heading\">Guide complet de l&rsquo;OCPP<\/h2>\n\n\n\n<p class=\"has-m-font-size\">Une documentation compl\u00e8te sur le protocole Open Charge Point Protocol (OCPP), qui pr\u00e9sente ses avantages, ses principes de fonctionnement, ses cas d&rsquo;utilisation et ses derniers d\u00e9veloppements. Une lecture obligatoire pour tous ceux qui cherchent \u00e0 mettre en \u0153uvre l&rsquo;OCPP et \u00e0 rationaliser leur r\u00e9seau de recharge et leurs op\u00e9rations commerciales.<\/p>\n\n\n\n<div class=\"wp-block-buttons is-layout-flex wp-block-buttons-is-layout-flex\">\n<div class=\"wp-block-button\"><a class=\"wp-block-button__link wp-element-button\" href=\"https:\/\/www.ampeco.com\/guides\/complete-ocpp-guide\/\">Consultez le guide<\/a><\/div>\n<\/div>\n<\/div><figure class=\"wp-block-media-text__media\"><a href=\"https:\/\/www.ampeco.com\/guides\/complete-ocpp-guide\/\"><img loading=\"lazy\" decoding=\"async\" width=\"1024\" height=\"576\" src=\"https:\/\/www.ampeco.com\/content\/uploads\/2023\/03\/complete-ocpp-guide-g-1024x576.png\" alt=\"-\" class=\"wp-image-16212 size-full\" title=\"\" srcset=\"https:\/\/www.ampeco.com\/content\/uploads\/2023\/03\/complete-ocpp-guide-g-1024x576.png 1024w, https:\/\/www.ampeco.com\/content\/uploads\/2023\/03\/complete-ocpp-guide-g-96x54.png 96w, https:\/\/www.ampeco.com\/content\/uploads\/2023\/03\/complete-ocpp-guide-g-300x169.png 300w, https:\/\/www.ampeco.com\/content\/uploads\/2023\/03\/complete-ocpp-guide-g-768x432.png 768w, https:\/\/www.ampeco.com\/content\/uploads\/2023\/03\/complete-ocpp-guide-g-330x186.png 330w, https:\/\/www.ampeco.com\/content\/uploads\/2023\/03\/complete-ocpp-guide-g-660x371.png 660w, https:\/\/www.ampeco.com\/content\/uploads\/2023\/03\/complete-ocpp-guide-g-512x288.png 512w, https:\/\/www.ampeco.com\/content\/uploads\/2023\/03\/complete-ocpp-guide-g-600x338.png 600w, https:\/\/www.ampeco.com\/content\/uploads\/2023\/03\/complete-ocpp-guide-g-1200x675.png 1200w, https:\/\/www.ampeco.com\/content\/uploads\/2023\/03\/complete-ocpp-guide-g-840x473.png 840w, https:\/\/www.ampeco.com\/content\/uploads\/2023\/03\/complete-ocpp-guide-g.png 1536w\" sizes=\"auto, (max-width: 1024px) 100vw, 1024px\" \/><\/a><\/figure><\/div>\n<\/div>\n\n\n\n<div class=\"wp-block-group reveal is-style-section-nds-1100 has-background is-layout-constrained wp-block-group-is-layout-constrained\" style=\"border-radius:var(--spacing-4xl, 32px);overflow:hidden;background-color:#f8fcff\">\n<div class=\"wp-block-media-text has-media-on-the-right is-stacked-on-mobile\"><div class=\"wp-block-media-text__content\">\n<p class=\"is-style-blue-label\" id=\"payment\"><\/p>\n\n\n\n<h2 class=\"wp-block-heading\">Recharge Intelligente : Le Guide de R\u00e9f\u00e9rence<\/h2>\n\n\n\n<p class=\"has-m-font-size\">Le guide complet de la Recharge Intelligente pour le secteur des v\u00e9hicules \u00e9lectriques. D\u00e9couvrez comment fonctionne la Recharge Intelligente, quels en sont les types, les techniques et les niveaux, de m\u00eame que les \u00e9volutions et les d\u00e9veloppements \u00e0 venir.<\/p>\n\n\n\n<div class=\"wp-block-buttons is-layout-flex wp-block-buttons-is-layout-flex\">\n<div class=\"wp-block-button\"><a class=\"wp-block-button__link wp-element-button\" href=\"https:\/\/www.ampeco.com\/guides\/smart-charging\/\">Consultez le guide<\/a><\/div>\n<\/div>\n<\/div><figure class=\"wp-block-media-text__media\"><img loading=\"lazy\" decoding=\"async\" width=\"1024\" height=\"808\" src=\"https:\/\/www.ampeco.com\/content\/uploads\/2022\/10\/smart-charging-techniques-1024x808.png\" alt=\"Techniques de Recharge Intelligente\" class=\"wp-image-14192 size-full\" title=\"\" srcset=\"https:\/\/www.ampeco.com\/content\/uploads\/2022\/10\/smart-charging-techniques-1024x808.png 1024w, https:\/\/www.ampeco.com\/content\/uploads\/2022\/10\/smart-charging-techniques-96x76.png 96w, https:\/\/www.ampeco.com\/content\/uploads\/2022\/10\/smart-charging-techniques-300x237.png 300w, https:\/\/www.ampeco.com\/content\/uploads\/2022\/10\/smart-charging-techniques-768x606.png 768w, https:\/\/www.ampeco.com\/content\/uploads\/2022\/10\/smart-charging-techniques-1536x1213.png 1536w, https:\/\/www.ampeco.com\/content\/uploads\/2022\/10\/smart-charging-techniques-2048x1617.png 2048w, https:\/\/www.ampeco.com\/content\/uploads\/2022\/10\/smart-charging-techniques-330x261.png 330w, https:\/\/www.ampeco.com\/content\/uploads\/2022\/10\/smart-charging-techniques-660x521.png 660w, https:\/\/www.ampeco.com\/content\/uploads\/2022\/10\/smart-charging-techniques-512x404.png 512w, https:\/\/www.ampeco.com\/content\/uploads\/2022\/10\/smart-charging-techniques-600x474.png 600w, https:\/\/www.ampeco.com\/content\/uploads\/2022\/10\/smart-charging-techniques-1200x947.png 1200w, https:\/\/www.ampeco.com\/content\/uploads\/2022\/10\/smart-charging-techniques-840x663.png 840w, https:\/\/www.ampeco.com\/content\/uploads\/2022\/10\/smart-charging-techniques-1680x1326.png 1680w, https:\/\/www.ampeco.com\/content\/uploads\/2022\/10\/smart-charging-techniques-1920x1516.png 1920w\" sizes=\"auto, (max-width: 1024px) 100vw, 1024px\" \/><\/figure><\/div>\n<\/div>\n\n\n\n<div style=\"border-radius:var(--spacing-4xl, 32px);overflow:hidden;\" class=\"wp-block-group is-style-section-nds is-layout-constrained wp-block-group-is-layout-constrained\">\n<h2 class=\"wp-block-heading has-text-align-center\" id=\"resources\" style=\"font-size:30px\"><strong>En savoir plus sur notre Blog<\/strong><\/h2>\n\n\n<style>.wp-block-kadence-spacer.kt-block-spacer-29143_94c558-bf .kt-block-spacer{height:20px;}.wp-block-kadence-spacer.kt-block-spacer-29143_94c558-bf .kt-divider{border-top-width:1px;height:1px;border-top-color:#eee;width:80%;border-top-style:solid;}<\/style>\n<div class=\"wp-block-kadence-spacer aligncenter kt-block-spacer-29143_94c558-bf\"><div class=\"kt-block-spacer kt-block-spacer-halign-center\"><\/div><\/div>\n\n\n\n<div id=\"resources-block_0870b15a10f6bc859367f50bd0f35d25\" class=\"block-resources\">\n\t<div class=\"column_left\">\n\t\t\t\t\t\t\t<ul class=\"cl_list\">\n\t\t\t\t\t\t\t\t\t<li>\n\t\t\t\t\t\t<div class=\"post_image\">\n\t\t\t\t\t\t\t<a href=\"https:\/\/www.ampeco.com\/blog\/future-proof-network-hardware-agnostic-ev-charging-software\/\">\n\t\t\t\t\t\t\t\t<img loading=\"lazy\" decoding=\"async\" width=\"512\" height=\"269\" src=\"https:\/\/www.ampeco.com\/content\/uploads\/2022\/02\/Hardware-Agnostic-ev-charging-software-512x269.png\" class=\"attachment-image-512 size-image-512 wp-post-image\" alt=\"hardware agnostic ev charging software\" srcset=\"https:\/\/www.ampeco.com\/content\/uploads\/2022\/02\/Hardware-Agnostic-ev-charging-software-512x269.png 512w, https:\/\/www.ampeco.com\/content\/uploads\/2022\/02\/Hardware-Agnostic-ev-charging-software-300x158.png 300w, https:\/\/www.ampeco.com\/content\/uploads\/2022\/02\/Hardware-Agnostic-ev-charging-software-768x403.png 768w, https:\/\/www.ampeco.com\/content\/uploads\/2022\/02\/Hardware-Agnostic-ev-charging-software-1024x538.png 1024w, https:\/\/www.ampeco.com\/content\/uploads\/2022\/02\/Hardware-Agnostic-ev-charging-software-96x50.png 96w, https:\/\/www.ampeco.com\/content\/uploads\/2022\/02\/Hardware-Agnostic-ev-charging-software-330x173.png 330w, https:\/\/www.ampeco.com\/content\/uploads\/2022\/02\/Hardware-Agnostic-ev-charging-software-660x347.png 660w, https:\/\/www.ampeco.com\/content\/uploads\/2022\/02\/Hardware-Agnostic-ev-charging-software-600x315.png 600w, https:\/\/www.ampeco.com\/content\/uploads\/2022\/02\/Hardware-Agnostic-ev-charging-software-840x441.png 840w, https:\/\/www.ampeco.com\/content\/uploads\/2022\/02\/Hardware-Agnostic-ev-charging-software.png 1200w\" sizes=\"auto, (max-width: 512px) 100vw, 512px\" title=\"\">\t\t\t\t\t\t\t<\/a>\n\t\t\t\t\t\t<\/div>\n\t\t\t\t\t\t<div class=\"post_content\">\n\t\t\t\t\t\t\t<div class=\"post_info\">\n\t\t\t\t\t\t\t\t<!-- <span class=\"posted-on\"><time class=\"updated\" datetime=\"2022-02-21T16:49:01+00:00\">21 f\u00e9vrier 2022<\/time><\/span> -->\n\t\t\t\t\t\t\t\t<span><a href=\"https:\/\/www.ampeco.com\/fr\/author\/denitsa-gavrilova\/\" rel=\"author\" class=\"fn\">Denitsa Gavrilova<\/a><\/span>\n\t\t\t\t\t\t\t<\/div>\n\t\t\t\t\t\t\t<a class=\"post_name\" href=\"https:\/\/www.ampeco.com\/blog\/future-proof-network-hardware-agnostic-ev-charging-software\/\">\n\t\t\t\t\t\t\t\t<h3>Future-proof your network with hardware-agnostic EV charging software<\/h3>\n\t\t\t\t\t\t\t<\/a>\n\t\t\t\t\t\t<\/div>\n\t\t\t\t\t<\/li>\n\t\t\t\t\t\t\t\t\t<li>\n\t\t\t\t\t\t<div class=\"post_image\">\n\t\t\t\t\t\t\t<a href=\"https:\/\/www.ampeco.com\/blog\/increase-roi-with-dynamic-load-management\/\">\n\t\t\t\t\t\t\t\t<img loading=\"lazy\" decoding=\"async\" width=\"512\" height=\"269\" src=\"https:\/\/www.ampeco.com\/content\/uploads\/2021\/06\/dynamic-load-management-software-solution-logo-512x269.png\" class=\"attachment-image-512 size-image-512 wp-post-image\" alt=\"dynamic load management software solution\" srcset=\"https:\/\/www.ampeco.com\/content\/uploads\/2021\/06\/dynamic-load-management-software-solution-logo-512x269.png 512w, https:\/\/www.ampeco.com\/content\/uploads\/2021\/06\/dynamic-load-management-software-solution-logo-300x158.png 300w, https:\/\/www.ampeco.com\/content\/uploads\/2021\/06\/dynamic-load-management-software-solution-logo-768x403.png 768w, https:\/\/www.ampeco.com\/content\/uploads\/2021\/06\/dynamic-load-management-software-solution-logo-1024x538.png 1024w, https:\/\/www.ampeco.com\/content\/uploads\/2021\/06\/dynamic-load-management-software-solution-logo-96x50.png 96w, https:\/\/www.ampeco.com\/content\/uploads\/2021\/06\/dynamic-load-management-software-solution-logo-330x173.png 330w, https:\/\/www.ampeco.com\/content\/uploads\/2021\/06\/dynamic-load-management-software-solution-logo-660x347.png 660w, https:\/\/www.ampeco.com\/content\/uploads\/2021\/06\/dynamic-load-management-software-solution-logo-600x315.png 600w, https:\/\/www.ampeco.com\/content\/uploads\/2021\/06\/dynamic-load-management-software-solution-logo-840x441.png 840w, https:\/\/www.ampeco.com\/content\/uploads\/2021\/06\/dynamic-load-management-software-solution-logo.png 1200w\" sizes=\"auto, (max-width: 512px) 100vw, 512px\" title=\"\">\t\t\t\t\t\t\t<\/a>\n\t\t\t\t\t\t<\/div>\n\t\t\t\t\t\t<div class=\"post_content\">\n\t\t\t\t\t\t\t<div class=\"post_info\">\n\t\t\t\t\t\t\t\t<!-- <span class=\"posted-on\"><time class=\"updated\" datetime=\"2021-06-02T08:07:46+00:00\">2 juin 2021<\/time><\/span> -->\n\t\t\t\t\t\t\t\t<span><a href=\"https:\/\/www.ampeco.com\/fr\/author\/atanas-zaprianov\/\" rel=\"author\" class=\"fn\">Atanas Zaprianov<\/a><\/span>\n\t\t\t\t\t\t\t<\/div>\n\t\t\t\t\t\t\t<a class=\"post_name\" href=\"https:\/\/www.ampeco.com\/blog\/increase-roi-with-dynamic-load-management\/\">\n\t\t\t\t\t\t\t\t<h3>Dynamic Load Management &#8211; 3 steps to increase the ROI of your EV charging projects<\/h3>\n\t\t\t\t\t\t\t<\/a>\n\t\t\t\t\t\t<\/div>\n\t\t\t\t\t<\/li>\n\t\t\t\t\t\t\t\t\t<li>\n\t\t\t\t\t\t<div class=\"post_image\">\n\t\t\t\t\t\t\t<a href=\"https:\/\/www.ampeco.com\/blog\/ev-charging-api-use-cases\/\">\n\t\t\t\t\t\t\t\t<img loading=\"lazy\" decoding=\"async\" width=\"512\" height=\"269\" src=\"https:\/\/www.ampeco.com\/content\/uploads\/2022\/08\/developer-using-ampeco-api-512x269.png\" class=\"attachment-image-512 size-image-512 wp-post-image\" alt=\"developer using ampeco API\" srcset=\"https:\/\/www.ampeco.com\/content\/uploads\/2022\/08\/developer-using-ampeco-api-512x269.png 512w, https:\/\/www.ampeco.com\/content\/uploads\/2022\/08\/developer-using-ampeco-api-300x158.png 300w, https:\/\/www.ampeco.com\/content\/uploads\/2022\/08\/developer-using-ampeco-api-768x403.png 768w, https:\/\/www.ampeco.com\/content\/uploads\/2022\/08\/developer-using-ampeco-api-1024x538.png 1024w, https:\/\/www.ampeco.com\/content\/uploads\/2022\/08\/developer-using-ampeco-api-96x50.png 96w, https:\/\/www.ampeco.com\/content\/uploads\/2022\/08\/developer-using-ampeco-api-330x173.png 330w, https:\/\/www.ampeco.com\/content\/uploads\/2022\/08\/developer-using-ampeco-api-660x347.png 660w, https:\/\/www.ampeco.com\/content\/uploads\/2022\/08\/developer-using-ampeco-api-600x315.png 600w, https:\/\/www.ampeco.com\/content\/uploads\/2022\/08\/developer-using-ampeco-api-840x441.png 840w, https:\/\/www.ampeco.com\/content\/uploads\/2022\/08\/developer-using-ampeco-api.png 1200w\" sizes=\"auto, (max-width: 512px) 100vw, 512px\" title=\"\">\t\t\t\t\t\t\t<\/a>\n\t\t\t\t\t\t<\/div>\n\t\t\t\t\t\t<div class=\"post_content\">\n\t\t\t\t\t\t\t<div class=\"post_info\">\n\t\t\t\t\t\t\t\t<!-- <span class=\"posted-on\"><time class=\"updated\" datetime=\"2022-08-12T13:04:17+00:00\">12 ao\u00fbt 2022<\/time><\/span> -->\n\t\t\t\t\t\t\t\t<span><a href=\"https:\/\/www.ampeco.com\/fr\/author\/sasha-kostov\/\" rel=\"author\" class=\"fn\">Sasha Kostov<\/a><\/span>\n\t\t\t\t\t\t\t<\/div>\n\t\t\t\t\t\t\t<a class=\"post_name\" href=\"https:\/\/www.ampeco.com\/blog\/ev-charging-api-use-cases\/\">\n\t\t\t\t\t\t\t\t<h3>3 strategic ways to use API to scale your EV charging business<\/h3>\n\t\t\t\t\t\t\t<\/a>\n\t\t\t\t\t\t<\/div>\n\t\t\t\t\t<\/li>\n\t\t\t\t\t\t\t<\/ul>\n\t\t\t<\/div>\n\t<div class=\"column_right\">\n\t\t<h4>Tendances<\/h4>\n\t\t\t\t\t\t\t<ul class=\"cr_list\">\n\t\t\t\t\t\t\t\t\t<li>\n\t\t\t\t\t\t<a href=\"https:\/\/www.ampeco.com\/blog\/6-reasons-to-use-white-label-solution\/\">6 reasons to use a white-label EV charging solution<\/a>\n\t\t\t\t\t<\/li>\n\t\t\t\t\t\t\t\t\t<li>\n\t\t\t\t\t\t<a href=\"\"><\/a>\n\t\t\t\t\t<\/li>\n\t\t\t\t\t\t\t\t\t<li>\n\t\t\t\t\t\t<a href=\"https:\/\/www.ampeco.com\/blog\/energy-performance-of-buildings-directive-ev-charging\/\">What the Energy Performance of Buildings Directive means for EV charging<\/a>\n\t\t\t\t\t<\/li>\n\t\t\t\t\t\t\t\t\t<li>\n\t\t\t\t\t\t<a href=\"https:\/\/www.ampeco.com\/blog\/us-new-ev-charging-action-plan\/\">The US has officially joined the race: a new EV Charging Action Plan<\/a>\n\t\t\t\t\t<\/li>\n\t\t\t\t\t\t\t\t\t<li>\n\t\t\t\t\t\t<a href=\"https:\/\/www.ampeco.com\/blog\/ev-roaming-scaling-charge-point-network\/\">EV Roaming: An Important Key to Scaling Your Charge Point Network<\/a>\n\t\t\t\t\t<\/li>\n\t\t\t\t\t\t\t\t\t<li>\n\t\t\t\t\t\t<a href=\"https:\/\/www.ampeco.com\/blog\/ev-charging-backend-platform-checklist\/\">EV charging backend platform checklist &#8211; 6 most important features to consider<\/a>\n\t\t\t\t\t<\/li>\n\t\t\t\t\t\t\t<\/ul>\n\t\t\t\t\t\t\t\t\t<a class=\"viewmore\" href=\"\/blog\/\">Voir Plus<\/a>\n\t\t\t<\/div>\n<\/div>\n<\/div>\n\n\n\n<div style=\"border-radius:var(--spacing-4xl, 32px);overflow:hidden;\" class=\"wp-block-group is-style-section-nds is-layout-constrained wp-block-group-is-layout-constrained\"><style>.kb-row-layout-id29143_4f2416-c7 > .kt-row-column-wrap{align-content:start;}:where(.kb-row-layout-id29143_4f2416-c7 > .kt-row-column-wrap) > .wp-block-kadence-column{justify-content:start;}.kb-row-layout-id29143_4f2416-c7 > .kt-row-column-wrap{column-gap:var(--global-kb-gap-md, 2rem);row-gap:var(--global-kb-gap-md, 2rem);padding-top:var(--global-kb-spacing-sm, 1.5rem);padding-bottom:var(--global-kb-spacing-sm, 1.5rem);grid-template-columns:minmax(0, 1fr);}.kb-row-layout-id29143_4f2416-c7{border-top-left-radius:2px;border-top-right-radius:2px;border-bottom-right-radius:2px;border-bottom-left-radius:2px;overflow:clip;isolation:isolate;}.kb-row-layout-id29143_4f2416-c7 > .kt-row-layout-overlay{border-top-left-radius:2px;border-top-right-radius:2px;border-bottom-right-radius:2px;border-bottom-left-radius:2px;}.kb-row-layout-id29143_4f2416-c7{background-image:url('https:\/\/www.ampeco.com\/content\/uploads\/2022\/10\/cta-consult.png');background-size:cover;background-position:center center;background-attachment:scroll;background-repeat:no-repeat;}.kb-row-layout-id29143_4f2416-c7 > .kt-row-layout-overlay{opacity:0.30;}@media all and (max-width: 1024px){.kb-row-layout-id29143_4f2416-c7 > .kt-row-column-wrap{grid-template-columns:minmax(0, 1fr);}}@media all and (max-width: 767px){.kb-row-layout-id29143_4f2416-c7 > .kt-row-column-wrap{grid-template-columns:minmax(0, 1fr);}}<\/style><div class=\"kb-row-layout-wrap kb-row-layout-id29143_4f2416-c7 alignnone kt-row-has-bg wp-block-kadence-rowlayout\"><div class=\"kt-row-column-wrap kt-has-1-columns kt-row-layout-equal kt-tab-layout-inherit kt-mobile-layout-row kt-row-valign-top\">\n<style>.kadence-column29143_2dd126-9b > .kt-inside-inner-col,.kadence-column29143_2dd126-9b > .kt-inside-inner-col:before{border-top-left-radius:0px;border-top-right-radius:0px;border-bottom-right-radius:0px;border-bottom-left-radius:0px;}.kadence-column29143_2dd126-9b > .kt-inside-inner-col{column-gap:var(--global-kb-gap-sm, 1rem);}.kadence-column29143_2dd126-9b > .kt-inside-inner-col{flex-direction:column;}.kadence-column29143_2dd126-9b > .kt-inside-inner-col > .aligncenter{width:100%;}.kadence-column29143_2dd126-9b > .kt-inside-inner-col:before{opacity:0.3;}.kadence-column29143_2dd126-9b{position:relative;}@media all and (max-width: 1024px){.kadence-column29143_2dd126-9b > .kt-inside-inner-col{flex-direction:column;justify-content:center;}}@media all and (max-width: 767px){.kadence-column29143_2dd126-9b > .kt-inside-inner-col{flex-direction:column;justify-content:center;}}<\/style>\n<div class=\"wp-block-kadence-column kadence-column29143_2dd126-9b inner-column-1\"><div class=\"kt-inside-inner-col\">\n<div class=\"wp-block-group is-style-section-nds is-layout-constrained wp-block-group-is-layout-constrained\">\n<div class=\"wp-block-group is-style-narrow-content-group is-layout-constrained wp-block-group-is-layout-constrained\">\n<h2 class=\"wp-block-heading has-text-align-center has-white-color has-text-color\">Voir notre plateforme de recharge de v\u00e9hicules \u00e9lectriques en action<\/h2>\n\n\n\n<p class=\"has-text-align-center has-white-color has-text-color\">Prenez rendez-vous pour une d\u00e9mo en direct pour savoir plus sur les capacit\u00e9s de notre plateforme et<br>sur la mani\u00e8re dont nous pouvons l&rsquo;adapter aux besoins de votre entreprise.<\/p>\n<\/div>\n\n\n\n<div style=\"height:48px\" aria-hidden=\"true\" class=\"wp-block-spacer\"><\/div>\n\n\n\n<div class=\"wp-block-buttons is-content-justification-center is-layout-flex wp-container-core-buttons-is-layout-a89b3969 wp-block-buttons-is-layout-flex\">\n<div class=\"wp-block-button\"><a class=\"wp-block-button__link has-bluenew-color has-white-background-color has-text-color has-background wp-element-button\" href=\"https:\/\/www.ampeco.com\/fr\/demo\/\">R\u00c9SERVEZ UNE D\u00c9MO EN DIRECT<\/a><\/div>\n<\/div>\n<\/div>\n<\/div><\/div>\n\n<\/div><\/div>\n\n\n<div class=\"wp-block-group is-layout-constrained wp-block-group-is-layout-constrained\"><\/div>\n<\/div>\n","protected":false},"excerpt":{"rendered":"<p>Ressources en mati\u00e8re de Recharge des v\u00e9hicules \u00e9lectriques D\u00e9couvrez les derni\u00e8res tendances, statistiques, histoires de r\u00e9ussite et bien plus encore sur la recharge des v\u00e9hicules \u00e9lectriques. Points de vue d&rsquo;experts et strat\u00e9gies [&hellip;]<\/p>\n","protected":false},"author":15,"featured_media":18431,"parent":0,"menu_order":0,"comment_status":"closed","ping_status":"closed","template":"template-resources.php","meta":{"_acf_changed":false,"inline_featured_image":false,"footnotes":""},"class_list":["post-29143","page","type-page","status-publish","has-post-thumbnail","hentry"],"acf":[],"_links":{"self":[{"href":"https:\/\/www.ampeco.com\/fr\/wp-json\/wp\/v2\/pages\/29143","targetHints":{"allow":["GET"]}}],"collection":[{"href":"https:\/\/www.ampeco.com\/fr\/wp-json\/wp\/v2\/pages"}],"about":[{"href":"https:\/\/www.ampeco.com\/fr\/wp-json\/wp\/v2\/types\/page"}],"author":[{"embeddable":true,"href":"https:\/\/www.ampeco.com\/fr\/wp-json\/wp\/v2\/users\/15"}],"replies":[{"embeddable":true,"href":"https:\/\/www.ampeco.com\/fr\/wp-json\/wp\/v2\/comments?post=29143"}],"version-history":[{"count":3,"href":"https:\/\/www.ampeco.com\/fr\/wp-json\/wp\/v2\/pages\/29143\/revisions"}],"predecessor-version":[{"id":39804,"href":"https:\/\/www.ampeco.com\/fr\/wp-json\/wp\/v2\/pages\/29143\/revisions\/39804"}],"wp:featuredmedia":[{"embeddable":true,"href":"https:\/\/www.ampeco.com\/fr\/wp-json\/wp\/v2\/media\/18431"}],"wp:attachment":[{"href":"https:\/\/www.ampeco.com\/fr\/wp-json\/wp\/v2\/media?parent=29143"}],"curies":[{"name":"wp","href":"https:\/\/api.w.org\/{rel}","templated":true}]}}