{"id":25767,"date":"2023-06-16T11:49:54","date_gmt":"2023-06-16T11:49:54","guid":{"rendered":"https:\/\/www.ampeco.com\/manuels\/"},"modified":"2023-12-21T12:20:25","modified_gmt":"2023-12-21T12:20:25","slug":"ebooks","status":"publish","type":"page","link":"https:\/\/www.ampeco.com\/fr\/ebooks\/","title":{"rendered":"Ebooks sur l&rsquo;industrie de la recharge des v\u00e9hicules \u00e9lectriques"},"content":{"rendered":"\n<div style=\"border-radius:var(--spacing-4xl, 32px);overflow:hidden;\" class=\"wp-block-group is-style-text-hero-nds has-dark-gradient-gradient-background has-background is-layout-constrained wp-block-group-is-layout-constrained\">\n<h1 class=\"wp-block-heading has-text-align-center reveal_intro has-white-color has-text-color\" id=\"white-label-ev-charging-management-software\">Ebooks sur la recharge des VE<\/h1>\n\n\n\n<p class=\"has-text-align-center reveal_intro has-white-color has-text-color\">Explorez le secteur de la recharge des v\u00e9hicules \u00e9lectriques gr\u00e2ce \u00e0 nos livres \u00e9lectroniques. <br\/>Ces guides interactifs couvrent tous les aspects de la vie, des bases <br\/>aux derni\u00e8res innovations pour satisfaire votre soif de connaissances.<\/p>\n<\/div>\n<style>.wp-block-kadence-spacer.kt-block-spacer-19787_5aa241-da .kt-block-spacer{height:60px;}.wp-block-kadence-spacer.kt-block-spacer-19787_5aa241-da .kt-divider{border-top-width:1px;height:1px;border-top-color:#eee;width:80%;border-top-style:solid;}<\/style>\n<div class=\"wp-block-kadence-spacer aligncenter kt-block-spacer-19787_5aa241-da\"><div class=\"kt-block-spacer kt-block-spacer-halign-center\"><\/div><\/div>\n\n<div style=\"border-radius:var(--spacing-4xl, 32px);overflow:hidden;\" class=\"wp-block-group is-style-default is-layout-constrained wp-block-group-is-layout-constrained\">\n<div class=\"wp-block-columns are-vertically-aligned-center is-layout-flex wp-container-core-columns-is-layout-28f84493 wp-block-columns-is-layout-flex\">\n<div class=\"wp-block-column is-vertically-aligned-center is-layout-flow wp-block-column-is-layout-flow\" style=\"flex-basis:30%\">\n<figure class=\"wp-block-image aligncenter size-large\"><a href=\"https:\/\/www.ampeco.com\/fr\/ebooks\/ve-recharging-business-playbook-us-edition\/\"><img loading=\"lazy\" decoding=\"async\" width=\"1024\" height=\"746\" src=\"https:\/\/www.ampeco.com\/content\/uploads\/2023\/03\/portait-ebook-mockup-the-ev-charging-business-playbook-us-edition-1-1024x746.png\" alt=\"-\" class=\"wp-image-16473\" title=\"\" srcset=\"https:\/\/www.ampeco.com\/content\/uploads\/2023\/03\/portait-ebook-mockup-the-ev-charging-business-playbook-us-edition-1-1024x746.png 1024w, https:\/\/www.ampeco.com\/content\/uploads\/2023\/03\/portait-ebook-mockup-the-ev-charging-business-playbook-us-edition-1-96x70.png 96w, https:\/\/www.ampeco.com\/content\/uploads\/2023\/03\/portait-ebook-mockup-the-ev-charging-business-playbook-us-edition-1-300x219.png 300w, https:\/\/www.ampeco.com\/content\/uploads\/2023\/03\/portait-ebook-mockup-the-ev-charging-business-playbook-us-edition-1-768x560.png 768w, https:\/\/www.ampeco.com\/content\/uploads\/2023\/03\/portait-ebook-mockup-the-ev-charging-business-playbook-us-edition-1-1536x1120.png 1536w, https:\/\/www.ampeco.com\/content\/uploads\/2023\/03\/portait-ebook-mockup-the-ev-charging-business-playbook-us-edition-1-330x241.png 330w, https:\/\/www.ampeco.com\/content\/uploads\/2023\/03\/portait-ebook-mockup-the-ev-charging-business-playbook-us-edition-1-660x481.png 660w, https:\/\/www.ampeco.com\/content\/uploads\/2023\/03\/portait-ebook-mockup-the-ev-charging-business-playbook-us-edition-1-512x373.png 512w, https:\/\/www.ampeco.com\/content\/uploads\/2023\/03\/portait-ebook-mockup-the-ev-charging-business-playbook-us-edition-1-600x437.png 600w, https:\/\/www.ampeco.com\/content\/uploads\/2023\/03\/portait-ebook-mockup-the-ev-charging-business-playbook-us-edition-1-1200x875.png 1200w, https:\/\/www.ampeco.com\/content\/uploads\/2023\/03\/portait-ebook-mockup-the-ev-charging-business-playbook-us-edition-1-840x612.png 840w, https:\/\/www.ampeco.com\/content\/uploads\/2023\/03\/portait-ebook-mockup-the-ev-charging-business-playbook-us-edition-1-1680x1225.png 1680w, https:\/\/www.ampeco.com\/content\/uploads\/2023\/03\/portait-ebook-mockup-the-ev-charging-business-playbook-us-edition-1-1920x1400.png 1920w, https:\/\/www.ampeco.com\/content\/uploads\/2023\/03\/portait-ebook-mockup-the-ev-charging-business-playbook-us-edition-1.png 2000w\" sizes=\"auto, (max-width: 1024px) 100vw, 1024px\" \/><\/a><\/figure>\n<\/div>\n\n\n\n<div class=\"wp-block-column is-vertically-aligned-center is-layout-flow wp-block-column-is-layout-flow\">\n<h3 class=\"wp-block-heading\">Le Guide Pratique pour les Entreprises de Recharge de VE \u2013 en anglais<br\/><mark style=\"background-color:rgba(0, 0, 0, 0)\" class=\"has-inline-color has-secondary-color\">US \u00c9DITION<\/mark><\/h3>\n\n\n\n<p>D\u00e9couvrez le processus \u00e9tape par \u00e9tape permettant aux op\u00e9rateurs de r\u00e9seaux de naviguer facilement sur le march\u00e9 complexe de la recharge des v\u00e9hicules \u00e9lectriques aux \u00c9tats-Unis, de tirer un maximum de profit des possibilit\u00e9s de financement et de lancer une activit\u00e9 prosp\u00e8re.<\/p>\n\n\n\n<div class=\"wp-block-buttons is-layout-flex wp-block-buttons-is-layout-flex\">\n<div class=\"wp-block-button is-style-short-underline-nds\"><a class=\"wp-block-button__link wp-element-button\" href=\"https:\/\/www.ampeco.com\/fr\/ebooks\/ve-recharging-business-playbook-us-edition\/\">T\u00e9l\u00e9chargez l&rsquo;Ebook<\/a><\/div>\n<\/div>\n<\/div>\n<\/div>\n\n\n\n<div class=\"wp-block-group is-layout-constrained wp-block-group-is-layout-constrained\">\n<div style=\"height:30px\" aria-hidden=\"true\" class=\"wp-block-spacer\"><\/div>\n\n\n\n<hr class=\"wp-block-separator has-text-color has-lightbluebg-color has-alpha-channel-opacity has-lightbluebg-background-color has-background is-style-wide\"\/>\n\n\n\n<div style=\"height:30px\" aria-hidden=\"true\" class=\"wp-block-spacer\"><\/div>\n<\/div>\n\n\n\n<div class=\"wp-block-columns are-vertically-aligned-center is-layout-flex wp-container-core-columns-is-layout-28f84493 wp-block-columns-is-layout-flex\">\n<div class=\"wp-block-column is-vertically-aligned-center is-layout-flow wp-block-column-is-layout-flow\" style=\"flex-basis:30%\">\n<figure class=\"wp-block-image aligncenter size-large\"><a href=\"\/fr\/ebooks\/conformite-eichrecht-manuel-essentiel-fournisseurs-chargeurs-de-ve\/\"><img loading=\"lazy\" decoding=\"async\" width=\"1024\" height=\"746\" src=\"https:\/\/www.ampeco.com\/content\/uploads\/2023\/05\/eichrecht-ebook-landscape-1024x746.png\" alt=\"Eichrecht couverture ebook\" class=\"wp-image-19092\" title=\"\" srcset=\"https:\/\/www.ampeco.com\/content\/uploads\/2023\/05\/eichrecht-ebook-landscape-1024x746.png 1024w, https:\/\/www.ampeco.com\/content\/uploads\/2023\/05\/eichrecht-ebook-landscape-300x219.png 300w, https:\/\/www.ampeco.com\/content\/uploads\/2023\/05\/eichrecht-ebook-landscape-768x560.png 768w, https:\/\/www.ampeco.com\/content\/uploads\/2023\/05\/eichrecht-ebook-landscape-1536x1120.png 1536w, https:\/\/www.ampeco.com\/content\/uploads\/2023\/05\/eichrecht-ebook-landscape-96x70.png 96w, https:\/\/www.ampeco.com\/content\/uploads\/2023\/05\/eichrecht-ebook-landscape-330x241.png 330w, https:\/\/www.ampeco.com\/content\/uploads\/2023\/05\/eichrecht-ebook-landscape-660x481.png 660w, https:\/\/www.ampeco.com\/content\/uploads\/2023\/05\/eichrecht-ebook-landscape-512x373.png 512w, https:\/\/www.ampeco.com\/content\/uploads\/2023\/05\/eichrecht-ebook-landscape-600x437.png 600w, https:\/\/www.ampeco.com\/content\/uploads\/2023\/05\/eichrecht-ebook-landscape-1200x875.png 1200w, https:\/\/www.ampeco.com\/content\/uploads\/2023\/05\/eichrecht-ebook-landscape-840x612.png 840w, https:\/\/www.ampeco.com\/content\/uploads\/2023\/05\/eichrecht-ebook-landscape-1680x1225.png 1680w, https:\/\/www.ampeco.com\/content\/uploads\/2023\/05\/eichrecht-ebook-landscape-1920x1400.png 1920w, https:\/\/www.ampeco.com\/content\/uploads\/2023\/05\/eichrecht-ebook-landscape.png 2000w\" sizes=\"auto, (max-width: 1024px) 100vw, 1024px\" \/><\/a><\/figure>\n<\/div>\n\n\n\n<div class=\"wp-block-column is-vertically-aligned-center is-layout-flow wp-block-column-is-layout-flow\">\n<h3 class=\"wp-block-heading\">Conformit\u00e9 \u00e0 l\u2019Eichrecht : Le manuel essentiel pour les prestataires de services de recharge pour VE (en anglais)<\/h3>\n\n\n\n<p>Obtenez des connaissances pr\u00e9cieuses sur les r\u00e9glementations Eichrecht et leur impact sur votre activit\u00e9 de recharge de v\u00e9hicules \u00e9lectriques en Allemagne. Apprenez comment se conformer aux lois sur l&rsquo;\u00e9talonnage et la tarification gr\u00e2ce \u00e0 notre guide complet.<\/p>\n\n\n\n<div class=\"wp-block-buttons is-layout-flex wp-block-buttons-is-layout-flex\">\n<div class=\"wp-block-button is-style-short-underline-nds\"><a class=\"wp-block-button__link wp-element-button\" href=\"\/fr\/ebooks\/conformite-eichrecht-manuel-essentiel-fournisseurs-chargeurs-de-ve\/\">T\u00e9l\u00e9chargez l&rsquo;Ebook<\/a><\/div>\n<\/div>\n<\/div>\n<\/div>\n\n\n\n<div class=\"wp-block-group is-layout-constrained wp-block-group-is-layout-constrained\">\n<div style=\"height:30px\" aria-hidden=\"true\" class=\"wp-block-spacer\"><\/div>\n\n\n\n<hr class=\"wp-block-separator has-text-color has-lightbluebg-color has-alpha-channel-opacity has-lightbluebg-background-color has-background is-style-wide\"\/>\n\n\n\n<div style=\"height:30px\" aria-hidden=\"true\" class=\"wp-block-spacer\"><\/div>\n<\/div>\n\n\n\n<div class=\"wp-block-columns are-vertically-aligned-center is-layout-flex wp-container-core-columns-is-layout-28f84493 wp-block-columns-is-layout-flex\">\n<div class=\"wp-block-column is-vertically-aligned-center is-layout-flow wp-block-column-is-layout-flow\" style=\"flex-basis:30%\">\n<figure class=\"wp-block-image aligncenter size-full\"><a href=\"https:\/\/www.ampeco.com\/fr\/ebooks\/vue-densemble-de-la-plateforme\/\"><img loading=\"lazy\" decoding=\"async\" width=\"1000\" height=\"729\" src=\"https:\/\/www.ampeco.com\/content\/uploads\/2023\/03\/portait-ebook-mockup-platform-overview.png\" alt=\"-\" class=\"wp-image-16476\" title=\"\" srcset=\"https:\/\/www.ampeco.com\/content\/uploads\/2023\/03\/portait-ebook-mockup-platform-overview.png 1000w, https:\/\/www.ampeco.com\/content\/uploads\/2023\/03\/portait-ebook-mockup-platform-overview-96x70.png 96w, https:\/\/www.ampeco.com\/content\/uploads\/2023\/03\/portait-ebook-mockup-platform-overview-300x219.png 300w, https:\/\/www.ampeco.com\/content\/uploads\/2023\/03\/portait-ebook-mockup-platform-overview-768x560.png 768w, https:\/\/www.ampeco.com\/content\/uploads\/2023\/03\/portait-ebook-mockup-platform-overview-330x241.png 330w, https:\/\/www.ampeco.com\/content\/uploads\/2023\/03\/portait-ebook-mockup-platform-overview-660x481.png 660w, https:\/\/www.ampeco.com\/content\/uploads\/2023\/03\/portait-ebook-mockup-platform-overview-512x373.png 512w, https:\/\/www.ampeco.com\/content\/uploads\/2023\/03\/portait-ebook-mockup-platform-overview-600x437.png 600w, https:\/\/www.ampeco.com\/content\/uploads\/2023\/03\/portait-ebook-mockup-platform-overview-840x612.png 840w\" sizes=\"auto, (max-width: 1000px) 100vw, 1000px\" \/><\/a><\/figure>\n<\/div>\n\n\n\n<div class=\"wp-block-column is-vertically-aligned-center is-layout-flow wp-block-column-is-layout-flow\">\n<h3 class=\"wp-block-heading\">Vue d\u2019ensemble de la plateforme AMPECO<\/h3>\n\n\n\n<p>Apprenez \u00e0 g\u00e9rer un r\u00e9seau de recharge de v\u00e9hicules \u00e9lectriques \u00e0 la fois fiable et rentable gr\u00e2ce aux fonctionnalit\u00e9s du logiciel de recharge de la plateforme AMPECO.<\/p>\n\n\n\n<div class=\"wp-block-buttons is-layout-flex wp-block-buttons-is-layout-flex\">\n<div class=\"wp-block-button is-style-short-underline-nds\"><a class=\"wp-block-button__link wp-element-button\" href=\"https:\/\/www.ampeco.com\/fr\/ebooks\/vue-densemble-de-la-plateforme\/\">T\u00e9l\u00e9chargez l&rsquo;Ebook<\/a><\/div>\n<\/div>\n<\/div>\n<\/div>\n\n\n\n<div class=\"wp-block-group is-layout-constrained wp-block-group-is-layout-constrained\">\n<div style=\"height:30px\" aria-hidden=\"true\" class=\"wp-block-spacer\"><\/div>\n\n\n\n<hr class=\"wp-block-separator has-text-color has-lightbluebg-color has-alpha-channel-opacity has-lightbluebg-background-color has-background is-style-wide\"\/>\n\n\n\n<div style=\"height:30px\" aria-hidden=\"true\" class=\"wp-block-spacer\"><\/div>\n<\/div>\n\n\n\n<div class=\"wp-block-columns are-vertically-aligned-center is-layout-flex wp-container-core-columns-is-layout-28f84493 wp-block-columns-is-layout-flex\">\n<div class=\"wp-block-column is-vertically-aligned-center is-layout-flow wp-block-column-is-layout-flow\" style=\"flex-basis:30%\">\n<figure class=\"wp-block-image aligncenter size-full\"><a href=\"\/fr\/ebooks\/ebook-les-10-fonctionnalites-que-votre-logiciel-de-gestion-de-charge-doit-avoir\/\"><img loading=\"lazy\" decoding=\"async\" width=\"1000\" height=\"729\" src=\"https:\/\/www.ampeco.com\/content\/uploads\/2023\/03\/portait-ebook-mockup-10-features-yuor-ev-charging-managmenet-software-must-have.png\" alt=\"Les 10 indispensables pour votre logiciel de supervision de recharge\" class=\"wp-image-16474\" title=\"\" srcset=\"https:\/\/www.ampeco.com\/content\/uploads\/2023\/03\/portait-ebook-mockup-10-features-yuor-ev-charging-managmenet-software-must-have.png 1000w, https:\/\/www.ampeco.com\/content\/uploads\/2023\/03\/portait-ebook-mockup-10-features-yuor-ev-charging-managmenet-software-must-have-96x70.png 96w, https:\/\/www.ampeco.com\/content\/uploads\/2023\/03\/portait-ebook-mockup-10-features-yuor-ev-charging-managmenet-software-must-have-300x219.png 300w, https:\/\/www.ampeco.com\/content\/uploads\/2023\/03\/portait-ebook-mockup-10-features-yuor-ev-charging-managmenet-software-must-have-768x560.png 768w, https:\/\/www.ampeco.com\/content\/uploads\/2023\/03\/portait-ebook-mockup-10-features-yuor-ev-charging-managmenet-software-must-have-330x241.png 330w, https:\/\/www.ampeco.com\/content\/uploads\/2023\/03\/portait-ebook-mockup-10-features-yuor-ev-charging-managmenet-software-must-have-660x481.png 660w, https:\/\/www.ampeco.com\/content\/uploads\/2023\/03\/portait-ebook-mockup-10-features-yuor-ev-charging-managmenet-software-must-have-512x373.png 512w, https:\/\/www.ampeco.com\/content\/uploads\/2023\/03\/portait-ebook-mockup-10-features-yuor-ev-charging-managmenet-software-must-have-600x437.png 600w, https:\/\/www.ampeco.com\/content\/uploads\/2023\/03\/portait-ebook-mockup-10-features-yuor-ev-charging-managmenet-software-must-have-840x612.png 840w\" sizes=\"auto, (max-width: 1000px) 100vw, 1000px\" \/><\/a><\/figure>\n<\/div>\n\n\n\n<div class=\"wp-block-column is-vertically-aligned-center is-layout-flow wp-block-column-is-layout-flow\">\n<h3 class=\"wp-block-heading\">Les 10 indispensables pour votre logiciel de supervision de recharge (en anglais)<\/h3>\n\n\n\n<p>D\u00e9couvrez en d\u00e9tail les fonctionnalit\u00e9s essentielles du logiciel et la mani\u00e8re dont vous pouvez couvrir toutes les strat\u00e9gies de recharge des v\u00e9hicules \u00e9lectriques \u00e0 partir d&rsquo;une seule plateforme. Prenez d\u00e8s \u00e0 pr\u00e9sent connaissance de ce document pour vous donner les moyens de r\u00e9ussir.<\/p>\n\n\n\n<div class=\"wp-block-buttons is-layout-flex wp-block-buttons-is-layout-flex\">\n<div class=\"wp-block-button is-style-short-underline-nds\"><a class=\"wp-block-button__link wp-element-button\" href=\"\/fr\/ebooks\/ebook-les-10-fonctionnalites-que-votre-logiciel-de-gestion-de-charge-doit-avoir\/\">T\u00e9l\u00e9chargez l&rsquo;Ebook<\/a><\/div>\n<\/div>\n<\/div>\n<\/div>\n\n\n\n<div class=\"wp-block-group is-layout-constrained wp-block-group-is-layout-constrained\">\n<div style=\"height:30px\" aria-hidden=\"true\" class=\"wp-block-spacer\"><\/div>\n\n\n\n<hr class=\"wp-block-separator has-text-color has-lightbluebg-color has-alpha-channel-opacity has-lightbluebg-background-color has-background is-style-wide\"\/>\n\n\n\n<div style=\"height:30px\" aria-hidden=\"true\" class=\"wp-block-spacer\"><\/div>\n<\/div>\n\n\n\n<div class=\"wp-block-columns are-vertically-aligned-center is-layout-flex wp-container-core-columns-is-layout-28f84493 wp-block-columns-is-layout-flex\">\n<div class=\"wp-block-column is-vertically-aligned-center is-layout-flow wp-block-column-is-layout-flow\" style=\"flex-basis:30%\">\n<figure class=\"wp-block-image aligncenter size-full\"><a href=\"https:\/\/www.ampeco.com\/fr\/ebooks\/ebook-recharge-domicile\/\"><img loading=\"lazy\" decoding=\"async\" width=\"1000\" height=\"729\" src=\"https:\/\/www.ampeco.com\/content\/uploads\/2023\/03\/portait-ebook-mockup-home-charging.png\" alt=\"-\" class=\"wp-image-16475\" title=\"\" srcset=\"https:\/\/www.ampeco.com\/content\/uploads\/2023\/03\/portait-ebook-mockup-home-charging.png 1000w, https:\/\/www.ampeco.com\/content\/uploads\/2023\/03\/portait-ebook-mockup-home-charging-96x70.png 96w, https:\/\/www.ampeco.com\/content\/uploads\/2023\/03\/portait-ebook-mockup-home-charging-300x219.png 300w, https:\/\/www.ampeco.com\/content\/uploads\/2023\/03\/portait-ebook-mockup-home-charging-768x560.png 768w, https:\/\/www.ampeco.com\/content\/uploads\/2023\/03\/portait-ebook-mockup-home-charging-330x241.png 330w, https:\/\/www.ampeco.com\/content\/uploads\/2023\/03\/portait-ebook-mockup-home-charging-660x481.png 660w, https:\/\/www.ampeco.com\/content\/uploads\/2023\/03\/portait-ebook-mockup-home-charging-512x373.png 512w, https:\/\/www.ampeco.com\/content\/uploads\/2023\/03\/portait-ebook-mockup-home-charging-600x437.png 600w, https:\/\/www.ampeco.com\/content\/uploads\/2023\/03\/portait-ebook-mockup-home-charging-840x612.png 840w\" sizes=\"auto, (max-width: 1000px) 100vw, 1000px\" \/><\/a><\/figure>\n<\/div>\n\n\n\n<div class=\"wp-block-column is-vertically-aligned-center is-layout-flow wp-block-column-is-layout-flow\">\n<h3 class=\"wp-block-heading\">Comment d\u00e9velopper votre activit\u00e9 de recharge de VE gr\u00e2ce \u00e0 un logiciel de recharge \u00e0 domicile (en anglais)<\/h3>\n\n\n\n<p>Examinez de plus pr\u00e8s le march\u00e9 de la recharge \u00e0 domicile, les mod\u00e8les potentiels pour votre entreprise et les outils dont vous avez besoin pour cr\u00e9er un r\u00e9seau de recharge \u00e0 domicile prosp\u00e8re.<\/p>\n\n\n\n<div class=\"wp-block-buttons is-layout-flex wp-block-buttons-is-layout-flex\">\n<div class=\"wp-block-button is-style-short-underline-nds\"><a class=\"wp-block-button__link wp-element-button\" href=\"https:\/\/www.ampeco.com\/fr\/ebooks\/ebook-recharge-domicile\/\">T\u00e9l\u00e9chargez l&rsquo;Ebook<\/a><\/div>\n<\/div>\n<\/div>\n<\/div>\n<\/div>\n<style>.wp-block-kadence-spacer.kt-block-spacer-19787_bac622-a6 .kt-block-spacer{height:60px;}.wp-block-kadence-spacer.kt-block-spacer-19787_bac622-a6 .kt-divider{border-top-width:1px;height:1px;border-top-color:#eee;width:80%;border-top-style:solid;}<\/style>\n<div class=\"wp-block-kadence-spacer aligncenter kt-block-spacer-19787_bac622-a6\"><div class=\"kt-block-spacer kt-block-spacer-halign-center\"><\/div><\/div>\n\n<div style=\"border-radius:var(--spacing-4xl, 32px);overflow:hidden;\" class=\"wp-block-group is-style-default has-light-gradient-gradient-background has-background is-layout-constrained wp-block-group-is-layout-constrained\"><style>.kb-row-layout-id13490_d74607-28 > .kt-row-column-wrap{align-content:center;}:where(.kb-row-layout-id13490_d74607-28 > .kt-row-column-wrap) > .wp-block-kadence-column{justify-content:center;}.kb-row-layout-id13490_d74607-28 > .kt-row-column-wrap{column-gap:var(--global-kb-gap-md, 2rem);row-gap:var(--global-kb-gap-md, 2rem);padding-top:0px;padding-bottom:0px;grid-template-columns:repeat(2, minmax(0, 1fr));}.kb-row-layout-id13490_d74607-28 > .kt-row-layout-overlay{opacity:0.30;}@media all and (max-width: 1024px){.kb-row-layout-id13490_d74607-28 > .kt-row-column-wrap{grid-template-columns:repeat(2, minmax(0, 1fr));}}@media all and (max-width: 767px){.kb-row-layout-id13490_d74607-28 > .kt-row-column-wrap{grid-template-columns:minmax(0, 1fr);}}<\/style><div class=\"kb-row-layout-wrap kb-row-layout-id13490_d74607-28 alignnone wp-block-kadence-rowlayout\"><div class=\"kt-row-column-wrap kt-has-2-columns kt-row-layout-equal kt-tab-layout-inherit kt-mobile-layout-row kt-row-valign-middle\">\n<style>.kadence-column13490_378112-29 > .kt-inside-inner-col,.kadence-column13490_378112-29 > .kt-inside-inner-col:before{border-top-left-radius:0px;border-top-right-radius:0px;border-bottom-right-radius:0px;border-bottom-left-radius:0px;}.kadence-column13490_378112-29 > .kt-inside-inner-col{column-gap:var(--global-kb-gap-sm, 1rem);}.kadence-column13490_378112-29 > .kt-inside-inner-col{flex-direction:column;}.kadence-column13490_378112-29 > .kt-inside-inner-col > .aligncenter{width:100%;}.kadence-column13490_378112-29 > .kt-inside-inner-col:before{opacity:0.3;}.kadence-column13490_378112-29{position:relative;}@media all and (max-width: 1024px){.kadence-column13490_378112-29 > .kt-inside-inner-col{flex-direction:column;justify-content:center;}}@media all and (max-width: 767px){.kadence-column13490_378112-29 > .kt-inside-inner-col{flex-direction:column;justify-content:center;}}<\/style>\n<div class=\"wp-block-kadence-column kadence-column13490_378112-29 inner-column-1\"><div class=\"kt-inside-inner-col\">\n<h2 class=\"wp-block-heading\">Book EV Charging Consultation<\/h2>\n\n\n\n<p class=\"has-m-font-size\">Our e-mobility experts are ready to answer all your questions about EV charging software and hardware.<br><br>Let\u2019s talk about your business case, software features you are curious about, or how we can help you start and grow your EV business.<\/p>\n\n\n\n<div class=\"wp-block-buttons is-style-top-spacing is-layout-flex wp-block-buttons-is-layout-flex\">\n<div class=\"wp-block-button ga4-consultation-last\"><a class=\"wp-block-button__link wp-element-button\" href=\"https:\/\/www.ampeco.com\/book-ev-charging-consultation\/\">BOOK A CONSULTATION<\/a><\/div>\n<\/div>\n<\/div><\/div>\n\n\n<style>.kadence-column13490_1de280-22 > .kt-inside-inner-col,.kadence-column13490_1de280-22 > .kt-inside-inner-col:before{border-top-left-radius:0px;border-top-right-radius:0px;border-bottom-right-radius:0px;border-bottom-left-radius:0px;}.kadence-column13490_1de280-22 > .kt-inside-inner-col{column-gap:var(--global-kb-gap-sm, 1rem);}.kadence-column13490_1de280-22 > .kt-inside-inner-col{flex-direction:column;}.kadence-column13490_1de280-22 > .kt-inside-inner-col > .aligncenter{width:100%;}.kadence-column13490_1de280-22 > .kt-inside-inner-col:before{opacity:0.3;}.kadence-column13490_1de280-22{position:relative;}@media all and (max-width: 1024px){.kadence-column13490_1de280-22 > .kt-inside-inner-col{flex-direction:column;justify-content:center;}}@media all and (max-width: 767px){.kadence-column13490_1de280-22 > .kt-inside-inner-col{flex-direction:column;justify-content:center;}}<\/style>\n<div class=\"wp-block-kadence-column kadence-column13490_1de280-22 inner-column-2\"><div class=\"kt-inside-inner-col\">\n<figure class=\"wp-block-image size-large no-mr-bot\"><img loading=\"lazy\" decoding=\"async\" width=\"971\" height=\"1024\" src=\"https:\/\/www.ampeco.com\/content\/uploads\/2022\/10\/experts@2x-971x1024.png\" alt=\"-\" class=\"wp-image-11517\" title=\"\" srcset=\"https:\/\/www.ampeco.com\/content\/uploads\/2022\/10\/experts@2x-971x1024.png 971w, https:\/\/www.ampeco.com\/content\/uploads\/2022\/10\/experts@2x-96x101.png 96w, https:\/\/www.ampeco.com\/content\/uploads\/2022\/10\/experts@2x-284x300.png 284w, https:\/\/www.ampeco.com\/content\/uploads\/2022\/10\/experts@2x-768x810.png 768w, https:\/\/www.ampeco.com\/content\/uploads\/2022\/10\/experts@2x-330x348.png 330w, https:\/\/www.ampeco.com\/content\/uploads\/2022\/10\/experts@2x-660x696.png 660w, https:\/\/www.ampeco.com\/content\/uploads\/2022\/10\/experts@2x-512x540.png 512w, https:\/\/www.ampeco.com\/content\/uploads\/2022\/10\/experts@2x-1024x1080.png 1024w, https:\/\/www.ampeco.com\/content\/uploads\/2022\/10\/experts@2x-600x633.png 600w, https:\/\/www.ampeco.com\/content\/uploads\/2022\/10\/experts@2x-840x886.png 840w, https:\/\/www.ampeco.com\/content\/uploads\/2022\/10\/experts@2x.png 1200w\" sizes=\"auto, (max-width: 971px) 100vw, 971px\" \/><\/figure>\n<\/div><\/div>\n\n<\/div><\/div><\/div>\n","protected":false},"excerpt":{"rendered":"<p>Ebooks sur la recharge des VE Explorez le secteur de la recharge des v\u00e9hicules \u00e9lectriques gr\u00e2ce \u00e0 nos livres \u00e9lectroniques. Ces guides interactifs couvrent tous les aspects de la vie, des bases [&hellip;]<\/p>\n","protected":false},"author":15,"featured_media":0,"parent":0,"menu_order":0,"comment_status":"closed","ping_status":"closed","template":"","meta":{"_acf_changed":false,"inline_featured_image":false,"footnotes":""},"class_list":["post-25767","page","type-page","status-publish","hentry"],"acf":[],"_links":{"self":[{"href":"https:\/\/www.ampeco.com\/fr\/wp-json\/wp\/v2\/pages\/25767","targetHints":{"allow":["GET"]}}],"collection":[{"href":"https:\/\/www.ampeco.com\/fr\/wp-json\/wp\/v2\/pages"}],"about":[{"href":"https:\/\/www.ampeco.com\/fr\/wp-json\/wp\/v2\/types\/page"}],"author":[{"embeddable":true,"href":"https:\/\/www.ampeco.com\/fr\/wp-json\/wp\/v2\/users\/15"}],"replies":[{"embeddable":true,"href":"https:\/\/www.ampeco.com\/fr\/wp-json\/wp\/v2\/comments?post=25767"}],"version-history":[{"count":10,"href":"https:\/\/www.ampeco.com\/fr\/wp-json\/wp\/v2\/pages\/25767\/revisions"}],"predecessor-version":[{"id":29042,"href":"https:\/\/www.ampeco.com\/fr\/wp-json\/wp\/v2\/pages\/25767\/revisions\/29042"}],"wp:attachment":[{"href":"https:\/\/www.ampeco.com\/fr\/wp-json\/wp\/v2\/media?parent=25767"}],"curies":[{"name":"wp","href":"https:\/\/api.w.org\/{rel}","templated":true}]}}