{"id":44730,"date":"2024-12-19T15:49:19","date_gmt":"2024-12-19T15:49:19","guid":{"rendered":"https:\/\/www.ampeco.com\/ev-charging-glossary\/eichrecht\/"},"modified":"2025-05-20T07:29:07","modified_gmt":"2025-05-20T07:29:07","slug":"eichrecht","status":"publish","type":"glossary","link":"https:\/\/www.ampeco.com\/fr\/ev-charging-glossary\/eichrecht\/","title":{"rendered":"Eichrecht"},"content":{"rendered":"\n<h2 class=\"wp-block-heading\">Qu\u2019est-ce que l\u2019Eichrecht ?<\/h2>\n\n\n\n<p>La loi sur la m\u00e9trologie et l\u2019\u00e9talonnage, appel\u00e9e <a href=\"https:\/\/www.ampeco.com\/ebooks\/eichrecht-compliance-essential-handbook-ev-charging-providers-ebook\/\">Eichrecht<\/a>, fait partie du droit <strong>allemand de la m\u00e9trologie (Mess- und Eichgesetz, ou MessEG)<\/strong>. Cette l\u00e9gislation r\u00e9git l\u2019\u00e9talonnage appropri\u00e9 des dispositifs de mesure, y compris ceux utilis\u00e9s dans les bornes de recharge pour v\u00e9hicules \u00e9lectriques. Elle stipule que le compteur de kWh doit \u00eatre visible pour le conducteur de VE afin de garantir une mesure pr\u00e9cise et transparente de la consommation d\u2019\u00e9lectricit\u00e9. La loi Eichrecht inclut \u00e9galement des r\u00e8gles de conformit\u00e9, telles que la v\u00e9rification du stockage des donn\u00e9es et leur accessibilit\u00e9 pour le consommateur final.<\/p>\n\n\n\n<p>L\u2019<em>Eichrecht<\/em> garantit que les consommateurs paient de mani\u00e8re \u00e9quitable et pr\u00e9cise l\u2019\u00e9lectricit\u00e9 qu\u2019ils consomment, en particulier sur les bornes de recharge publiques pour v\u00e9hicules \u00e9lectriques. Le respect de cette r\u00e9glementation est obligatoire pour les op\u00e9rateurs en Allemagne souhaitant proposer des services de recharge. Ces informations doivent \u00e9galement \u00eatre accessibles via l\u2019application du fournisseur de mobilit\u00e9 \u00e9lectrique (EMP).<\/p>\n\n\n\n<h2 class=\"wp-block-heading\">Les r\u00e9glementations Eichrecht ont un impact sur trois aspects essentiels de la recharge publique et semi-publique\u202f:<\/h2>\n\n\n\n<ul class=\"is-style-list-nds wp-block-list\">\n<li><strong>Mesure<\/strong> \u2013 le client doit pouvoir v\u00e9rifier l\u2019affichage du relev\u00e9 en kWh sur la borne de recharge, que ce soit via un \u00e9cran ou le compteur physique de kWh. Conform\u00e9ment \u00e0 l\u2019Eichrecht, le compteur doit \u00eatre officiellement enregistr\u00e9 et \u00e9talonn\u00e9 p\u00e9riodiquement.<br><\/li>\n\n\n\n<li><strong>S\u00e9curit\u00e9 des donn\u00e9es<\/strong> \u2013 le flux de donn\u00e9es allant du point de charge vers le syst\u00e8me back-end doit \u00eatre s\u00e9curis\u00e9 et conforme. Les signatures num\u00e9riques reposent sur la cryptographie asym\u00e9trique, qui utilise une paire de cl\u00e9s priv\u00e9e\/publique. Ce syst\u00e8me garantit une communication s\u00e9curis\u00e9e et la validation des transactions.<br><\/li>\n\n\n\n<li><strong>Tarification<\/strong> \u2013 selon les r\u00e9glementations Eichrecht, les tarifs de recharge des v\u00e9hicules \u00e9lectriques doivent \u00eatre calcul\u00e9s exclusivement sur la base de la consommation en kWh. Les frais bas\u00e9s sur le temps ou les forfaits par session sont interdits en tant que frais de recharge principaux. En revanche, des frais tels que ceux li\u00e9s \u00e0 la dur\u00e9e de stationnement ou \u00e0 l\u2019initiation de session sont autoris\u00e9s. Ces frais suppl\u00e9mentaires doivent \u00eatre indiqu\u00e9s s\u00e9par\u00e9ment de la consommation en kWh sur la facture, afin de garantir la transparence de la facturation.<\/li>\n<\/ul>\n\n\n\n<h2 class=\"wp-block-heading\">Quel est l\u2019impact de l\u2019Eichrecht sur la recharge des VE ?<\/h2>\n\n\n\n<p>Les exigences de l\u2019Eichrecht pour les bornes de recharge pour v\u00e9hicules \u00e9lectriques sont entr\u00e9es en vigueur en Allemagne en avril 2019. \u00c0 partir de cette date, toutes les nouvelles bornes de recharge, qu\u2019elles soient en courant continu (DC) ou en courant alternatif (AC), devaient se conformer \u00e0 cette r\u00e9glementation.<\/p>\n\n\n\n<p>Cependant, une p\u00e9riode transitoire a \u00e9t\u00e9 pr\u00e9vue pour les bornes d\u00e9j\u00e0 install\u00e9es. La loi autorisait les bornes mises en service avant avril 2019 \u00e0 continuer de fonctionner jusqu\u2019en avril 2023 sans devoir r\u00e9pondre aux nouvelles exigences.<\/p>\n\n\n\n<h2 class=\"wp-block-heading\">Comment l\u2019Eichrecht est-il encadr\u00e9 ?<\/h2>\n\n\n\n<p>Le d\u00e9cret sur la m\u00e9trologie et la v\u00e9rification (Mess- und Eichverordnung \/ MessEV) d\u00e9finit les lignes directrices et les normes \u00e0 suivre pour assurer la conformit\u00e9 \u00e0 la r\u00e9glementation Eichrecht. L\u2019Institut national de m\u00e9trologie d\u2019Allemagne (PTB) est responsable des essais de type et des proc\u00e9dures d\u2019approbation des mod\u00e8les afin de garantir cette conformit\u00e9. Pour assurer la surveillance du march\u00e9, le PTB a d\u00e9sign\u00e9 16 bureaux de contr\u00f4le locaux, un dans chaque Land, qui travaillent en coordination avec les organismes d\u2019inspection locaux.<\/p>\n\n\n\n<h2 class=\"wp-block-heading\">Quels sont les principaux avantages de l\u2019Eichrecht pour les conducteurs de VE ?<\/h2>\n\n\n\n<ul class=\"is-style-list-nds wp-block-list\">\n<li><strong>Mesure et facturation \u00e9quitables<\/strong> \u2013 L\u2019objectif est de prot\u00e9ger les consommateurs contre les surfacturations ou les incoh\u00e9rences de tarification.<br><\/li>\n\n\n\n<li><strong>Mat\u00e9riel et logiciel certifi\u00e9s<\/strong> \u2013 Le logiciel de la borne de recharge doit permettre aux utilisateurs d\u2019acc\u00e9der \u00e0 des informations d\u00e9taill\u00e9es sur leur facturation.<br><\/li>\n\n\n\n<li><strong>Acc\u00e8s transparent aux donn\u00e9es<\/strong> \u2013 Les utilisateurs doivent pouvoir v\u00e9rifier ces informations, g\u00e9n\u00e9ralement via un \u00e9cran, un re\u00e7u ou une interface num\u00e9rique.<br><\/li>\n\n\n\n<li><strong>Applicabilit\u00e9<\/strong> \u2013 Principalement appliqu\u00e9 en Allemagne, mais les principes de l\u2019Eichrecht influencent d\u2019autres march\u00e9s europ\u00e9ens.<br><\/li>\n<\/ul>\n\n\n\n<h2 class=\"wp-block-heading\">Cas d\u2019usage de conformit\u00e9 \u00e0 l\u2019Eichrecht<\/h2>\n\n\n\n<ul class=\"is-style-list-nds wp-block-list\">\n<li><strong>Recharge \u00e0 domicile avec remboursement<\/strong> \u2013 Les entreprises qui proposent des solutions de recharge \u00e0 domicile \u00e0 leurs employ\u00e9s doivent s\u2019assurer que la recharge se fait sur des bornes \u00e9quip\u00e9es de compteurs certifi\u00e9s MID.<br><\/li>\n\n\n\n<li><strong>Recharge sur le lieu de travail<\/strong> \u2013 Si les employ\u00e9s rechargent gratuitement sur leur lieu de travail, la conformit\u00e9 \u00e0 l\u2019Eichrecht n\u2019est pas requise. La loi ne s\u2019applique qu\u2019aux sessions payantes.<br><\/li>\n\n\n\n<li><strong>Recharge publique et semi-publique<\/strong> \u2013 Toutes les bornes de recharge publiques et semi-publiques doivent \u00eatre conformes aux r\u00e9glementations Eichrecht.<\/li>\n<\/ul>\n\n\n\n<h2 class=\"wp-block-heading\">Quel est l\u2019impact de l\u2019Eichrecht sur les parties prenantes de la recharge pour VE ?<\/h2>\n\n\n\n<ul class=\"is-style-list-nds wp-block-list\">\n<li><strong>CPO (op\u00e9rateurs de points de charge)<\/strong>\u202f: Ils doivent installer des bornes de recharge conformes aux r\u00e9glementations Eichrecht. Cela implique du mat\u00e9riel certifi\u00e9 avec des relev\u00e9s de kWh v\u00e9rifiables, ainsi que des m\u00e9canismes permettant de fournir des donn\u00e9es de recharge transparentes aux utilisateurs.<br><\/li>\n\n\n\n<li><strong>eMSP (fournisseurs de services de mobilit\u00e9 \u00e9lectrique)<\/strong>\u202f: Ils doivent int\u00e9grer les donn\u00e9es conformes \u00e0 l\u2019Eichrecht dans leurs plateformes, afin de permettre aux utilisateurs de valider les d\u00e9tails des sessions de recharge, comme l\u2019\u00e9nergie consomm\u00e9e et la tarification.<br><\/li>\n\n\n\n<li><strong>Fabricants<\/strong>\u202f: Les fabricants de bornes doivent concevoir des \u00e9quipements conformes aux normes Eichrecht, int\u00e9grant des compteurs d\u2019\u00e9nergie pr\u00e9cis et des dispositifs de transmission de donn\u00e9es s\u00e9curis\u00e9s.<br><\/li>\n\n\n\n<li><strong>Consommateurs<\/strong>\u202f: Les conducteurs de VE b\u00e9n\u00e9ficient d\u2019une confiance renforc\u00e9e dans le processus de recharge, car ils peuvent v\u00e9rifier l\u2019\u00e9nergie consomm\u00e9e, les valeurs de d\u00e9but de session et les co\u00fbts associ\u00e9s via des interfaces ind\u00e9pendantes.<br><\/li>\n\n\n\n<li><strong>R\u00e9gulateurs<\/strong>\u202f: Ils supervisent la conformit\u00e9 des diff\u00e9rentes parties prenantes, en veillant \u00e0 ce que les pratiques de mesure et de facturation respectent les normes l\u00e9gales pour prot\u00e9ger les droits des consommateurs.<\/li>\n<\/ul>\n","protected":false},"author":65,"featured_media":41491,"template":"","glossary_category":[624],"glossary_tag":[639],"class_list":["post-44730","glossary","type-glossary","status-publish","has-post-thumbnail","hentry","glossary_category-protocoles-et-normes-de-recharge"],"acf":[],"_links":{"self":[{"href":"https:\/\/www.ampeco.com\/fr\/wp-json\/wp\/v2\/glossary\/44730","targetHints":{"allow":["GET"]}}],"collection":[{"href":"https:\/\/www.ampeco.com\/fr\/wp-json\/wp\/v2\/glossary"}],"about":[{"href":"https:\/\/www.ampeco.com\/fr\/wp-json\/wp\/v2\/types\/glossary"}],"author":[{"embeddable":true,"href":"https:\/\/www.ampeco.com\/fr\/wp-json\/wp\/v2\/users\/65"}],"wp:featuredmedia":[{"embeddable":true,"href":"https:\/\/www.ampeco.com\/fr\/wp-json\/wp\/v2\/media\/41491"}],"wp:attachment":[{"href":"https:\/\/www.ampeco.com\/fr\/wp-json\/wp\/v2\/media?parent=44730"}],"wp:term":[{"taxonomy":"glossary_category","embeddable":true,"href":"https:\/\/www.ampeco.com\/fr\/wp-json\/wp\/v2\/glossary_category?post=44730"},{"taxonomy":"glossary_tag","embeddable":true,"href":"https:\/\/www.ampeco.com\/fr\/wp-json\/wp\/v2\/glossary_tag?post=44730"}],"curies":[{"name":"wp","href":"https:\/\/api.w.org\/{rel}","templated":true}]}}