{"id":25309,"date":"2023-01-09T10:41:01","date_gmt":"2023-01-09T10:41:01","guid":{"rendered":"https:\/\/www.ampeco.com\/ev-charging-migration\/"},"modified":"2024-07-05T15:15:34","modified_gmt":"2024-07-05T15:15:34","slug":"ev-charging-migration","status":"publish","type":"page","link":"https:\/\/www.ampeco.com\/de\/ev-charging-migration\/","title":{"rendered":"EV Charging Migration"},"content":{"rendered":"\n<div style=\"border-radius:var(--spacing-4xl, 32px);overflow:hidden;\" class=\"wp-block-group alignwide reveal_stagger is-style-hero-nds-normal has-light-gradient-gradient-background has-background is-layout-constrained wp-block-group-is-layout-constrained\">\n<div class=\"wp-block-media-text has-media-on-the-right is-stacked-on-mobile\"><div class=\"wp-block-media-text__content\">\n<h1 class=\"wp-block-heading reveal_stagger\">Migrieren Sie Ihre EV-Ladeplattform zu AMPECO<\/h1>\n\n\n\n<p class=\"reveal_stagger has-m-font-size\">Decken Sie mit unserer preisgekr\u00f6nten Plattform ein breiteres Spektrum an Anwendungsf\u00e4llen ab, skalieren Sie schneller und senken Sie die Kosten.<\/p>\n\n\n\n<div class=\"wp-block-buttons is-style-top-spacing is-style-desktop-only is-layout-flex wp-block-buttons-is-layout-flex\">\n<div class=\"wp-block-button reveal_stagger\"><a class=\"wp-block-button__link wp-element-button\" href=\"https:\/\/www.ampeco.com\/de\/migrationsberatung-termin-buchen\/\">Buchen Sie ein Beratungsgespr\u00e4ch<\/a><\/div>\n\n\n\n<div class=\"wp-block-button reveal_stagger is-style-short-underline-nds-chevron\"><a class=\"wp-block-button__link wp-element-button\" href=\"#mehrerfahren\">Mehr erfahren<\/a><\/div>\n<\/div>\n<\/div><figure class=\"wp-block-media-text__media\"><img loading=\"lazy\" decoding=\"async\" width=\"840\" height=\"806\" src=\"https:\/\/www.ampeco.com\/content\/uploads\/2023\/02\/migration-hero-screenshot.png\" alt=\"-\" class=\"wp-image-16048 size-full\" title=\"\" srcset=\"https:\/\/www.ampeco.com\/content\/uploads\/2023\/02\/migration-hero-screenshot.png 840w, https:\/\/www.ampeco.com\/content\/uploads\/2023\/02\/migration-hero-screenshot-96x92.png 96w, https:\/\/www.ampeco.com\/content\/uploads\/2023\/02\/migration-hero-screenshot-300x288.png 300w, https:\/\/www.ampeco.com\/content\/uploads\/2023\/02\/migration-hero-screenshot-768x737.png 768w, https:\/\/www.ampeco.com\/content\/uploads\/2023\/02\/migration-hero-screenshot-330x317.png 330w, https:\/\/www.ampeco.com\/content\/uploads\/2023\/02\/migration-hero-screenshot-660x633.png 660w, https:\/\/www.ampeco.com\/content\/uploads\/2023\/02\/migration-hero-screenshot-512x491.png 512w, https:\/\/www.ampeco.com\/content\/uploads\/2023\/02\/migration-hero-screenshot-600x576.png 600w\" sizes=\"auto, (max-width: 840px) 100vw, 840px\" \/><\/figure><\/div>\n\n\n\n<div class=\"wp-block-buttons is-style-top-spacing is-style-mobile-only is-layout-flex wp-block-buttons-is-layout-flex\">\n<div class=\"wp-block-button reveal_stagger\"><a class=\"wp-block-button__link wp-element-button\" href=\"https:\/\/www.ampeco.com\/de\/migrationsberatung-termin-buchen\/\">Buchen Sie ein Beratungsgespr\u00e4ch<\/a><\/div>\n\n\n\n<div class=\"wp-block-button reveal_stagger is-style-short-underline-nds-chevron\"><a class=\"wp-block-button__link wp-element-button\" href=\"#mehrerfahren\">Mehr erfahren<\/a><\/div>\n<\/div>\n<\/div>\n\n<div style=\"border-radius:var(--spacing-4xl, 32px);overflow:hidden;\" id=\"learnmore\" class=\"wp-block-group is-style-section-nds is-layout-constrained wp-block-group-is-layout-constrained\">\n<h2 class=\"wp-block-heading has-text-align-center\"><strong>Lassen Sie nicht zu, dass Ihre Software Ihr Wachstum behindert<\/strong><\/h2>\n\n\n\n<p class=\"has-text-align-center\">Wechseln Sie zu AMPECOs All-in-One-Plattform zum EV-Lademanagement und bieten Sie E-Fahrern einen besseren Service, <br\/>optimieren Sie Ihr Asset Management und nutzen Sie neue Marktchancen.<\/p>\n\n\n\n<div style=\"height:40px\" aria-hidden=\"true\" class=\"wp-block-spacer\"><\/div>\n\n\n<style>.kb-row-layout-id15317_f078ff-f7 > .kt-row-column-wrap{align-content:start;}:where(.kb-row-layout-id15317_f078ff-f7 > .kt-row-column-wrap) > .wp-block-kadence-column{justify-content:start;}.kb-row-layout-id15317_f078ff-f7 > .kt-row-column-wrap{column-gap:var(--global-kb-gap-md, 2rem);row-gap:var(--global-kb-gap-md, 2rem);padding-top:var(--global-kb-spacing-sm, 1.5rem);padding-bottom:var(--global-kb-spacing-sm, 1.5rem);}.kb-row-layout-id15317_f078ff-f7 > .kt-row-column-wrap > div:not(.added-for-specificity){grid-column:initial;}.kb-row-layout-id15317_f078ff-f7 > .kt-row-column-wrap{grid-template-columns:repeat(3, minmax(0, 1fr));}.kb-row-layout-id15317_f078ff-f7 > .kt-row-layout-overlay{opacity:0.30;}@media all and (max-width: 1024px){.kb-row-layout-id15317_f078ff-f7 > .kt-row-column-wrap > div:not(.added-for-specificity){grid-column:initial;}}@media all and (max-width: 1024px){.kb-row-layout-id15317_f078ff-f7 > .kt-row-column-wrap{grid-template-columns:repeat(3, minmax(0, 1fr));}}@media all and (max-width: 767px){.kb-row-layout-id15317_f078ff-f7 > .kt-row-column-wrap > div:not(.added-for-specificity){grid-column:initial;}.kb-row-layout-id15317_f078ff-f7 > .kt-row-column-wrap{grid-template-columns:minmax(0, 1fr);}}<\/style><div class=\"kb-row-layout-wrap kb-row-layout-id15317_f078ff-f7 alignnone wp-block-kadence-rowlayout\"><div class=\"kt-row-column-wrap kt-has-3-columns kt-row-layout-equal kt-tab-layout-inherit kt-mobile-layout-row kt-row-valign-top\">\n<style>.kadence-column15317_464009-24 > .kt-inside-inner-col,.kadence-column15317_464009-24 > .kt-inside-inner-col:before{border-top-left-radius:0px;border-top-right-radius:0px;border-bottom-right-radius:0px;border-bottom-left-radius:0px;}.kadence-column15317_464009-24 > .kt-inside-inner-col{column-gap:var(--global-kb-gap-sm, 1rem);}.kadence-column15317_464009-24 > .kt-inside-inner-col{flex-direction:column;}.kadence-column15317_464009-24 > .kt-inside-inner-col > .aligncenter{width:100%;}.kadence-column15317_464009-24 > .kt-inside-inner-col:before{opacity:0.3;}.kadence-column15317_464009-24{position:relative;}@media all and (max-width: 1024px){.kadence-column15317_464009-24 > .kt-inside-inner-col{flex-direction:column;justify-content:center;}}@media all and (max-width: 767px){.kadence-column15317_464009-24 > .kt-inside-inner-col{flex-direction:column;justify-content:center;}}<\/style>\n<div class=\"wp-block-kadence-column kadence-column15317_464009-24 inner-column-1\"><div class=\"kt-inside-inner-col\">\n<figure class=\"wp-block-image aligncenter size-large\"><img loading=\"lazy\" decoding=\"async\" width=\"120\" height=\"120\" src=\"https:\/\/www.ampeco.com\/content\/uploads\/2022\/10\/Publish-to-stores.svg\" alt=\"-\" class=\"wp-image-13361\" title=\"\"><\/figure>\n\n\n<style>.wp-block-kadence-spacer.kt-block-spacer-15317_95233b-22 .kt-block-spacer{height:32px;}.wp-block-kadence-spacer.kt-block-spacer-15317_95233b-22 .kt-divider{border-top-width:1px;height:1px;border-top-color:#eee;width:80%;border-top-style:solid;}<\/style>\n<div class=\"wp-block-kadence-spacer aligncenter kt-block-spacer-15317_95233b-22\"><div class=\"kt-block-spacer kt-block-spacer-halign-center\"><\/div><\/div>\n\n\n\n<h4 class=\"wp-block-heading has-text-align-center\">Umfassende Branchenkenntnisse<\/h4>\n\n\n<style>.wp-block-kadence-spacer.kt-block-spacer-15317_caa2cd-f1 .kt-block-spacer{height:10px;}.wp-block-kadence-spacer.kt-block-spacer-15317_caa2cd-f1 .kt-divider{border-top-width:1px;height:1px;border-top-color:#eee;width:80%;border-top-style:solid;}<\/style>\n<div class=\"wp-block-kadence-spacer aligncenter kt-block-spacer-15317_caa2cd-f1\"><div class=\"kt-block-spacer kt-block-spacer-halign-center\"><\/div><\/div>\n\n\n\n<p class=\"has-text-align-center\">Wir haben zahlreiche Migrationen von EV-Ladeplattformen von verschiedenen Systemen und auf verschiedenen M\u00e4rkten durchgef\u00fchrt, sowohl mit internen L\u00f6sungen als auch mit Software von Drittanbietern.<\/p>\n<\/div><\/div>\n\n\n<style>.kadence-column15317_77d6fe-fa > .kt-inside-inner-col,.kadence-column15317_77d6fe-fa > .kt-inside-inner-col:before{border-top-left-radius:0px;border-top-right-radius:0px;border-bottom-right-radius:0px;border-bottom-left-radius:0px;}.kadence-column15317_77d6fe-fa > .kt-inside-inner-col{column-gap:var(--global-kb-gap-sm, 1rem);}.kadence-column15317_77d6fe-fa > .kt-inside-inner-col{flex-direction:column;}.kadence-column15317_77d6fe-fa > .kt-inside-inner-col > .aligncenter{width:100%;}.kadence-column15317_77d6fe-fa > .kt-inside-inner-col:before{opacity:0.3;}.kadence-column15317_77d6fe-fa{position:relative;}@media all and (max-width: 1024px){.kadence-column15317_77d6fe-fa > .kt-inside-inner-col{flex-direction:column;justify-content:center;}}@media all and (max-width: 767px){.kadence-column15317_77d6fe-fa > .kt-inside-inner-col{flex-direction:column;justify-content:center;}}<\/style>\n<div class=\"wp-block-kadence-column kadence-column15317_77d6fe-fa inner-column-2\"><div class=\"kt-inside-inner-col\">\n<figure class=\"wp-block-image aligncenter size-large\"><img loading=\"lazy\" decoding=\"async\" width=\"120\" height=\"120\" src=\"https:\/\/www.ampeco.com\/content\/uploads\/2022\/10\/Plans-and-tariffs-How-it-works-icon-1.svg\" alt=\"-\" class=\"wp-image-13118\" title=\"\"><\/figure>\n\n\n<style>.wp-block-kadence-spacer.kt-block-spacer-15317_b61d2e-c1 .kt-block-spacer{height:32px;}.wp-block-kadence-spacer.kt-block-spacer-15317_b61d2e-c1 .kt-divider{border-top-width:1px;height:1px;border-top-color:#eee;width:80%;border-top-style:solid;}<\/style>\n<div class=\"wp-block-kadence-spacer aligncenter kt-block-spacer-15317_b61d2e-c1\"><div class=\"kt-block-spacer kt-block-spacer-halign-center\"><\/div><\/div>\n\n\n\n<h4 class=\"wp-block-heading has-text-align-center\">Ein engagiertes Support-Team<\/h4>\n\n\n<style>.wp-block-kadence-spacer.kt-block-spacer-15317_0ed0dd-e8 .kt-block-spacer{height:10px;}.wp-block-kadence-spacer.kt-block-spacer-15317_0ed0dd-e8 .kt-divider{border-top-width:1px;height:1px;border-top-color:#eee;width:80%;border-top-style:solid;}<\/style>\n<div class=\"wp-block-kadence-spacer aligncenter kt-block-spacer-15317_0ed0dd-e8\"><div class=\"kt-block-spacer kt-block-spacer-halign-center\"><\/div><\/div>\n\n\n\n<p class=\"has-text-align-center\">Wir f\u00fchren und beraten Sie w\u00e4hrend des gesamten Migrationsprozesses, so dass wir nicht nur Ihr bestehendes System ersetzen, sondern Ihnen eine hervorragende EV-Ladeplattform zur Verf\u00fcgung stellen.<\/p>\n<\/div><\/div>\n\n\n<style>.kadence-column15317_6c2329-24 > .kt-inside-inner-col,.kadence-column15317_6c2329-24 > .kt-inside-inner-col:before{border-top-left-radius:0px;border-top-right-radius:0px;border-bottom-right-radius:0px;border-bottom-left-radius:0px;}.kadence-column15317_6c2329-24 > .kt-inside-inner-col{column-gap:var(--global-kb-gap-sm, 1rem);}.kadence-column15317_6c2329-24 > .kt-inside-inner-col{flex-direction:column;}.kadence-column15317_6c2329-24 > .kt-inside-inner-col > .aligncenter{width:100%;}.kadence-column15317_6c2329-24 > .kt-inside-inner-col:before{opacity:0.3;}.kadence-column15317_6c2329-24{position:relative;}@media all and (max-width: 1024px){.kadence-column15317_6c2329-24 > .kt-inside-inner-col{flex-direction:column;justify-content:center;}}@media all and (max-width: 767px){.kadence-column15317_6c2329-24 > .kt-inside-inner-col{flex-direction:column;justify-content:center;}}<\/style>\n<div class=\"wp-block-kadence-column kadence-column15317_6c2329-24 inner-column-3\"><div class=\"kt-inside-inner-col\">\n<figure class=\"wp-block-image aligncenter size-large\"><img loading=\"lazy\" decoding=\"async\" width=\"120\" height=\"120\" src=\"https:\/\/www.ampeco.com\/content\/uploads\/2022\/10\/Scale.svg\" alt=\"-\" class=\"wp-image-12961\" title=\"\"><\/figure>\n\n\n<style>.wp-block-kadence-spacer.kt-block-spacer-15317_052c44-1b .kt-block-spacer{height:32px;}.wp-block-kadence-spacer.kt-block-spacer-15317_052c44-1b .kt-divider{border-top-width:1px;height:1px;border-top-color:#eee;width:80%;border-top-style:solid;}<\/style>\n<div class=\"wp-block-kadence-spacer aligncenter kt-block-spacer-15317_052c44-1b\"><div class=\"kt-block-spacer kt-block-spacer-halign-center\"><\/div><\/div>\n\n\n\n<h4 class=\"wp-block-heading has-text-align-center\">Ein fortschrittliches, preisgekr\u00f6ntes Produkt<\/h4>\n\n\n<style>.wp-block-kadence-spacer.kt-block-spacer-15317_f3d81f-36 .kt-block-spacer{height:10px;}.wp-block-kadence-spacer.kt-block-spacer-15317_f3d81f-36 .kt-divider{border-top-width:1px;height:1px;border-top-color:#eee;width:80%;border-top-style:solid;}<\/style>\n<div class=\"wp-block-kadence-spacer aligncenter kt-block-spacer-15317_f3d81f-36\"><div class=\"kt-block-spacer kt-block-spacer-halign-center\"><\/div><\/div>\n\n\n\n<p class=\"has-text-align-center\">Unsere Plattform wird von \u00fcber 110 Betreibern von Ladestationen in \u00fcber 45 M\u00e4rkten genutzt und ist weltweit f\u00fcr ihre innovative Produktf\u00fchrerschaft anerkannt.<\/p>\n<\/div><\/div>\n\n<\/div><\/div><\/div>\n\n<div style=\"border-radius:var(--spacing-4xl, 32px);overflow:hidden;\" class=\"wp-block-group is-style-section-nds is-layout-constrained wp-block-group-is-layout-constrained\"><style>.kb-row-layout-id15317_110ae4-4a > .kt-row-column-wrap{align-content:start;}:where(.kb-row-layout-id15317_110ae4-4a > .kt-row-column-wrap) > .wp-block-kadence-column{justify-content:start;}.kb-row-layout-id15317_110ae4-4a > .kt-row-column-wrap{column-gap:var(--global-kb-gap-lg, 4rem);row-gap:var(--global-kb-gap-md, 2rem);padding-top:var(--global-kb-spacing-sm, 1.5rem);padding-bottom:var(--global-kb-spacing-sm, 1.5rem);grid-template-columns:minmax(0, calc(40% - ((var(--global-kb-gap-lg, 4rem) * 1 )\/2)))minmax(0, calc(60% - ((var(--global-kb-gap-lg, 4rem) * 1 )\/2)));}.kb-row-layout-id15317_110ae4-4a > .kt-row-layout-overlay{opacity:0.30;}@media all and (max-width: 1024px){.kb-row-layout-id15317_110ae4-4a > .kt-row-column-wrap{grid-template-columns:repeat(2, minmax(0, 1fr));}}@media all and (max-width: 767px){.kb-row-layout-id15317_110ae4-4a > .kt-row-column-wrap{grid-template-columns:minmax(0, 1fr);}}<\/style><div class=\"kb-row-layout-wrap kb-row-layout-id15317_110ae4-4a alignnone wp-block-kadence-rowlayout\"><div class=\"kt-row-column-wrap kt-has-2-columns kt-row-layout-equal kt-tab-layout-inherit kt-mobile-layout-row kt-row-valign-top\">\n<style>.kadence-column15317_f061a8-f4 > .kt-inside-inner-col,.kadence-column15317_f061a8-f4 > .kt-inside-inner-col:before{border-top-left-radius:0px;border-top-right-radius:0px;border-bottom-right-radius:0px;border-bottom-left-radius:0px;}.kadence-column15317_f061a8-f4 > .kt-inside-inner-col{column-gap:var(--global-kb-gap-sm, 1rem);}.kadence-column15317_f061a8-f4 > .kt-inside-inner-col{flex-direction:column;}.kadence-column15317_f061a8-f4 > .kt-inside-inner-col > .aligncenter{width:100%;}.kadence-column15317_f061a8-f4 > .kt-inside-inner-col:before{opacity:0.3;}.kadence-column15317_f061a8-f4{position:relative;}@media all and (max-width: 1024px){.kadence-column15317_f061a8-f4 > .kt-inside-inner-col{flex-direction:column;justify-content:center;}}@media all and (max-width: 767px){.kadence-column15317_f061a8-f4 > .kt-inside-inner-col{flex-direction:column;justify-content:center;}}<\/style>\n<div class=\"wp-block-kadence-column kadence-column15317_f061a8-f4\"><div class=\"kt-inside-inner-col\">\n<hr class=\"wp-block-separator has-css-opacity is-style-blue-line\"\/>\n\n\n\n<h4 class=\"wp-block-heading is-style-blue-label\">Wie es funktioniert<\/h4>\n\n\n\n<h2 class=\"wp-block-heading narrow-800 narrow-nocenter\">Planen Sie einen umfassenden Migrationsplan mit AMPECOs EV-Ladeexperten<\/h2>\n\n\n\n<p class=\"has-m-font-size\">Wir f\u00fchren Sie durch mehrere Schritte, um einen erfolgreichen \u00dcbergang zu gew\u00e4hrleisten.<\/p>\n<\/div><\/div>\n\n\n<style>.kadence-column15317_31bacf-27 > .kt-inside-inner-col,.kadence-column15317_31bacf-27 > .kt-inside-inner-col:before{border-top-left-radius:0px;border-top-right-radius:0px;border-bottom-right-radius:0px;border-bottom-left-radius:0px;}.kadence-column15317_31bacf-27 > .kt-inside-inner-col{column-gap:var(--global-kb-gap-sm, 1rem);}.kadence-column15317_31bacf-27 > .kt-inside-inner-col{flex-direction:column;}.kadence-column15317_31bacf-27 > .kt-inside-inner-col > .aligncenter{width:100%;}.kadence-column15317_31bacf-27 > .kt-inside-inner-col:before{opacity:0.3;}.kadence-column15317_31bacf-27{position:relative;}@media all and (max-width: 1024px){.kadence-column15317_31bacf-27 > .kt-inside-inner-col{flex-direction:column;justify-content:center;}}@media all and (max-width: 767px){.kadence-column15317_31bacf-27 > .kt-inside-inner-col{flex-direction:column;justify-content:center;}}<\/style>\n<div class=\"wp-block-kadence-column kadence-column15317_31bacf-27\"><div class=\"kt-inside-inner-col\">\n<div id=\"block123-block_83149ad470f31d3fa9e8f03385236a0d\" class=\"block-block123 updated\">\n\t\t\t<ul>\n\t\t\t\t\t<li>\n\t\t\t\t<div class=\"i_num\">1<\/div>\n\t\t\t\t<div class=\"i_content\">\n\t\t\t\t\t<h3>IDENTIFIZIERUNG IHRER GESCH\u00c4FTSZIELE<\/h3>\n\t\t\t\t\t<p>Wir helfen Ihnen bei der Ermittlung der f\u00fcr Ihr Unternehmen am besten geeigneten Gesch\u00e4ftsmodelle und zeigen Ihnen, wie Sie mit AMPECO schneller skalieren und die gew\u00fcnschten Ergebnisse erzielen k\u00f6nnen.<\/p>\n\t\t\t\t<\/div>\n\t\t\t<\/li>\n\t\t\t\t\t<li>\n\t\t\t\t<div class=\"i_num\">2<\/div>\n\t\t\t\t<div class=\"i_content\">\n\t\t\t\t\t<h3>FESTLEGUNG DES UMFANGS<\/h3>\n\t\t\t\t\t<p>Wir konvertieren Ihre bestehende Gesch\u00e4ftslogik, Anforderungen und Funktionen in unsere Plattform, einschlie\u00dflich Ihrer Tarife, Partner, Nutzer, Ladeger\u00e4te, Abonnementpl\u00e4ne und mehr.<\/p>\n\t\t\t\t<\/div>\n\t\t\t<\/li>\n\t\t\t\t\t<li>\n\t\t\t\t<div class=\"i_num\">3<\/div>\n\t\t\t\t<div class=\"i_content\">\n\t\t\t\t\t<h3>VORBEREITUNG ZUR MIGRATION<\/h3>\n\t\t\t\t\t<p>Verlegen Sie alle geplanten Vorg\u00e4nge auf einmal auf unsere Plattform oder migrieren Sie Ihre Daten und Systeme schrittweise. Wir passen die Migration Ihrer EV-Ladeplattform an Ihre spezifischen Anforderungen an.<\/p>\n\t\t\t\t<\/div>\n\t\t\t<\/li>\n\t\t\t\t\t<li>\n\t\t\t\t<div class=\"i_num\">4<\/div>\n\t\t\t\t<div class=\"i_content\">\n\t\t\t\t\t<h3>TESTEN VOR DER AUSF\u00dcHRUNG<\/h3>\n\t\t\t\t\t<p>Wir helfen Ihnen dabei, Ihre Mitarbeiter im Umgang mit unserer Plattform zu schulen und Ihre Einrichtung mit Dummy-Daten zu testen, um eventuelle Probleme schon im Vorfeld zu erkennen. Dadurch werden die Auswirkungen auf Ihren Betrieb und Ihre Kunden begrenzt.<\/p>\n\t\t\t\t<\/div>\n\t\t\t<\/li>\n\t\t\t\t<\/ul>\n\t<\/div>\n<\/div><\/div>\n\n<\/div><\/div><\/div>\n\n<div style=\"border-radius:var(--spacing-4xl, 32px);overflow:hidden;\" class=\"wp-block-group is-style-section-nds-margin has-white-color has-dark-gradient-gradient-background has-text-color has-background is-layout-constrained wp-block-group-is-layout-constrained\">\n<h2 class=\"wp-block-heading has-text-align-center has-white-color has-text-color\">Migration auf AMPECO von<\/h2>\n\n\n\n<p class=\"has-text-align-center is-style-default has-lightbluebg-color has-text-color\"><\/p>\n\n\n\n<div style=\"height:40px\" aria-hidden=\"true\" class=\"wp-block-spacer\"><\/div>\n\n\n\n<div class=\"wp-block-columns is-style-white-text-boxes has-blacknew-color has-text-color is-layout-flex wp-container-core-columns-is-layout-28f84493 wp-block-columns-is-layout-flex\">\n<div class=\"wp-block-column is-layout-flow wp-block-column-is-layout-flow\">\n<div class=\"wp-block-group is-layout-constrained wp-block-group-is-layout-constrained\">\n<h3 class=\"wp-block-heading\">Einer eigenen L\u00f6sung<\/h3>\n\n\n\n<p>Mit einer hauseigenen L\u00f6sung zum Laden von E-Autos mit dem sich st\u00e4ndig weiterentwickelnden Markt, Anwendungsf\u00e4llen und Vorschriften Schritt zu halten, ist komplex und kostspielig. Wenn Sie Ihre L\u00f6sung zu einem erfahrenen Softwareanbieter migrieren, k\u00f6nnen Sie Ihre Ressourcen in den Aufbau eines Wettbewerbsvorteils investieren, z. B. in den Ausbau Ihres Netzwerks oder die Entwicklung Ihrer Benutzer-App. Erhalten Sie Zugang zu neuen Funktionen, die die Verwaltung Ihres Ladenetzwerks erleichtern und gleichzeitig die Wartungs- und Supportkosten senken.<\/p>\n<\/div>\n<\/div>\n\n\n\n<div class=\"wp-block-column has-blacknew-color has-text-color is-layout-flow wp-block-column-is-layout-flow\">\n<div class=\"wp-block-group has-blacknew-color has-text-color is-layout-constrained wp-block-group-is-layout-constrained\">\n<h3 class=\"wp-block-heading\">einem CPMS-Anbieter<\/h3>\n\n\n\n<p>Gesch\u00e4ftsinhaber werden einen Softwareanbieter f\u00fcr einen anderen verlassen, wenn der Mangel an Funktionen und M\u00f6glichkeiten in ihren aktuellen L\u00f6sungen es ihnen schwer macht, neue Anwendungsf\u00e4lle f\u00fcr das Laden von Elektrofahrzeugen zu ber\u00fccksichtigen und in neue M\u00e4rkte zu expandieren. Die notwendige Flexibilit\u00e4t bei Zahlungspl\u00e4nen, Tarifverwaltung, Roaming und die M\u00f6glichkeit, Ihr Gesch\u00e4ft zu kontrollieren, sind entscheidend f\u00fcr Ihren Erfolg. Entscheiden Sie sich f\u00fcr einen Softwareanbieter, der Probleme schnell l\u00f6st und ma\u00dfgeschneiderte Funktionen entwickeln kann, damit Sie optimale Gesch\u00e4ftsabl\u00e4ufe aufrechterhalten und Ihren Kunden einen hervorragenden Service bieten k\u00f6nnen.<\/p>\n<\/div>\n<\/div>\n<\/div>\n\n\n\n<div class=\"wp-block-columns is-style-white-text-boxes is-layout-flex wp-container-core-columns-is-layout-28f84493 wp-block-columns-is-layout-flex\">\n<div class=\"wp-block-column has-blacknew-color has-text-color is-layout-flow wp-block-column-is-layout-flow\">\n<div class=\"wp-block-group is-layout-constrained wp-block-group-is-layout-constrained\">\n<h3 class=\"wp-block-heading\">Einer CP Hersteller Software<\/h3>\n\n\n\n<p>Eine EV-Lademanagementplattform bietet Ihnen mehr Flexibilit\u00e4t, Anpassungsm\u00f6glichkeiten und Supportoptionen als eine L\u00f6sung eines Hardwareherstellers. Wenn Sie einen unabh\u00e4ngigen Softwareanbieter nutzen, k\u00f6nnen Sie die Hardware ausw\u00e4hlen, die Ihren Anforderungen am besten entspricht, und sind nicht an einen bestimmten Hardwareanbieter gebunden. Sie profitieren von ma\u00dfgeschneiderten L\u00f6sungen und besseren Integrationen mit anderen Systemen, um Ihre Gesch\u00e4ftsanforderungen zu erf\u00fcllen.<\/p>\n<\/div>\n<\/div>\n\n\n\n<div class=\"wp-block-column is-vertically-aligned-center no-border is-layout-flow wp-block-column-is-layout-flow\">\n<div class=\"wp-block-group is-layout-constrained wp-block-group-is-layout-constrained\">\n<div class=\"wp-block-buttons is-content-justification-center is-layout-flex wp-container-core-buttons-is-layout-a89b3969 wp-block-buttons-is-layout-flex\">\n<div class=\"wp-block-button is-style-negative-nds\"><a class=\"wp-block-button__link wp-element-button\" href=\"https:\/\/www.ampeco.com\/de\/migrationsberatung-termin-buchen\/\">einen Beratungstermin buchen<\/a><\/div>\n<\/div>\n<\/div>\n<\/div>\n<\/div>\n<\/div>\n\n<div style=\"border-radius:var(--spacing-4xl, 32px);overflow:hidden;\" class=\"wp-block-group is-style-section-nds-margin has-white-background-color has-background is-layout-constrained wp-block-group-is-layout-constrained\">\n<h2 class=\"wp-block-heading has-text-align-center has-blacknew-color has-text-color\">Bringen Sie Ihr Unternehmen auf die n\u00e4chste Stufe mit AMPECOs All-in-One <br\/>Plattform zur Verwaltung von EV-Ladestationen<\/h2>\n\n\n\n<p class=\"has-text-align-center is-style-default has-lightbluebg-color has-text-color\"><\/p>\n\n\n\n<div style=\"height:40px\" aria-hidden=\"true\" class=\"wp-block-spacer\"><\/div>\n\n\n\n<div class=\"wp-block-columns is-style-white-text-boxes inverse-boxes is-layout-flex wp-container-core-columns-is-layout-28f84493 wp-block-columns-is-layout-flex\">\n<div class=\"wp-block-column is-layout-flow wp-block-column-is-layout-flow\">\n<div class=\"wp-block-group is-layout-constrained wp-block-group-is-layout-constrained\">\n<h3 class=\"wp-block-heading\">Sichern Sie gesch\u00e4ftliche Flexibilit\u00e4t<\/h3>\n\n\n\n<p>Decken Sie alle Anwendungsf\u00e4lle f\u00fcr das Laden von Elektrofahrzeugen ab &#8211; \u00f6ffentliches und privates Laden sowie Laden zu Hause &#8211; und profitieren Sie von flexibler Abrechnung und Abonnementverwaltung, fortschrittlichem Energiemanagement, Preisgestaltung, Roaming und un\u00fcbertroffener Erweiterbarkeit \u00fcber APIs.<\/p>\n<\/div>\n<\/div>\n\n\n\n<div class=\"wp-block-column is-layout-flow wp-block-column-is-layout-flow\">\n<div class=\"wp-block-group is-layout-constrained wp-block-group-is-layout-constrained\">\n<h3 class=\"wp-block-heading\">Halten Sie sich \u00fcber die Entwicklungen in der Branche auf dem Laufenden<\/h3>\n\n\n\n<p>Sie k\u00f6nnen sicher sein, dass Sie alle staatlichen Vorschriften und Marktanforderungen erf\u00fcllen, da AMPECO alle Industriestandards und -protokolle wie OCPP, OpenADR, Autocharge, OCPI und mehr strikt einh\u00e4lt.<\/p>\n<\/div>\n<\/div>\n\n\n\n<div class=\"wp-block-column is-layout-flow wp-block-column-is-layout-flow\">\n<div class=\"wp-block-group is-layout-constrained wp-block-group-is-layout-constrained\">\n<h3 class=\"wp-block-heading\">Konzentrieren Sie sich auf Ihr Kerngesch\u00e4ft und Ihre Priorit\u00e4ten<\/h3>\n\n\n\n<p>Investieren Sie Ihre Ressourcen in den Aufbau eines Wettbewerbsvorteils, den Ausbau Ihres Netzwerks und die Anpassung Ihrer Benutzererfahrung, w\u00e4hrend wir \u00fcber unsere Plattform einen zuverl\u00e4ssigen Gesch\u00e4ftsbetrieb sicherstellen.<\/p>\n<\/div>\n<\/div>\n<\/div>\n\n\n\n<div class=\"wp-block-columns is-style-white-text-boxes inverse-boxes is-layout-flex wp-container-core-columns-is-layout-28f84493 wp-block-columns-is-layout-flex\">\n<div class=\"wp-block-column is-layout-flow wp-block-column-is-layout-flow\">\n<div class=\"wp-block-group is-layout-constrained wp-block-group-is-layout-constrained\">\n<h3 class=\"wp-block-heading\">Verbessern Sie die Zuverl\u00e4ssigkeit und Sicherheit Ihres Netzwerks<\/h3>\n\n\n\n<p>Reduzieren Sie die Gesamtbetriebskosten (TCO) mit einer Cloud-Software f\u00fcr das Laden von Elektrofahrzeugen, die sich durch Sicherheit, Zuverl\u00e4ssigkeit und Skalierbarkeit auszeichnet. Bieten Sie ein au\u00dfergew\u00f6hnliches Benutzererlebnis und optimieren Sie gleichzeitig den Gesch\u00e4ftsbetrieb Ihres Ladenetzwerks.<\/p>\n<\/div>\n<\/div>\n\n\n\n<div class=\"wp-block-column is-layout-flow wp-block-column-is-layout-flow\">\n<div class=\"wp-block-group is-layout-constrained wp-block-group-is-layout-constrained\">\n<h3 class=\"wp-block-heading\">Arbeiten Sie mit einem vertrauensw\u00fcrdigen Gesch\u00e4ftspartner zusammen<\/h3>\n\n\n\n<p>Verlassen Sie sich auf unser Team, das Anfragen schnell beantwortet, kritische Probleme l\u00f6st, zu Gesch\u00e4ftsmodellen und Anwendungsf\u00e4llen ber\u00e4t und individuelle Funktionen oder Konfigurationen entwickelt, um Ihren Wettbewerbsvorteil zu sichern.<\/p>\n<\/div>\n<\/div>\n\n\n\n<div class=\"wp-block-column is-layout-flow wp-block-column-is-layout-flow\">\n<div class=\"wp-block-group is-layout-constrained wp-block-group-is-layout-constrained\">\n<h3 class=\"wp-block-heading\">Bauen Sie Ihre ma\u00dfgeschneiderte EV-Ladel\u00f6sung<\/h3>\n\n\n\n<p>Unsere flexible API bietet Ihnen die Freiheit, benutzerdefinierte Funktionen zu erstellen und Ladedaten nahtlos mit Ihren bestehenden Systemen zu verbinden. Nutzen Sie eine breite Palette von Integrationen, um Abl\u00e4ufe zu rationalisieren, das Kundenerlebnis zu verbessern und ein einzigartiges Angebot aufzubauen.<\/p>\n<\/div>\n<\/div>\n<\/div>\n<\/div>\n\n<div style=\"border-radius:var(--spacing-4xl, 32px);overflow:hidden;\" class=\"wp-block-group is-style-section-nds has-dark-gradient-gradient-background has-background is-layout-constrained wp-block-group-is-layout-constrained\">\n<div class=\"wp-block-media-text has-media-on-the-right is-stacked-on-mobile is-style-img-negative-margins\"><div class=\"wp-block-media-text__content\">\n<h4 class=\"wp-block-heading has-lightbluebg-color has-text-color\" style=\"font-style:normal;font-weight:300\">Konsultation anfordern<\/h4>\n\n\n\n<h2 class=\"wp-block-heading has-white-color has-text-color\">Wechseln Sie zu AMPECO<\/h2>\n\n\n\n<p class=\"has-white-color has-text-color\">Buchen Sie ein 30-min\u00fctiges Gespr\u00e4ch mit unseren Experten und erfahren Sie mehr \u00fcber den Migrationsprozess unserer EV-Ladeplattform.<\/p>\n\n\n\n<div style=\"height:48px\" aria-hidden=\"true\" class=\"wp-block-spacer\"><\/div>\n\n\n\n<div class=\"wp-block-buttons is-layout-flex wp-block-buttons-is-layout-flex\">\n<div class=\"wp-block-button is-style-negative-nds\"><a class=\"wp-block-button__link wp-element-button\" href=\"https:\/\/www.ampeco.com\/de\/migrationsberatung-termin-buchen\/\">Beratungsgespr\u00e4ch buchen<\/a><\/div>\n<\/div>\n<\/div><figure class=\"wp-block-media-text__media\"><img loading=\"lazy\" decoding=\"async\" width=\"1024\" height=\"533\" src=\"https:\/\/www.ampeco.com\/content\/uploads\/2022\/10\/image-with-negative-margins-\u2013-demo-1-1024x533.png\" alt=\"-\" class=\"wp-image-13293 size-full\" title=\"\" srcset=\"https:\/\/www.ampeco.com\/content\/uploads\/2022\/10\/image-with-negative-margins-\u2013-demo-1-1024x533.png 1024w, https:\/\/www.ampeco.com\/content\/uploads\/2022\/10\/image-with-negative-margins-\u2013-demo-1-96x50.png 96w, https:\/\/www.ampeco.com\/content\/uploads\/2022\/10\/image-with-negative-margins-\u2013-demo-1-300x156.png 300w, https:\/\/www.ampeco.com\/content\/uploads\/2022\/10\/image-with-negative-margins-\u2013-demo-1-768x400.png 768w, https:\/\/www.ampeco.com\/content\/uploads\/2022\/10\/image-with-negative-margins-\u2013-demo-1-1536x800.png 1536w, https:\/\/www.ampeco.com\/content\/uploads\/2022\/10\/image-with-negative-margins-\u2013-demo-1-2048x1066.png 2048w, https:\/\/www.ampeco.com\/content\/uploads\/2022\/10\/image-with-negative-margins-\u2013-demo-1-330x172.png 330w, https:\/\/www.ampeco.com\/content\/uploads\/2022\/10\/image-with-negative-margins-\u2013-demo-1-660x344.png 660w, https:\/\/www.ampeco.com\/content\/uploads\/2022\/10\/image-with-negative-margins-\u2013-demo-1-512x267.png 512w, https:\/\/www.ampeco.com\/content\/uploads\/2022\/10\/image-with-negative-margins-\u2013-demo-1-600x312.png 600w, https:\/\/www.ampeco.com\/content\/uploads\/2022\/10\/image-with-negative-margins-\u2013-demo-1-1200x625.png 1200w, https:\/\/www.ampeco.com\/content\/uploads\/2022\/10\/image-with-negative-margins-\u2013-demo-1-840x437.png 840w, https:\/\/www.ampeco.com\/content\/uploads\/2022\/10\/image-with-negative-margins-\u2013-demo-1-1680x875.png 1680w, https:\/\/www.ampeco.com\/content\/uploads\/2022\/10\/image-with-negative-margins-\u2013-demo-1-1920x1000.png 1920w\" sizes=\"auto, (max-width: 1024px) 100vw, 1024px\" \/><\/figure><\/div>\n<\/div>\n\n<div style=\"border-radius:var(--spacing-4xl, 32px);overflow:hidden;\" class=\"wp-block-group is-style-section-nds is-layout-constrained wp-block-group-is-layout-constrained\">\n<h2 class=\"wp-block-heading has-text-align-center\" id=\"resources\"><strong>Verwandte Lekt\u00fcre<\/strong><\/h2>\n\n\n\n<p class=\"has-text-align-center has-primary-color has-text-color\"><\/p>\n\n\n\n<div id=\"resources-block_e84025e9b045bc42224321792464eeee\" class=\"block-resources\">\n\t<div class=\"column_left\">\n\t\t\t\t\t\t\t<ul class=\"cl_list\">\n\t\t\t\t\t\t\t\t\t<li>\n\t\t\t\t\t\t<div class=\"post_image\">\n\t\t\t\t\t\t\t<a href=\"https:\/\/www.ampeco.com\/blog\/why-and-when-migrate-ev-charging-platform\/\">\n\t\t\t\t\t\t\t\t<img loading=\"lazy\" decoding=\"async\" width=\"512\" height=\"288\" src=\"https:\/\/www.ampeco.com\/content\/uploads\/2022\/12\/ev-charging-migration-sharing-512x288.jpg\" class=\"attachment-image-512 size-image-512 wp-post-image\" alt=\"-\" srcset=\"https:\/\/www.ampeco.com\/content\/uploads\/2022\/12\/ev-charging-migration-sharing-512x288.jpg 512w, https:\/\/www.ampeco.com\/content\/uploads\/2022\/12\/ev-charging-migration-sharing-96x54.jpg 96w, https:\/\/www.ampeco.com\/content\/uploads\/2022\/12\/ev-charging-migration-sharing-300x169.jpg 300w, https:\/\/www.ampeco.com\/content\/uploads\/2022\/12\/ev-charging-migration-sharing-768x432.jpg 768w, https:\/\/www.ampeco.com\/content\/uploads\/2022\/12\/ev-charging-migration-sharing-1024x576.jpg 1024w, https:\/\/www.ampeco.com\/content\/uploads\/2022\/12\/ev-charging-migration-sharing-750x420.jpg 750w, https:\/\/www.ampeco.com\/content\/uploads\/2022\/12\/ev-charging-migration-sharing-330x186.jpg 330w, https:\/\/www.ampeco.com\/content\/uploads\/2022\/12\/ev-charging-migration-sharing-660x371.jpg 660w, https:\/\/www.ampeco.com\/content\/uploads\/2022\/12\/ev-charging-migration-sharing-600x338.jpg 600w, https:\/\/www.ampeco.com\/content\/uploads\/2022\/12\/ev-charging-migration-sharing-1200x675.jpg 1200w, https:\/\/www.ampeco.com\/content\/uploads\/2022\/12\/ev-charging-migration-sharing-840x473.jpg 840w, https:\/\/www.ampeco.com\/content\/uploads\/2022\/12\/ev-charging-migration-sharing.jpg 1536w\" sizes=\"auto, (max-width: 512px) 100vw, 512px\" title=\"\">\t\t\t\t\t\t\t<\/a>\n\t\t\t\t\t\t<\/div>\n\t\t\t\t\t\t<div class=\"post_content\">\n\t\t\t\t\t\t\t<div class=\"post_info\">\n\t\t\t\t\t\t\t\t<!-- <span class=\"posted-on\"><time class=\"updated\" datetime=\"2022-12-07T13:22:06+00:00\">7. Dezember 2022<\/time><\/span> -->\n\t\t\t\t\t\t\t\t<span><a href=\"https:\/\/www.ampeco.com\/de\/author\/peter-nikolov\/\" rel=\"author\" class=\"fn\">Peter Nikolov<\/a><\/span>\n\t\t\t\t\t\t\t<\/div>\n\t\t\t\t\t\t\t<a class=\"post_name\" href=\"https:\/\/www.ampeco.com\/blog\/why-and-when-migrate-ev-charging-platform\/\">\n\t\t\t\t\t\t\t\t<h3>Why and when to migrate your EV charging platform<\/h3>\n\t\t\t\t\t\t\t<\/a>\n\t\t\t\t\t\t<\/div>\n\t\t\t\t\t<\/li>\n\t\t\t\t\t\t\t\t\t<li>\n\t\t\t\t\t\t<div class=\"post_image\">\n\t\t\t\t\t\t\t<a href=\"https:\/\/www.ampeco.com\/blog\/plan-execute-ev-charging-platform-migration\/\">\n\t\t\t\t\t\t\t\t<img loading=\"lazy\" decoding=\"async\" width=\"512\" height=\"288\" src=\"https:\/\/www.ampeco.com\/content\/uploads\/2022\/12\/migaration-part-2-512x288.png\" class=\"attachment-image-512 size-image-512 wp-post-image\" alt=\"-\" srcset=\"https:\/\/www.ampeco.com\/content\/uploads\/2022\/12\/migaration-part-2-512x288.png 512w, https:\/\/www.ampeco.com\/content\/uploads\/2022\/12\/migaration-part-2-96x54.png 96w, https:\/\/www.ampeco.com\/content\/uploads\/2022\/12\/migaration-part-2-300x169.png 300w, https:\/\/www.ampeco.com\/content\/uploads\/2022\/12\/migaration-part-2-768x432.png 768w, https:\/\/www.ampeco.com\/content\/uploads\/2022\/12\/migaration-part-2-1024x576.png 1024w, https:\/\/www.ampeco.com\/content\/uploads\/2022\/12\/migaration-part-2-750x420.png 750w, https:\/\/www.ampeco.com\/content\/uploads\/2022\/12\/migaration-part-2-330x186.png 330w, https:\/\/www.ampeco.com\/content\/uploads\/2022\/12\/migaration-part-2-660x371.png 660w, https:\/\/www.ampeco.com\/content\/uploads\/2022\/12\/migaration-part-2-600x338.png 600w, https:\/\/www.ampeco.com\/content\/uploads\/2022\/12\/migaration-part-2-1200x675.png 1200w, https:\/\/www.ampeco.com\/content\/uploads\/2022\/12\/migaration-part-2-840x473.png 840w, https:\/\/www.ampeco.com\/content\/uploads\/2022\/12\/migaration-part-2.png 1536w\" sizes=\"auto, (max-width: 512px) 100vw, 512px\" title=\"\">\t\t\t\t\t\t\t<\/a>\n\t\t\t\t\t\t<\/div>\n\t\t\t\t\t\t<div class=\"post_content\">\n\t\t\t\t\t\t\t<div class=\"post_info\">\n\t\t\t\t\t\t\t\t<!-- <span class=\"posted-on\"><time class=\"updated\" datetime=\"2022-12-14T12:24:23+00:00\">14. Dezember 2022<\/time><\/span> -->\n\t\t\t\t\t\t\t\t<span><a href=\"https:\/\/www.ampeco.com\/de\/author\/peter-nikolov\/\" rel=\"author\" class=\"fn\">Peter Nikolov<\/a><\/span>\n\t\t\t\t\t\t\t<\/div>\n\t\t\t\t\t\t\t<a class=\"post_name\" href=\"https:\/\/www.ampeco.com\/blog\/plan-execute-ev-charging-platform-migration\/\">\n\t\t\t\t\t\t\t\t<h3>How to plan and execute an EV charging platform migration<\/h3>\n\t\t\t\t\t\t\t<\/a>\n\t\t\t\t\t\t<\/div>\n\t\t\t\t\t<\/li>\n\t\t\t\t\t\t\t\t\t<li>\n\t\t\t\t\t\t<div class=\"post_image\">\n\t\t\t\t\t\t\t<a href=\"https:\/\/www.ampeco.com\/blog\/ev-charging-backend-platform-checklist\/\">\n\t\t\t\t\t\t\t\t<img loading=\"lazy\" decoding=\"async\" width=\"512\" height=\"269\" src=\"https:\/\/www.ampeco.com\/content\/uploads\/2020\/08\/electric-vehicle-charging-on-street-512x269.png\" class=\"attachment-image-512 size-image-512 wp-post-image\" alt=\"electric vehicle charging on street\" srcset=\"https:\/\/www.ampeco.com\/content\/uploads\/2020\/08\/electric-vehicle-charging-on-street-512x269.png 512w, https:\/\/www.ampeco.com\/content\/uploads\/2020\/08\/electric-vehicle-charging-on-street-300x158.png 300w, https:\/\/www.ampeco.com\/content\/uploads\/2020\/08\/electric-vehicle-charging-on-street-768x403.png 768w, https:\/\/www.ampeco.com\/content\/uploads\/2020\/08\/electric-vehicle-charging-on-street-1024x538.png 1024w, https:\/\/www.ampeco.com\/content\/uploads\/2020\/08\/electric-vehicle-charging-on-street-96x50.png 96w, https:\/\/www.ampeco.com\/content\/uploads\/2020\/08\/electric-vehicle-charging-on-street-330x173.png 330w, https:\/\/www.ampeco.com\/content\/uploads\/2020\/08\/electric-vehicle-charging-on-street-660x347.png 660w, https:\/\/www.ampeco.com\/content\/uploads\/2020\/08\/electric-vehicle-charging-on-street-600x315.png 600w, https:\/\/www.ampeco.com\/content\/uploads\/2020\/08\/electric-vehicle-charging-on-street-840x441.png 840w, https:\/\/www.ampeco.com\/content\/uploads\/2020\/08\/electric-vehicle-charging-on-street.png 1200w\" sizes=\"auto, (max-width: 512px) 100vw, 512px\" title=\"\">\t\t\t\t\t\t\t<\/a>\n\t\t\t\t\t\t<\/div>\n\t\t\t\t\t\t<div class=\"post_content\">\n\t\t\t\t\t\t\t<div class=\"post_info\">\n\t\t\t\t\t\t\t\t<!-- <span class=\"posted-on\"><time class=\"updated\" datetime=\"2020-08-13T15:14:19+00:00\">13. August 2020<\/time><\/span> -->\n\t\t\t\t\t\t\t\t<span><a href=\"https:\/\/www.ampeco.com\/de\/author\/baycho-georgiev\/\" rel=\"author\" class=\"fn\">Baycho Georgiev<\/a><\/span>\n\t\t\t\t\t\t\t<\/div>\n\t\t\t\t\t\t\t<a class=\"post_name\" href=\"https:\/\/www.ampeco.com\/blog\/ev-charging-backend-platform-checklist\/\">\n\t\t\t\t\t\t\t\t<h3>EV charging backend platform checklist &#8211; 6 most important features to consider<\/h3>\n\t\t\t\t\t\t\t<\/a>\n\t\t\t\t\t\t<\/div>\n\t\t\t\t\t<\/li>\n\t\t\t\t\t\t\t<\/ul>\n\t\t\t<\/div>\n\t<div class=\"column_right\">\n\t\t<h4>Einblicke<\/h4>\n\t\t\t\t\t\t\t<ul class=\"cr_list\">\n\t\t\t\t\t\t\t\t\t<li>\n\t\t\t\t\t\t<a href=\"https:\/\/www.ampeco.com\/blog\/6-reasons-to-use-white-label-solution\/\">6 reasons to use a white-label EV charging solution<\/a>\n\t\t\t\t\t<\/li>\n\t\t\t\t\t\t\t\t\t<li>\n\t\t\t\t\t\t<a href=\"\"><\/a>\n\t\t\t\t\t<\/li>\n\t\t\t\t\t\t\t\t\t<li>\n\t\t\t\t\t\t<a href=\"https:\/\/www.ampeco.com\/blog\/energy-performance-of-buildings-directive-ev-charging\/\">What the Energy Performance of Buildings Directive means for EV charging<\/a>\n\t\t\t\t\t<\/li>\n\t\t\t\t\t\t\t\t\t<li>\n\t\t\t\t\t\t<a href=\"https:\/\/www.ampeco.com\/blog\/us-new-ev-charging-action-plan\/\">The US has officially joined the race: a new EV Charging Action Plan<\/a>\n\t\t\t\t\t<\/li>\n\t\t\t\t\t\t\t\t\t<li>\n\t\t\t\t\t\t<a href=\"https:\/\/www.ampeco.com\/blog\/ev-roaming-scaling-charge-point-network\/\">EV Roaming: An Important Key to Scaling Your Charge Point Network<\/a>\n\t\t\t\t\t<\/li>\n\t\t\t\t\t\t\t<\/ul>\n\t\t\t\t\t\t\t\t\t<a class=\"viewmore\" href=\"\/blog\">Mehr sehen<\/a>\n\t\t\t<\/div>\n<\/div>\n<\/div>\n\n<div style=\"border-radius:var(--spacing-4xl, 32px);overflow:hidden;\" class=\"wp-block-group is-style-section-nds is-layout-constrained wp-block-group-is-layout-constrained\">\n<h2 class=\"wp-block-heading has-text-align-center\">Entdecken Sie die Branche<\/h2>\n\n\n\n<p class=\"has-text-align-center is-style-default\">Handverlesene Ressourcen von f\u00fchrenden Branchenexperten.<\/p>\n\n\n\n<div style=\"height:40px\" aria-hidden=\"true\" class=\"wp-block-spacer\"><\/div>\n\n\n<style>.kb-row-layout-id15317_f4284b-f9 > .kt-row-column-wrap{align-content:start;}:where(.kb-row-layout-id15317_f4284b-f9 > .kt-row-column-wrap) > .wp-block-kadence-column{justify-content:start;}.kb-row-layout-id15317_f4284b-f9 > .kt-row-column-wrap{column-gap:var(--global-kb-gap-lg, 4rem);row-gap:80px;padding-top:var(--global-kb-spacing-sm, 1.5rem);padding-bottom:var(--global-kb-spacing-sm, 1.5rem);grid-template-columns:repeat(2, minmax(0, 1fr));}.kb-row-layout-id15317_f4284b-f9 > .kt-row-layout-overlay{opacity:0.30;}@media all and (max-width: 1024px){.kb-row-layout-id15317_f4284b-f9 > .kt-row-column-wrap{grid-template-columns:repeat(2, minmax(0, 1fr));}}@media all and (max-width: 767px){.kb-row-layout-id15317_f4284b-f9 > .kt-row-column-wrap{grid-template-columns:minmax(0, 1fr);}}<\/style><div class=\"kb-row-layout-wrap kb-row-layout-id15317_f4284b-f9 alignnone wp-block-kadence-rowlayout\"><div class=\"kt-row-column-wrap kt-has-2-columns kt-row-layout-equal kt-tab-layout-inherit kt-mobile-layout-row kt-row-valign-top\">\n<style>.kadence-column15317_e77f62-d2 > .kt-inside-inner-col,.kadence-column15317_e77f62-d2 > .kt-inside-inner-col:before{border-top-left-radius:0px;border-top-right-radius:0px;border-bottom-right-radius:0px;border-bottom-left-radius:0px;}.kadence-column15317_e77f62-d2 > .kt-inside-inner-col{column-gap:var(--global-kb-gap-sm, 1rem);}.kadence-column15317_e77f62-d2 > .kt-inside-inner-col{flex-direction:column;}.kadence-column15317_e77f62-d2 > .kt-inside-inner-col > .aligncenter{width:100%;}.kadence-column15317_e77f62-d2 > .kt-inside-inner-col:before{opacity:0.3;}.kadence-column15317_e77f62-d2{position:relative;}@media all and (max-width: 1024px){.kadence-column15317_e77f62-d2 > .kt-inside-inner-col{flex-direction:column;justify-content:center;}}@media all and (max-width: 767px){.kadence-column15317_e77f62-d2 > .kt-inside-inner-col{flex-direction:column;justify-content:center;}}<\/style>\n<div class=\"wp-block-kadence-column kadence-column15317_e77f62-d2 inner-column-1\"><div class=\"kt-inside-inner-col\">\n<div class=\"wp-block-group ebook-cont is-layout-constrained wp-block-group-is-layout-constrained\">\n<figure class=\"wp-block-image size-full\"><img decoding=\"async\" src=\"https:\/\/www.ampeco.com\/content\/uploads\/2022\/10\/&#x435;-book-thumb-10-features.png\" alt=\"-\" class=\"wp-image-12799\" title=\"\"><\/figure>\n\n\n<style>.wp-block-kadence-spacer.kt-block-spacer-15317_1419b1-51 .kt-block-spacer{height:40px;}.wp-block-kadence-spacer.kt-block-spacer-15317_1419b1-51 .kt-divider{border-top-width:1px;height:1px;border-top-color:#eee;width:80%;border-top-style:solid;}<\/style>\n<div class=\"wp-block-kadence-spacer aligncenter kt-block-spacer-15317_1419b1-51\"><div class=\"kt-block-spacer kt-block-spacer-halign-center\"><\/div><\/div>\n\n\n\n<h3 class=\"wp-block-heading has-text-align-center has-l-font-size\">Die 10 Funktionen, die Ihre EV-Lademanagement-Software unbedingt haben muss (auf Englisch)<\/h3>\n\n\n\n<p class=\"has-text-align-center is-style-font-weight-normal\">Machen Sie sich mit den gesch\u00e4ftskritischen Softwarefunktionen im Detail vertraut und erfahren Sie, wie Sie alle EV-Ladestrategien \u00fcber eine Plattform abdecken k\u00f6nnen. Lesen Sie jetzt, um sich f\u00fcr den Erfolg zu r\u00fcsten.<\/p>\n\n\n\n<div class=\"wp-block-buttons is-style-top-spacing is-content-justification-center is-layout-flex wp-container-core-buttons-is-layout-a89b3969 wp-block-buttons-is-layout-flex\">\n<div class=\"wp-block-button\"><a class=\"wp-block-button__link wp-element-button\" href=\"https:\/\/www.ampeco.com\/resources\/ebook-the-10-features-your-ev-charging-management-software-must-have\/\">Ebook herunterladen<\/a><\/div>\n<\/div>\n<\/div>\n<\/div><\/div>\n\n\n<style>.kadence-column15317_f79847-09 > .kt-inside-inner-col,.kadence-column15317_f79847-09 > .kt-inside-inner-col:before{border-top-left-radius:0px;border-top-right-radius:0px;border-bottom-right-radius:0px;border-bottom-left-radius:0px;}.kadence-column15317_f79847-09 > .kt-inside-inner-col{column-gap:var(--global-kb-gap-sm, 1rem);}.kadence-column15317_f79847-09 > .kt-inside-inner-col{flex-direction:column;}.kadence-column15317_f79847-09 > .kt-inside-inner-col > .aligncenter{width:100%;}.kadence-column15317_f79847-09 > .kt-inside-inner-col:before{opacity:0.3;}.kadence-column15317_f79847-09{position:relative;}@media all and (max-width: 1024px){.kadence-column15317_f79847-09 > .kt-inside-inner-col{flex-direction:column;justify-content:center;}}@media all and (max-width: 767px){.kadence-column15317_f79847-09 > .kt-inside-inner-col{flex-direction:column;justify-content:center;}}<\/style>\n<div class=\"wp-block-kadence-column kadence-column15317_f79847-09 inner-column-2\"><div class=\"kt-inside-inner-col\">\n<div class=\"wp-block-group ebook-cont is-layout-constrained wp-block-group-is-layout-constrained\">\n<figure class=\"wp-block-image size-full\"><img decoding=\"async\" src=\"https:\/\/www.ampeco.com\/content\/uploads\/2022\/10\/&#x435;-book-thumb-platform-overview.png\" alt=\"-\" class=\"wp-image-12801\" title=\"\"><\/figure>\n\n\n<style>.wp-block-kadence-spacer.kt-block-spacer-15317_529dd4-a1 .kt-block-spacer{height:40px;}.wp-block-kadence-spacer.kt-block-spacer-15317_529dd4-a1 .kt-divider{border-top-width:1px;height:1px;border-top-color:#eee;width:80%;border-top-style:solid;}<\/style>\n<div class=\"wp-block-kadence-spacer aligncenter kt-block-spacer-15317_529dd4-a1\"><div class=\"kt-block-spacer kt-block-spacer-halign-center\"><\/div><\/div>\n\n\n\n<h3 class=\"wp-block-heading has-text-align-center has-l-font-size\">Die AMPECO Plattform im \u00dcberblick<br\/><br\/><\/h3>\n\n\n\n<p class=\"has-text-align-center is-style-font-weight-normal\">Finden Sie heraus, wie Sie ein zuverl\u00e4ssiges und profitables EV-Ladenetzwerk mit der EV-Ladesoftware von AMPECO verwalten k\u00f6nnen.<br\/><br\/><\/p>\n\n\n\n<div class=\"wp-block-buttons is-style-top-spacing is-content-justification-center is-layout-flex wp-container-core-buttons-is-layout-a89b3969 wp-block-buttons-is-layout-flex\">\n<div class=\"wp-block-button\"><a class=\"wp-block-button__link wp-element-button\" href=\"https:\/\/www.ampeco.com\/platform-overview-ebook\/\">Ebook herunterladen<\/a><\/div>\n<\/div>\n<\/div>\n<\/div><\/div>\n\n<\/div><\/div><\/div>\n\n<div style=\"border-radius:var(--spacing-4xl, 32px);overflow:hidden;\" class=\"wp-block-group is-style-section-nds-margin has-lightbluebg-background-color has-background is-layout-constrained wp-block-group-is-layout-constrained\">\n<h2 class=\"wp-block-heading has-text-align-center reveal\">Alle Funktionen, die Sie f\u00fcr den Start und den Betrieb <br\/>Ihres EV-Ladegesch\u00e4fts ben\u00f6tigen<\/h2>\n\n\n\n<div id=\"iconsgrid-block_56558502c9225584b9ba573e9e3e5b48\" class=\"block-iconsgrid\">\n\t<ul class=\"features_icons_grid\">\n\t\t\t\t\t\t\t\t\t<li>\n\t\t\t\t\t\t\t\t\t\t\t<a href=\"\/de\/ev-ladeplattform\/white-label-ev-ladesoftware\/\">\n\t\t\t\t\t\t\t\t\t\t\t<div class=\"fi_item_wrap\">\n\t\t\t\t\t\t\t<div class=\"fi_item_icon\">\n\t\t\t\t\t\t\t\t\t\t\t\t\t\t\t\t\t\t\t\t\t\t\t\t\t\t\t<img loading=\"lazy\" decoding=\"async\" width=\"39\" height=\"39\" src=\"https:\/\/www.ampeco.com\/content\/uploads\/2022\/10\/white_label.svg\" class=\"attachment-full size-full\" alt=\"-\" title=\"\">\t\t\t\t\t\t\t\t\t\t\t\t\t\t\t\t\t\t\t\t\t\t\t\t<\/div>\n\t\t\t\t\t\t\t<div class=\"fi_item_title\">\n\t\t\t\t\t\t\t\t<h5>White-Label<\/h5>\n\t\t\t\t\t\t\t<\/div>\n\t\t\t\t\t\t\t\t\t\t\t\t\t<\/div>\n\t\t\t\t\t\t\t\t\t\t\t<\/a>\n\t\t\t\t\t\t\t\t\t<\/li>\n\t\t\t\t\t\t\t<li>\n\t\t\t\t\t\t\t\t\t\t\t<a href=\"\/de\/ev-ladeplattform\/zahlungen-und-abrechnungen\/\">\n\t\t\t\t\t\t\t\t\t\t\t<div class=\"fi_item_wrap\">\n\t\t\t\t\t\t\t<div class=\"fi_item_icon\">\n\t\t\t\t\t\t\t\t\t\t\t\t\t\t\t\t\t\t\t\t\t\t\t\t\t\t\t<img loading=\"lazy\" decoding=\"async\" width=\"34\" height=\"38\" src=\"https:\/\/www.ampeco.com\/content\/uploads\/2022\/10\/Invoice.svg\" class=\"attachment-full size-full\" alt=\"-\" title=\"\">\t\t\t\t\t\t\t\t\t\t\t\t\t\t\t\t\t\t\t\t\t\t\t\t<\/div>\n\t\t\t\t\t\t\t<div class=\"fi_item_title\">\n\t\t\t\t\t\t\t\t<h5>Zahlungen &amp; Abrechnungen<\/h5>\n\t\t\t\t\t\t\t<\/div>\n\t\t\t\t\t\t\t\t\t\t\t\t\t<\/div>\n\t\t\t\t\t\t\t\t\t\t\t<\/a>\n\t\t\t\t\t\t\t\t\t<\/li>\n\t\t\t\t\t\t\t<li>\n\t\t\t\t\t\t\t\t\t\t\t<a href=\"\/de\/ev-ladeplattform\/hardware-agnostisch\/\">\n\t\t\t\t\t\t\t\t\t\t\t<div class=\"fi_item_wrap\">\n\t\t\t\t\t\t\t<div class=\"fi_item_icon\">\n\t\t\t\t\t\t\t\t\t\t\t\t\t\t\t\t\t\t\t\t\t\t\t\t\t\t\t<img loading=\"lazy\" decoding=\"async\" width=\"32\" height=\"38\" src=\"https:\/\/www.ampeco.com\/content\/uploads\/2022\/10\/hardware_agnostic.svg\" class=\"attachment-full size-full\" alt=\"-\" title=\"\">\t\t\t\t\t\t\t\t\t\t\t\t\t\t\t\t\t\t\t\t\t\t\t\t<\/div>\n\t\t\t\t\t\t\t<div class=\"fi_item_title\">\n\t\t\t\t\t\t\t\t<h5>Hardware-agnostisch<\/h5>\n\t\t\t\t\t\t\t<\/div>\n\t\t\t\t\t\t\t\t\t\t\t\t\t<\/div>\n\t\t\t\t\t\t\t\t\t\t\t<\/a>\n\t\t\t\t\t\t\t\t\t<\/li>\n\t\t\t\t\t\t\t<li>\n\t\t\t\t\t\t\t\t\t\t\t<a href=\"https:\/\/www.ampeco.com\/public-api\/\">\n\t\t\t\t\t\t\t\t\t\t\t<div class=\"fi_item_wrap\">\n\t\t\t\t\t\t\t<div class=\"fi_item_icon\">\n\t\t\t\t\t\t\t\t\t\t\t\t\t\t\t\t\t\t\t\t\t\t\t\t\t\t\t<img loading=\"lazy\" decoding=\"async\" width=\"41\" height=\"41\" src=\"https:\/\/www.ampeco.com\/content\/uploads\/2022\/10\/settings.svg\" class=\"attachment-full size-full\" alt=\"-\" title=\"\">\t\t\t\t\t\t\t\t\t\t\t\t\t\t\t\t\t\t\t\t\t\t\t\t<\/div>\n\t\t\t\t\t\t\t<div class=\"fi_item_title\">\n\t\t\t\t\t\t\t\t<h5>AMPECO API<\/h5>\n\t\t\t\t\t\t\t<\/div>\n\t\t\t\t\t\t\t\t\t\t\t\t\t<\/div>\n\t\t\t\t\t\t\t\t\t\t\t<\/a>\n\t\t\t\t\t\t\t\t\t<\/li>\n\t\t\t\t\t\t\t<li>\n\t\t\t\t\t\t\t\t\t\t\t<a href=\"\/ev-charging-platform\/#evroaming\">\n\t\t\t\t\t\t\t\t\t\t\t<div class=\"fi_item_wrap\">\n\t\t\t\t\t\t\t<div class=\"fi_item_icon\">\n\t\t\t\t\t\t\t\t\t\t\t\t\t\t\t\t\t\t\t\t\t\t\t\t\t\t\t<img loading=\"lazy\" decoding=\"async\" width=\"46\" height=\"46\" src=\"https:\/\/www.ampeco.com\/content\/uploads\/2022\/10\/ev_roaming.svg\" class=\"attachment-full size-full\" alt=\"-\" title=\"\">\t\t\t\t\t\t\t\t\t\t\t\t\t\t\t\t\t\t\t\t\t\t\t\t<\/div>\n\t\t\t\t\t\t\t<div class=\"fi_item_title\">\n\t\t\t\t\t\t\t\t<h5>EV-Roaming<\/h5>\n\t\t\t\t\t\t\t<\/div>\n\t\t\t\t\t\t\t\t\t\t\t\t\t<\/div>\n\t\t\t\t\t\t\t\t\t\t\t<\/a>\n\t\t\t\t\t\t\t\t\t<\/li>\n\t\t\t\t\t\t\t<li>\n\t\t\t\t\t\t\t\t\t\t\t<a href=\"https:\/\/www.ampeco.com\/de\/dynamisches-last-management\/\">\n\t\t\t\t\t\t\t\t\t\t\t<div class=\"fi_item_wrap\">\n\t\t\t\t\t\t\t<div class=\"fi_item_icon\">\n\t\t\t\t\t\t\t\t\t\t\t\t\t\t\t\t\t\t\t\t\t\t\t\t\t\t\t<img loading=\"lazy\" decoding=\"async\" width=\"38\" height=\"38\" src=\"https:\/\/www.ampeco.com\/content\/uploads\/2022\/10\/dynamic_load_management.svg\" class=\"attachment-full size-full\" alt=\"-\" title=\"\">\t\t\t\t\t\t\t\t\t\t\t\t\t\t\t\t\t\t\t\t\t\t\t\t<\/div>\n\t\t\t\t\t\t\t<div class=\"fi_item_title\">\n\t\t\t\t\t\t\t\t<h5>Dynamisches Lastmanagement<\/h5>\n\t\t\t\t\t\t\t<\/div>\n\t\t\t\t\t\t\t\t\t\t\t\t\t<\/div>\n\t\t\t\t\t\t\t\t\t\t\t<\/a>\n\t\t\t\t\t\t\t\t\t<\/li>\n\t\t\t\t\t\t\t<li>\n\t\t\t\t\t\t\t\t\t\t\t<a href=\"\/de\/ev-ladeplattform\/plane-und-tarife\/\">\n\t\t\t\t\t\t\t\t\t\t\t<div class=\"fi_item_wrap\">\n\t\t\t\t\t\t\t<div class=\"fi_item_icon\">\n\t\t\t\t\t\t\t\t\t\t\t\t\t\t\t\t\t\t\t\t\t\t\t\t\t\t\t<img loading=\"lazy\" decoding=\"async\" width=\"37\" height=\"40\" src=\"https:\/\/www.ampeco.com\/content\/uploads\/2022\/10\/plans.svg\" class=\"attachment-full size-full\" alt=\"-\" title=\"\">\t\t\t\t\t\t\t\t\t\t\t\t\t\t\t\t\t\t\t\t\t\t\t\t<\/div>\n\t\t\t\t\t\t\t<div class=\"fi_item_title\">\n\t\t\t\t\t\t\t\t<h5>Pl\u00e4ne &amp; Tarife<\/h5>\n\t\t\t\t\t\t\t<\/div>\n\t\t\t\t\t\t\t\t\t\t\t\t\t<\/div>\n\t\t\t\t\t\t\t\t\t\t\t<\/a>\n\t\t\t\t\t\t\t\t\t<\/li>\n\t\t\t\t\t\t\t<li>\n\t\t\t\t\t\t\t\t\t\t\t<a href=\"\/ev-charging-platform\/#partnermanagement\">\n\t\t\t\t\t\t\t\t\t\t\t<div class=\"fi_item_wrap\">\n\t\t\t\t\t\t\t<div class=\"fi_item_icon\">\n\t\t\t\t\t\t\t\t\t\t\t\t\t\t\t\t\t\t\t\t\t\t\t\t\t\t\t<img loading=\"lazy\" decoding=\"async\" width=\"48\" height=\"48\" src=\"https:\/\/www.ampeco.com\/content\/uploads\/2022\/10\/customer_management.svg\" class=\"attachment-full size-full\" alt=\"-\" title=\"\">\t\t\t\t\t\t\t\t\t\t\t\t\t\t\t\t\t\t\t\t\t\t\t\t<\/div>\n\t\t\t\t\t\t\t<div class=\"fi_item_title\">\n\t\t\t\t\t\t\t\t<h5>Kunden- und Partnerverwaltung<\/h5>\n\t\t\t\t\t\t\t<\/div>\n\t\t\t\t\t\t\t\t\t\t\t\t\t<\/div>\n\t\t\t\t\t\t\t\t\t\t\t<\/a>\n\t\t\t\t\t\t\t\t\t<\/li>\n\t\t\t\t\t\t\t<li>\n\t\t\t\t\t\t\t\t\t\t\t<a href=\"\/de\/ev-ladeplattform\/fernverwaltung-und-wartung\/\">\n\t\t\t\t\t\t\t\t\t\t\t<div class=\"fi_item_wrap\">\n\t\t\t\t\t\t\t<div class=\"fi_item_icon\">\n\t\t\t\t\t\t\t\t\t\t\t\t\t\t\t\t\t\t\t\t\t\t\t\t\t\t\t<img loading=\"lazy\" decoding=\"async\" width=\"38\" height=\"38\" src=\"https:\/\/www.ampeco.com\/content\/uploads\/2022\/10\/remote_management.svg\" class=\"attachment-full size-full\" alt=\"-\" title=\"\">\t\t\t\t\t\t\t\t\t\t\t\t\t\t\t\t\t\t\t\t\t\t\t\t<\/div>\n\t\t\t\t\t\t\t<div class=\"fi_item_title\">\n\t\t\t\t\t\t\t\t<h5>Fernverwaltung und -wartung<\/h5>\n\t\t\t\t\t\t\t<\/div>\n\t\t\t\t\t\t\t\t\t\t\t\t\t<\/div>\n\t\t\t\t\t\t\t\t\t\t\t<\/a>\n\t\t\t\t\t\t\t\t\t<\/li>\n\t\t\t\t\t\t\t<li>\n\t\t\t\t\t\t\t\t\t\t\t<a href=\"\/ev-charging-platform\/#security\">\n\t\t\t\t\t\t\t\t\t\t\t<div class=\"fi_item_wrap\">\n\t\t\t\t\t\t\t<div class=\"fi_item_icon\">\n\t\t\t\t\t\t\t\t\t\t\t\t\t\t\t\t\t\t\t\t\t\t\t\t\t\t\t<img loading=\"lazy\" decoding=\"async\" width=\"38\" height=\"34\" src=\"https:\/\/www.ampeco.com\/content\/uploads\/2022\/10\/security.svg\" class=\"attachment-full size-full\" alt=\"-\" title=\"\">\t\t\t\t\t\t\t\t\t\t\t\t\t\t\t\t\t\t\t\t\t\t\t\t<\/div>\n\t\t\t\t\t\t\t<div class=\"fi_item_title\">\n\t\t\t\t\t\t\t\t<h5>Sicherheit &amp; Skalierbarkeit<\/h5>\n\t\t\t\t\t\t\t<\/div>\n\t\t\t\t\t\t\t\t\t\t\t\t\t<\/div>\n\t\t\t\t\t\t\t\t\t\t\t<\/a>\n\t\t\t\t\t\t\t\t\t<\/li>\n\t\t\t\t\t\t\t<li>\n\t\t\t\t\t\t\t\t\t\t\t<a href=\"\/ev-charging-platform\/#reports\">\n\t\t\t\t\t\t\t\t\t\t\t<div class=\"fi_item_wrap\">\n\t\t\t\t\t\t\t<div class=\"fi_item_icon\">\n\t\t\t\t\t\t\t\t\t\t\t\t\t\t\t\t\t\t\t\t\t\t\t\t\t\t\t<img loading=\"lazy\" decoding=\"async\" width=\"31\" height=\"31\" src=\"https:\/\/www.ampeco.com\/content\/uploads\/2022\/10\/report_analytics.svg\" class=\"attachment-full size-full\" alt=\"-\" title=\"\">\t\t\t\t\t\t\t\t\t\t\t\t\t\t\t\t\t\t\t\t\t\t\t\t<\/div>\n\t\t\t\t\t\t\t<div class=\"fi_item_title\">\n\t\t\t\t\t\t\t\t<h5>Berichte &amp; Analysen<\/h5>\n\t\t\t\t\t\t\t<\/div>\n\t\t\t\t\t\t\t\t\t\t\t\t\t<\/div>\n\t\t\t\t\t\t\t\t\t\t\t<\/a>\n\t\t\t\t\t\t\t\t\t<\/li>\n\t\t\t\t\t\t\t<li>\n\t\t\t\t\t\t\t\t\t\t\t<a href=\"https:\/\/www.ampeco.com\/zuhause-laden\/\">\n\t\t\t\t\t\t\t\t\t\t\t<div class=\"fi_item_wrap\">\n\t\t\t\t\t\t\t<div class=\"fi_item_icon\">\n\t\t\t\t\t\t\t\t\t\t\t\t\t\t\t\t\t\t\t\t\t\t\t\t\t\t\t<img loading=\"lazy\" decoding=\"async\" width=\"38\" height=\"38\" src=\"https:\/\/www.ampeco.com\/content\/uploads\/2022\/10\/home.svg\" class=\"attachment-full size-full\" alt=\"-\" title=\"\">\t\t\t\t\t\t\t\t\t\t\t\t\t\t\t\t\t\t\t\t\t\t\t\t<\/div>\n\t\t\t\t\t\t\t<div class=\"fi_item_title\">\n\t\t\t\t\t\t\t\t<h5>Laden zu Hause<\/h5>\n\t\t\t\t\t\t\t<\/div>\n\t\t\t\t\t\t\t\t\t\t\t\t\t<\/div>\n\t\t\t\t\t\t\t\t\t\t\t<\/a>\n\t\t\t\t\t\t\t\t\t<\/li>\n\t\t\t\t\t\t<\/ul>\n<\/div>\n\n\n\n<div class=\"wp-block-buttons reveal_stagger is-layout-flex wp-block-buttons-is-layout-flex\">\n<div class=\"wp-block-button aligncenter is-style-short-underline-nds-centered\"><a class=\"wp-block-button__link wp-element-button\" href=\"https:\/\/www.ampeco.com\/de\/ev-ladeplattform\/\">Alle Funktionen entdecken<\/a><\/div>\n<\/div>\n<\/div>\n\n<div style=\"border-radius:var(--spacing-4xl, 32px);overflow:hidden;\" class=\"wp-block-group is-style-section-nds-margin is-layout-constrained wp-block-group-is-layout-constrained\">\n<h2 class=\"wp-block-heading has-text-align-center\">FAQs zur Migration der EV-Ladeplattform<\/h2>\n\n\n<div id=\"rank-math-faq\" class=\"rank-math-block\">\n<div class=\"rank-math-list \">\n<div id=\"faq-question-1661947214412\" class=\"rank-math-list-item\">\n<h3 class=\"rank-math-question \"><strong>Was hei\u00dft genau eine Migration der EV-Ladeplattform?<\/strong><\/h3>\n<div class=\"rank-math-answer \">\n\n<p>Die Migration einer EV-Ladeplattform ist der Prozess der Verlagerung von EV-Ladevorg\u00e4ngen, einschlie\u00dflich Daten, Benutzern, Ladesessions und Ladestationen, von einer Softwareplattform zu einer anderen.<\/p>\n\n<\/div>\n<\/div>\n<div id=\"faq-question-1661947225498\" class=\"rank-math-list-item\">\n<h3 class=\"rank-math-question \"><strong>Ist eine Migration von jeder Plattform aus m\u00f6glich?<\/strong><\/h3>\n<div class=\"rank-math-answer \">\n\n<p>Ja, Sie k\u00f6nnen von einer hausinternen EV-Ladeplattform oder von einem Softwareanbieter migrieren.<\/p>\n\n<\/div>\n<\/div>\n<div id=\"faq-question-1661947231137\" class=\"rank-math-list-item\">\n<h3 class=\"rank-math-question \"><strong>Wie viel Zeit nimmt eine Plattformmigration in Anspruch?<\/strong><\/h3>\n<div class=\"rank-math-answer \">\n\n<p>Wie viel Zeit eine Migration in Anspruch nimmt, h\u00e4ngt davon ab, wie gut Sie sie vorbereiten und planen und welchen Migrationsansatz Sie w\u00e4hlen. Sie k\u00f6nnen sich daf\u00fcr entscheiden, alle Ihre Daten und Vorg\u00e4nge auf einmal auf die neue Plattform zu migrieren, oder Sie k\u00f6nnen sich f\u00fcr eine schrittweise Migration entscheiden. Wir helfen Ihnen bei der Entscheidung \u00fcber den besten Ansatz f\u00fcr Ihr Unternehmen.<\/p>\n\n<\/div>\n<\/div>\n<div id=\"faq-question-1664896027576\" class=\"rank-math-list-item\">\n<h3 class=\"rank-math-question \"><strong>Wer ist an dem Migrationsprozess beteiligt?<\/strong><\/h3>\n<div class=\"rank-math-answer \">\n\n<p>Ihr technisches Team, Ihr aktueller Softwareanbieter (falls zutreffend) und Ihr neuer Softwareanbieter werden den Gro\u00dfteil der schweren Arbeit w\u00e4hrend des Migrationsprozesses \u00fcbernehmen. Aber Ihre Kunden, Partner und Mitarbeiter nutzen alle Ihre Plattform. Kommunizieren Sie den Migrationsprozess und die \u00c4nderungen mit Ihrem Team, um die Arbeitsbelastung effektiv zu planen und die richtigen Erwartungen zu setzen. Wenn es zu Unterbrechungen Ihrer Dienste kommt, sollten Sie Ihre Kunden im Voraus dar\u00fcber informieren.<\/p>\n<p>Insgesamt wird der Erfolg des Migrationsprozesses von der effektiven Zusammenarbeit und Koordination all dieser Beteiligten abh\u00e4ngen.<\/p>\n\n<\/div>\n<\/div>\n<div id=\"faq-question-1673261513070\" class=\"rank-math-list-item\">\n<h3 class=\"rank-math-question \">Wie kann man einen Migrationsprozess planen?<\/h3>\n<div class=\"rank-math-answer \">\n\n<p>Beim Scoping geht es darum, die Gesch\u00e4ftslogik und die Funktionen Ihrer bestehenden Plattform auf Ihre neue Plattform zu \u00fcbertragen, z. B. Ihre Tarife, Partner, Benutzer, Ladeger\u00e4te, Abonnementpl\u00e4ne usw. Entscheiden Sie, welche Daten Sie migrieren m\u00fcssen und ob Sie alles auf einmal migrieren wollen. Sie k\u00f6nnten einigen Datens\u00e4tzen Vorrang vor anderen einr\u00e4umen und sie schrittweise auf die neue Plattform \u00fcbertragen. Sch\u00e4tzen Sie das Budget und die ben\u00f6tigten Ressourcen auf der Grundlage des Umfangs Ihrer Migration.<\/p>\n\n<\/div>\n<\/div>\n<\/div>\n<\/div><\/div>\n\n<div style=\"border-radius:var(--spacing-4xl, 32px);overflow:hidden;\" class=\"wp-block-group is-style-default has-light-gradient-gradient-background has-background is-layout-constrained wp-block-group-is-layout-constrained\"><style>.kb-row-layout-id15317_062980-a1 > .kt-row-column-wrap{align-content:center;}:where(.kb-row-layout-id15317_062980-a1 > .kt-row-column-wrap) > .wp-block-kadence-column{justify-content:center;}.kb-row-layout-id15317_062980-a1 > .kt-row-column-wrap{column-gap:var(--global-kb-gap-md, 2rem);row-gap:var(--global-kb-gap-md, 2rem);padding-top:0px;padding-bottom:0px;grid-template-columns:repeat(2, minmax(0, 1fr));}.kb-row-layout-id15317_062980-a1 > .kt-row-layout-overlay{opacity:0.30;}@media all and (max-width: 1024px){.kb-row-layout-id15317_062980-a1 > .kt-row-column-wrap{grid-template-columns:repeat(2, minmax(0, 1fr));}}@media all and (max-width: 767px){.kb-row-layout-id15317_062980-a1 > .kt-row-column-wrap{grid-template-columns:minmax(0, 1fr);}}<\/style><div class=\"kb-row-layout-wrap kb-row-layout-id15317_062980-a1 alignnone wp-block-kadence-rowlayout\"><div class=\"kt-row-column-wrap kt-has-2-columns kt-row-layout-equal kt-tab-layout-inherit kt-mobile-layout-row kt-row-valign-middle\">\n<style>.kadence-column15317_adfc5d-ad > .kt-inside-inner-col,.kadence-column15317_adfc5d-ad > .kt-inside-inner-col:before{border-top-left-radius:0px;border-top-right-radius:0px;border-bottom-right-radius:0px;border-bottom-left-radius:0px;}.kadence-column15317_adfc5d-ad > .kt-inside-inner-col{column-gap:var(--global-kb-gap-sm, 1rem);}.kadence-column15317_adfc5d-ad > .kt-inside-inner-col{flex-direction:column;}.kadence-column15317_adfc5d-ad > .kt-inside-inner-col > .aligncenter{width:100%;}.kadence-column15317_adfc5d-ad > .kt-inside-inner-col:before{opacity:0.3;}.kadence-column15317_adfc5d-ad{position:relative;}@media all and (max-width: 1024px){.kadence-column15317_adfc5d-ad > .kt-inside-inner-col{flex-direction:column;justify-content:center;}}@media all and (max-width: 767px){.kadence-column15317_adfc5d-ad > .kt-inside-inner-col{flex-direction:column;justify-content:center;}}<\/style>\n<div class=\"wp-block-kadence-column kadence-column15317_adfc5d-ad inner-column-1\"><div class=\"kt-inside-inner-col\">\n<h2 class=\"wp-block-heading\">Beratungsgespr\u00e4ch zum Thema Migration buchen<\/h2>\n\n\n\n<p class=\"has-m-font-size\">Unsere Experten f\u00fcr E-Mobilit\u00e4t beantworten Ihnen gerne alle Fragen zur Migration Ihrer EV-Ladeplattform<br\/><br\/>Lassen Sie uns \u00fcber Ihre aktuelle Situation, Ihren Bedarf an Softwareentwicklung und unseren Migrationsprozess sprechen oder dar\u00fcber, wie wir Ihnen helfen k\u00f6nnen, Ihr EV-Gesch\u00e4ft auszubauen.<\/p>\n\n\n\n<div class=\"wp-block-buttons is-style-top-spacing is-layout-flex wp-block-buttons-is-layout-flex\">\n<div class=\"wp-block-button\"><a class=\"wp-block-button__link wp-element-button\" href=\"https:\/\/www.ampeco.com\/de\/migrationsberatung-termin-buchen\/\">EINEN TERMIN BUCHEN<\/a><\/div>\n<\/div>\n<\/div><\/div>\n\n\n<style>.kadence-column15317_0db31c-90 > .kt-inside-inner-col,.kadence-column15317_0db31c-90 > .kt-inside-inner-col:before{border-top-left-radius:0px;border-top-right-radius:0px;border-bottom-right-radius:0px;border-bottom-left-radius:0px;}.kadence-column15317_0db31c-90 > .kt-inside-inner-col{column-gap:var(--global-kb-gap-sm, 1rem);}.kadence-column15317_0db31c-90 > .kt-inside-inner-col{flex-direction:column;}.kadence-column15317_0db31c-90 > .kt-inside-inner-col > .aligncenter{width:100%;}.kadence-column15317_0db31c-90 > .kt-inside-inner-col:before{opacity:0.3;}.kadence-column15317_0db31c-90{position:relative;}@media all and (max-width: 1024px){.kadence-column15317_0db31c-90 > .kt-inside-inner-col{flex-direction:column;justify-content:center;}}@media all and (max-width: 767px){.kadence-column15317_0db31c-90 > .kt-inside-inner-col{flex-direction:column;justify-content:center;}}<\/style>\n<div class=\"wp-block-kadence-column kadence-column15317_0db31c-90 inner-column-2\"><div class=\"kt-inside-inner-col\">\n<figure class=\"wp-block-image size-large no-mr-bot\"><img loading=\"lazy\" decoding=\"async\" width=\"971\" height=\"1024\" src=\"https:\/\/www.ampeco.com\/content\/uploads\/2022\/10\/experts@2x-971x1024.png\" alt=\"-\" class=\"wp-image-11517\" title=\"\" srcset=\"https:\/\/www.ampeco.com\/content\/uploads\/2022\/10\/experts@2x-971x1024.png 971w, https:\/\/www.ampeco.com\/content\/uploads\/2022\/10\/experts@2x-96x101.png 96w, https:\/\/www.ampeco.com\/content\/uploads\/2022\/10\/experts@2x-284x300.png 284w, https:\/\/www.ampeco.com\/content\/uploads\/2022\/10\/experts@2x-768x810.png 768w, https:\/\/www.ampeco.com\/content\/uploads\/2022\/10\/experts@2x-330x348.png 330w, https:\/\/www.ampeco.com\/content\/uploads\/2022\/10\/experts@2x-660x696.png 660w, https:\/\/www.ampeco.com\/content\/uploads\/2022\/10\/experts@2x-512x540.png 512w, https:\/\/www.ampeco.com\/content\/uploads\/2022\/10\/experts@2x-1024x1080.png 1024w, https:\/\/www.ampeco.com\/content\/uploads\/2022\/10\/experts@2x-600x633.png 600w, https:\/\/www.ampeco.com\/content\/uploads\/2022\/10\/experts@2x-840x886.png 840w, https:\/\/www.ampeco.com\/content\/uploads\/2022\/10\/experts@2x.png 1200w\" sizes=\"auto, (max-width: 971px) 100vw, 971px\" \/><\/figure>\n<\/div><\/div>\n\n<\/div><\/div><\/div>\n","protected":false},"excerpt":{"rendered":"<p>Migrieren Sie Ihre EV-Ladeplattform zu AMPECO Decken Sie mit unserer preisgekr\u00f6nten Plattform ein breiteres Spektrum an Anwendungsf\u00e4llen ab, skalieren Sie schneller und senken Sie die Kosten. Lassen Sie nicht zu, dass Ihre [&hellip;]<\/p>\n","protected":false},"author":15,"featured_media":22028,"parent":0,"menu_order":0,"comment_status":"closed","ping_status":"closed","template":"","meta":{"_acf_changed":false,"inline_featured_image":false,"footnotes":""},"class_list":["post-25309","page","type-page","status-publish","has-post-thumbnail","hentry"],"acf":[],"_links":{"self":[{"href":"https:\/\/www.ampeco.com\/de\/wp-json\/wp\/v2\/pages\/25309","targetHints":{"allow":["GET"]}}],"collection":[{"href":"https:\/\/www.ampeco.com\/de\/wp-json\/wp\/v2\/pages"}],"about":[{"href":"https:\/\/www.ampeco.com\/de\/wp-json\/wp\/v2\/types\/page"}],"author":[{"embeddable":true,"href":"https:\/\/www.ampeco.com\/de\/wp-json\/wp\/v2\/users\/15"}],"replies":[{"embeddable":true,"href":"https:\/\/www.ampeco.com\/de\/wp-json\/wp\/v2\/comments?post=25309"}],"version-history":[{"count":9,"href":"https:\/\/www.ampeco.com\/de\/wp-json\/wp\/v2\/pages\/25309\/revisions"}],"predecessor-version":[{"id":35573,"href":"https:\/\/www.ampeco.com\/de\/wp-json\/wp\/v2\/pages\/25309\/revisions\/35573"}],"wp:featuredmedia":[{"embeddable":true,"href":"https:\/\/www.ampeco.com\/de\/wp-json\/wp\/v2\/media\/22028"}],"wp:attachment":[{"href":"https:\/\/www.ampeco.com\/de\/wp-json\/wp\/v2\/media?parent=25309"}],"curies":[{"name":"wp","href":"https:\/\/api.w.org\/{rel}","templated":true}]}}