{"id":25112,"date":"2021-11-22T12:58:46","date_gmt":"2021-11-22T12:58:46","guid":{"rendered":"https:\/\/www.ampeco.com\/flottenbetreiber\/"},"modified":"2023-10-11T11:51:08","modified_gmt":"2023-10-11T11:51:08","slug":"flotten-betreiber","status":"publish","type":"page","link":"https:\/\/www.ampeco.com\/de\/ev-ladelosungen\/flotten-betreiber\/","title":{"rendered":"Flottenbetreiber"},"content":{"rendered":"\n<div style=\"border-radius:var(--spacing-4xl, 32px);overflow:hidden;\" class=\"wp-block-group alignwide reveal_stagger is-style-hero-nds-normal image-on-bottom has-light-gradient-gradient-background has-background is-layout-constrained wp-block-group-is-layout-constrained\">\n<div class=\"wp-block-media-text has-media-on-the-right is-stacked-on-mobile\"><div class=\"wp-block-media-text__content\">\n<h1 class=\"reveal_stagger wp-block-heading\">Ladeplattform f\u00fcr Elektrofahrzeuge f\u00fcr <mark style=\"background-color:rgba(0, 0, 0, 0)\" class=\"has-inline-color has-bluenew-color\">Flottenbetreiber<\/mark><\/h1>\n\n\n\n<p class=\"reveal_stagger has-m-font-size\">Verwalten Sie das EV-Laden Ihrer Flotte an einem Ort mit einer umfassenden Softwarel\u00f6sung.<\/p>\n\n\n\n<div class=\"wp-block-buttons is-style-top-spacing is-layout-flex wp-block-buttons-is-layout-flex\">\n<div class=\"wp-block-button reveal_stagger\"><a class=\"wp-block-button__link wp-element-button\" href=\"\/de\/demo\/\">Demo buchen<\/a><\/div>\n\n\n\n<div class=\"wp-block-button reveal_stagger is-style-short-underline-nds-chevron\"><a class=\"wp-block-button__link wp-element-button\" href=\"#learnmore\">Mehr erfahren<\/a><\/div>\n<\/div>\n<\/div><figure class=\"wp-block-media-text__media\"><img decoding=\"async\" src=\"https:\/\/www.ampeco.com\/content\/uploads\/2023\/10\/Fleet-operator-with-german-labels-1024x1024.png\" alt=\"EV-Ladeplattform f\u00fcr Flottenbetreiber\" class=\"wp-image-12435 size-full\" title=\"\"><\/figure><\/div>\n<\/div>\n\n<div style=\"border-radius:var(--spacing-4xl, 32px);overflow:hidden;\" id=\"learnmore\" class=\"wp-block-group is-style-section-nds has-white-background-color has-background is-layout-constrained wp-block-group-is-layout-constrained\">\n<div class=\"wp-block-columns is-style-two-columns-spacing-medium is-layout-flex wp-container-core-columns-is-layout-28f84493 wp-block-columns-is-layout-flex\">\n<div class=\"wp-block-column is-vertically-aligned-center is-layout-flow wp-block-column-is-layout-flow\">\n<h2 class=\"wp-block-heading\">EV-Ladem\u00f6glichkeiten<br\/>f\u00fcr Flottenbetreiber<\/h2>\n\n\n\n<p>Laut McKinsey k\u00f6nnen Sie Ihre Flottenkosten um 15% bis 25% senken, wenn Sie Ihre Flotte von ICE-Fahrzeugen auf Elektroautos umstellen. Bedenken Sie die \u00fcberlegene Effizienz von Elektroautos, die moderaten Strompreise und die hohe Auslastung von Flottenfahrzeugen. Diese Faktoren erm\u00f6glichen es Flottenbetreibern, die zus\u00e4tzlichen Vorlaufkosten schnell zu amortisieren und die Gesamtbetriebskosten zu senken.<\/p>\n<\/div>\n\n\n\n<div class=\"wp-block-column is-vertically-aligned-center is-layout-flow wp-block-column-is-layout-flow\">\n<div id=\"block123-block_facbf51d2019e15cdc84cbe0da6200ef\" class=\"block-block123\">\n\t\t\t<ul>\n\t\t\t\t\t<li>\n\t\t\t\t<div class=\"i_num\">01<\/div>\n\t\t\t\t<p>Durch die Umstellung auf eine EV-Flotte k\u00f6nnen Sie Ihre Betriebskosten (OPEX) um bis zu 25% senken.<\/p>\n\t\t\t<\/li>\n\t\t\t\t\t<li>\n\t\t\t\t<div class=\"i_num\">02<\/div>\n\t\t\t\t<p>Machen Sie die zus\u00e4tzlichen Anschaffungskosten eines E-Fahrzeugs durch geringere Wartungskosten und Steuervorteile schnell wieder wett.<\/p>\n\t\t\t<\/li>\n\t\t\t\t\t<li>\n\t\t\t\t<div class=\"i_num\">03<\/div>\n\t\t\t\t<p>Nutzen Sie das volle Potenzial Ihrer Flotte, indem Sie die AMPECO Plattform in Ihre bestehenden Systeme integrieren.<\/p>\n\t\t\t<\/li>\n\t\t\t\t<\/ul>\n\t<\/div>\n<\/div>\n<\/div>\n<\/div>\n\n<div style=\"border-radius:var(--spacing-4xl, 32px);overflow:hidden;\" class=\"wp-block-group is-style-default has-light-gradient-gradient-background has-background is-layout-constrained wp-block-group-is-layout-constrained\"><style>.kb-row-layout-id_717bc8-cd > .kt-row-column-wrap{align-content:start;}:where(.kb-row-layout-id_717bc8-cd > .kt-row-column-wrap) > .wp-block-kadence-column{justify-content:start;}.kb-row-layout-id_717bc8-cd > .kt-row-column-wrap{column-gap:var(--global-kb-gap-md, 2rem);row-gap:var(--global-kb-gap-md, 2rem);max-width:1000px;margin-left:auto;margin-right:auto;padding-top:var(--global-kb-spacing-sm, 1.5rem);padding-bottom:var(--global-kb-spacing-sm, 1.5rem);}.kb-row-layout-id_717bc8-cd > .kt-row-column-wrap > div:not(.added-for-specificity){grid-column:initial;}.kb-row-layout-id_717bc8-cd > .kt-row-column-wrap{grid-template-columns:repeat(4, minmax(0, 1fr));}.kb-row-layout-id_717bc8-cd > .kt-row-layout-overlay{opacity:0.30;}.kb-row-layout-id_717bc8-cd .kt-row-layout-bottom-sep{height:100px;}.kb-row-layout-id_717bc8-cd .kt-row-layout-bottom-sep svg{width:100%;}.kb-row-layout-id_717bc8-cd .kt-row-layout-bottom-sep svg{fill:#ffffff!important;}@media all and (max-width: 1024px){.kb-row-layout-id_717bc8-cd > .kt-row-column-wrap > div:not(.added-for-specificity){grid-column:initial;}}@media all and (max-width: 1024px){.kb-row-layout-id_717bc8-cd > .kt-row-column-wrap{grid-template-columns:repeat(4, minmax(0, 1fr));}}@media all and (max-width: 1024px){.kb-row-layout-id_717bc8-cd .kt-row-layout-bottom-sep{height:px;}}@media all and (max-width: 1024px){.kb-row-layout-id_717bc8-cd .kt-row-layout-bottom-sep svg{width:%;}}@media all and (max-width: 767px){.kb-row-layout-id_717bc8-cd > .kt-row-column-wrap > div:not(.added-for-specificity){grid-column:initial;}.kb-row-layout-id_717bc8-cd > .kt-row-column-wrap{grid-template-columns:minmax(0, 1fr);}.kb-row-layout-id_717bc8-cd .kt-row-layout-bottom-sep{height:px;}.kb-row-layout-id_717bc8-cd .kt-row-layout-bottom-sep svg{width:%;}}<\/style><div class=\"kb-row-layout-wrap kb-row-layout-id_717bc8-cd alignnone is-style-default wp-block-kadence-rowlayout\"><div class=\"kt-row-column-wrap kt-has-4-columns kt-row-layout-equal kt-tab-layout-inherit kt-mobile-layout-row kt-row-valign-top\">\n<style>.kadence-column_52e180-ae > .kt-inside-inner-col,.kadence-column_52e180-ae > .kt-inside-inner-col:before{border-top-left-radius:0px;border-top-right-radius:0px;border-bottom-right-radius:0px;border-bottom-left-radius:0px;}.kadence-column_52e180-ae > .kt-inside-inner-col{column-gap:var(--global-kb-gap-sm, 1rem);}.kadence-column_52e180-ae > .kt-inside-inner-col{flex-direction:column;}.kadence-column_52e180-ae > .kt-inside-inner-col > .aligncenter{width:100%;}.kadence-column_52e180-ae > .kt-inside-inner-col:before{opacity:0.3;}.kadence-column_52e180-ae{position:relative;}@media all and (max-width: 1024px){.kadence-column_52e180-ae > .kt-inside-inner-col{flex-direction:column;justify-content:center;}}@media all and (max-width: 767px){.kadence-column_52e180-ae > .kt-inside-inner-col{flex-direction:column;justify-content:center;}}<\/style>\n<div class=\"wp-block-kadence-column kadence-column_52e180-ae inner-column-1\"><div class=\"kt-inside-inner-col\">\n<div class=\"wp-block-group is-nowrap is-layout-flex wp-container-core-group-is-layout-6c531013 wp-block-group-is-layout-flex\">\n<figure class=\"wp-block-image size-large is-resized\"><img loading=\"lazy\" decoding=\"async\" src=\"https:\/\/www.ampeco.com\/content\/uploads\/2022\/10\/Charger.svg\" alt=\"-\" class=\"wp-image-13000\" width=\"36\" height=\"36\" title=\"\"><\/figure>\n\n\n\n<p class=\"has-m-font-size\"><strong>7x<\/strong><\/p>\n<\/div>\n\n\n\n<div style=\"height:24px\" aria-hidden=\"true\" class=\"wp-block-spacer\"><\/div>\n\n\n\n<p>Der Markt f\u00fcr EV-Ladepunkte wird in 5 Jahren wachsen<\/p>\n<\/div><\/div>\n\n\n<style>.kadence-column_784333-26 > .kt-inside-inner-col,.kadence-column_784333-26 > .kt-inside-inner-col:before{border-top-left-radius:0px;border-top-right-radius:0px;border-bottom-right-radius:0px;border-bottom-left-radius:0px;}.kadence-column_784333-26 > .kt-inside-inner-col{column-gap:var(--global-kb-gap-sm, 1rem);}.kadence-column_784333-26 > .kt-inside-inner-col{flex-direction:column;}.kadence-column_784333-26 > .kt-inside-inner-col > .aligncenter{width:100%;}.kadence-column_784333-26 > .kt-inside-inner-col:before{opacity:0.3;}.kadence-column_784333-26{position:relative;}@media all and (max-width: 1024px){.kadence-column_784333-26 > .kt-inside-inner-col{flex-direction:column;justify-content:center;}}@media all and (max-width: 767px){.kadence-column_784333-26 > .kt-inside-inner-col{flex-direction:column;justify-content:center;}}<\/style>\n<div class=\"wp-block-kadence-column kadence-column_784333-26 inner-column-2\"><div class=\"kt-inside-inner-col\">\n<div class=\"wp-block-group is-nowrap is-layout-flex wp-container-core-group-is-layout-6c531013 wp-block-group-is-layout-flex\">\n<figure class=\"wp-block-image size-large is-resized\"><img loading=\"lazy\" decoding=\"async\" src=\"https:\/\/www.ampeco.com\/content\/uploads\/2022\/10\/FILL-calendars.svg\" alt=\"-\" class=\"wp-image-13748\" width=\"36\" height=\"36\" title=\"\"><\/figure>\n\n\n\n<p class=\"has-m-font-size\"><strong>15 000<\/strong><\/p>\n<\/div>\n\n\n\n<div style=\"height:24px\" aria-hidden=\"true\" class=\"wp-block-spacer\"><\/div>\n\n\n\n<p>Zus\u00e4tzliche w\u00f6chentliche Nachfrage nach Ladestationen<\/p>\n<\/div><\/div>\n\n\n<style>.kadence-column_b60b97-4c > .kt-inside-inner-col,.kadence-column_b60b97-4c > .kt-inside-inner-col:before{border-top-left-radius:0px;border-top-right-radius:0px;border-bottom-right-radius:0px;border-bottom-left-radius:0px;}.kadence-column_b60b97-4c > .kt-inside-inner-col{column-gap:var(--global-kb-gap-sm, 1rem);}.kadence-column_b60b97-4c > .kt-inside-inner-col{flex-direction:column;}.kadence-column_b60b97-4c > .kt-inside-inner-col > .aligncenter{width:100%;}.kadence-column_b60b97-4c > .kt-inside-inner-col:before{opacity:0.3;}.kadence-column_b60b97-4c{position:relative;}@media all and (max-width: 1024px){.kadence-column_b60b97-4c > .kt-inside-inner-col{flex-direction:column;justify-content:center;}}@media all and (max-width: 767px){.kadence-column_b60b97-4c > .kt-inside-inner-col{flex-direction:column;justify-content:center;}}<\/style>\n<div class=\"wp-block-kadence-column kadence-column_b60b97-4c inner-column-3\"><div class=\"kt-inside-inner-col\">\n<div class=\"wp-block-group is-nowrap is-layout-flex wp-container-core-group-is-layout-6c531013 wp-block-group-is-layout-flex\">\n<figure class=\"wp-block-image size-large is-resized\"><img loading=\"lazy\" decoding=\"async\" src=\"https:\/\/www.ampeco.com\/content\/uploads\/2022\/10\/Careers-Perks-and-Benefits-icon-3.svg\" alt=\"-\" class=\"wp-image-13106\" width=\"36\" height=\"36\" title=\"\"><\/figure>\n\n\n\n<p class=\"has-m-font-size\"><strong>50%<\/strong><\/p>\n<\/div>\n\n\n\n<div style=\"height:24px\" aria-hidden=\"true\" class=\"wp-block-spacer\"><\/div>\n\n\n\n<p>EVs in den USA und der EU als Regulierungsziel bis 2030<\/p>\n<\/div><\/div>\n\n\n<style>.kadence-column_23ac91-ed > .kt-inside-inner-col,.kadence-column_23ac91-ed > .kt-inside-inner-col:before{border-top-left-radius:0px;border-top-right-radius:0px;border-bottom-right-radius:0px;border-bottom-left-radius:0px;}.kadence-column_23ac91-ed > .kt-inside-inner-col{column-gap:var(--global-kb-gap-sm, 1rem);}.kadence-column_23ac91-ed > .kt-inside-inner-col{flex-direction:column;}.kadence-column_23ac91-ed > .kt-inside-inner-col > .aligncenter{width:100%;}.kadence-column_23ac91-ed > .kt-inside-inner-col:before{opacity:0.3;}.kadence-column_23ac91-ed{position:relative;}@media all and (max-width: 1024px){.kadence-column_23ac91-ed > .kt-inside-inner-col{flex-direction:column;justify-content:center;}}@media all and (max-width: 767px){.kadence-column_23ac91-ed > .kt-inside-inner-col{flex-direction:column;justify-content:center;}}<\/style>\n<div class=\"wp-block-kadence-column kadence-column_23ac91-ed inner-column-4\"><div class=\"kt-inside-inner-col\"><style>.kadence-column_14c550-91 > .kt-inside-inner-col,.kadence-column_14c550-91 > .kt-inside-inner-col:before{border-top-left-radius:0px;border-top-right-radius:0px;border-bottom-right-radius:0px;border-bottom-left-radius:0px;}.kadence-column_14c550-91 > .kt-inside-inner-col{column-gap:var(--global-kb-gap-sm, 1rem);}.kadence-column_14c550-91 > .kt-inside-inner-col{flex-direction:column;}.kadence-column_14c550-91 > .kt-inside-inner-col > .aligncenter{width:100%;}.kadence-column_14c550-91 > .kt-inside-inner-col:before{opacity:0.3;}.kadence-column_14c550-91{position:relative;}@media all and (max-width: 1024px){.kadence-column_14c550-91 > .kt-inside-inner-col{flex-direction:column;justify-content:center;}}@media all and (max-width: 767px){.kadence-column_14c550-91 > .kt-inside-inner-col{flex-direction:column;justify-content:center;}}<\/style>\n<div class=\"wp-block-kadence-column kadence-column_14c550-91 inner-column-3\"><div class=\"kt-inside-inner-col\">\n<div class=\"wp-block-group is-nowrap is-layout-flex wp-container-core-group-is-layout-6c531013 wp-block-group-is-layout-flex\">\n<figure class=\"wp-block-image size-large is-resized\"><img loading=\"lazy\" decoding=\"async\" src=\"https:\/\/www.ampeco.com\/content\/uploads\/2022\/10\/Careers-Perks-and-Benefits-icon-2.svg\" alt=\"-\" class=\"wp-image-13105\" width=\"36\" height=\"36\" title=\"\"><\/figure>\n\n\n\n<p class=\"has-m-font-size\"><strong>1B<\/strong><\/p>\n<\/div>\n\n\n\n<div style=\"height:24px\" aria-hidden=\"true\" class=\"wp-block-spacer\"><\/div>\n\n\n\n<p>EVs auf der Stra\u00dfe bis 2050 erwartet<\/p>\n<\/div><\/div>\n<\/div><\/div>\n\n<\/div><\/div>\n\n<style>.wp-block-kadence-spacer.kt-block-spacer-_a1861e-48 .kt-block-spacer{height:20px;}.wp-block-kadence-spacer.kt-block-spacer-_a1861e-48 .kt-divider{border-top-width:1px;height:1px;border-top-color:#eee;width:80%;border-top-style:solid;}<\/style>\n<div class=\"wp-block-kadence-spacer aligncenter kt-block-spacer-_a1861e-48\"><div class=\"kt-block-spacer kt-block-spacer-halign-center\"><\/div><\/div>\n<\/div>\n\n<div style=\"border-radius:var(--spacing-4xl, 32px);overflow:hidden;\" class=\"wp-block-group reveal is-style-section-nds is-layout-constrained wp-block-group-is-layout-constrained\">\n<h2 class=\"has-text-align-center wp-block-heading\"><strong>Warum Flottenbetreiber AMPECO w\u00e4hlen<\/strong><\/h2>\n\n\n\n<p class=\"has-text-align-center has-m-font-size\">Wir helfen Ihnen, Ihre Ladeinfrastruktur parallel zu Ihren Fahrzeugen auf der Stra\u00dfe zu erweitern. Dadurch werden die Umweltauswirkungen Ihrer Gesch\u00e4ftst\u00e4tigkeit erheblich reduziert.<\/p>\n\n\n\n<div style=\"height:80px\" aria-hidden=\"true\" class=\"wp-block-spacer\"><\/div>\n\n\n\n<div class=\"wp-block-media-text is-stacked-on-mobile\"><figure class=\"wp-block-media-text__media\"><img loading=\"lazy\" decoding=\"async\" width=\"960\" height=\"686\" src=\"https:\/\/www.ampeco.com\/content\/uploads\/2021\/12\/corporate-vehicles-charging-at-parking-lot.jpg\" alt=\"-\" class=\"wp-image-6411 size-full\" title=\"\" srcset=\"https:\/\/www.ampeco.com\/content\/uploads\/2021\/12\/corporate-vehicles-charging-at-parking-lot.jpg 960w, https:\/\/www.ampeco.com\/content\/uploads\/2021\/12\/corporate-vehicles-charging-at-parking-lot-96x69.jpg 96w, https:\/\/www.ampeco.com\/content\/uploads\/2021\/12\/corporate-vehicles-charging-at-parking-lot-300x214.jpg 300w, https:\/\/www.ampeco.com\/content\/uploads\/2021\/12\/corporate-vehicles-charging-at-parking-lot-768x549.jpg 768w, https:\/\/www.ampeco.com\/content\/uploads\/2021\/12\/corporate-vehicles-charging-at-parking-lot-330x236.jpg 330w, https:\/\/www.ampeco.com\/content\/uploads\/2021\/12\/corporate-vehicles-charging-at-parking-lot-660x472.jpg 660w, https:\/\/www.ampeco.com\/content\/uploads\/2021\/12\/corporate-vehicles-charging-at-parking-lot-512x366.jpg 512w, https:\/\/www.ampeco.com\/content\/uploads\/2021\/12\/corporate-vehicles-charging-at-parking-lot-600x429.jpg 600w, https:\/\/www.ampeco.com\/content\/uploads\/2021\/12\/corporate-vehicles-charging-at-parking-lot-840x600.jpg 840w\" sizes=\"auto, (max-width: 960px) 100vw, 960px\" \/><\/figure><div class=\"wp-block-media-text__content\">\n<h4 class=\"is-style-blue-label wp-block-heading\" id=\"hardwareagnostic\">Fernwartung<\/h4>\n\n\n\n<h2 class=\"wp-block-heading\">\u00dcberwachen Sie Ihren EV-Ladevorgang in Echtzeit<\/h2>\n\n\n\n<p class=\"has-m-font-size\">F\u00fcr eine erfolgreiche E-Fahrzeugflotte m\u00fcssen Sie die volle Kontrolle \u00fcber Ihr gesamtes Ladenetzwerk behalten und Probleme aus der Ferne beheben k\u00f6nnen, um die Kosten erheblich zu senken.  <br\/>Die AMPECO EV-Ladeplattform erm\u00f6glicht Ihnen die Integration in Ihre bestehende Software zum Flottenmanagement, den Erhalt von wichtigen Warnmeldungen und Fehlermeldungen in Echtzeit, die Anbindung der Heimladestationen Ihrer Mitarbeiter und die Integration mit \u00f6ffentlichen Ladebetreibern.<\/p>\n<\/div><\/div>\n<\/div>\n\n<div style=\"border-radius:var(--spacing-4xl, 32px);overflow:hidden;\" class=\"wp-block-group reveal is-style-section-nds-1100 is-layout-constrained wp-block-group-is-layout-constrained\">\n<div class=\"wp-block-media-text has-media-on-the-right is-stacked-on-mobile\"><div class=\"wp-block-media-text__content\">\n<h4 class=\"is-style-blue-label wp-block-heading\" id=\"payment\">Berichte &amp; Analysen<\/h4>\n\n\n\n<h2 class=\"wp-block-heading\">Berichte und Analysen zum Laden von Elektrofahrzeugen und Abrechnung<\/h2>\n\n\n\n<p class=\"has-m-font-size\">Die AMPECO EV Charging Platform bietet Flottenbetreibern Zugang zu Echtzeitinformationen. Dazu geh\u00f6ren das Ladeverhalten der Autofahrer, der Energieverbrauch und mehr.<br\/><br\/>AMPECO l\u00f6st alle Abrechnungsszenarien mit automatischen Erstattungsl\u00f6sungen f\u00fcr Ladevorg\u00e4nge zu Hause, im Depot und unterwegs. Reporting-Tools erm\u00f6glichen Flottenbetreibern die Analyse von Datenberichten \u00fcber ihr gesamtes Lade-\u00d6kosystem und erh\u00f6hen die Kostentransparenz in Echtzeit.<\/p>\n<\/div><figure class=\"wp-block-media-text__media\"><img loading=\"lazy\" decoding=\"async\" width=\"960\" height=\"686\" src=\"https:\/\/www.ampeco.com\/content\/uploads\/2021\/11\/person-exploring-ampeco-dashboard-analytics.png\" alt=\"Person, die ampeco dashboard analytics verwendet\" class=\"wp-image-6296 size-full\" title=\"\" srcset=\"https:\/\/www.ampeco.com\/content\/uploads\/2021\/11\/person-exploring-ampeco-dashboard-analytics.png 960w, https:\/\/www.ampeco.com\/content\/uploads\/2021\/11\/person-exploring-ampeco-dashboard-analytics-300x214.png 300w, https:\/\/www.ampeco.com\/content\/uploads\/2021\/11\/person-exploring-ampeco-dashboard-analytics-768x549.png 768w, https:\/\/www.ampeco.com\/content\/uploads\/2021\/11\/person-exploring-ampeco-dashboard-analytics-330x236.png 330w, https:\/\/www.ampeco.com\/content\/uploads\/2021\/11\/person-exploring-ampeco-dashboard-analytics-660x472.png 660w, https:\/\/www.ampeco.com\/content\/uploads\/2021\/11\/person-exploring-ampeco-dashboard-analytics-512x366.png 512w, https:\/\/www.ampeco.com\/content\/uploads\/2021\/11\/person-exploring-ampeco-dashboard-analytics-600x429.png 600w, https:\/\/www.ampeco.com\/content\/uploads\/2021\/11\/person-exploring-ampeco-dashboard-analytics-840x600.png 840w\" sizes=\"auto, (max-width: 960px) 100vw, 960px\" \/><\/figure><\/div>\n<\/div>\n\n<div style=\"border-radius:var(--spacing-4xl, 32px);overflow:hidden;\" class=\"wp-block-group reveal is-style-section-nds is-layout-constrained wp-block-group-is-layout-constrained\">\n<div class=\"wp-block-media-text is-stacked-on-mobile\"><figure class=\"wp-block-media-text__media\"><img loading=\"lazy\" decoding=\"async\" width=\"960\" height=\"686\" src=\"https:\/\/www.ampeco.com\/content\/uploads\/2021\/11\/universal-electric-car-charger.jpg\" alt=\"universelle elektrische Ladestation\" class=\"wp-image-6295 size-full\" title=\"\" srcset=\"https:\/\/www.ampeco.com\/content\/uploads\/2021\/11\/universal-electric-car-charger.jpg 960w, https:\/\/www.ampeco.com\/content\/uploads\/2021\/11\/universal-electric-car-charger-300x214.jpg 300w, https:\/\/www.ampeco.com\/content\/uploads\/2021\/11\/universal-electric-car-charger-768x549.jpg 768w, https:\/\/www.ampeco.com\/content\/uploads\/2021\/11\/universal-electric-car-charger-330x236.jpg 330w, https:\/\/www.ampeco.com\/content\/uploads\/2021\/11\/universal-electric-car-charger-660x472.jpg 660w, https:\/\/www.ampeco.com\/content\/uploads\/2021\/11\/universal-electric-car-charger-512x366.jpg 512w, https:\/\/www.ampeco.com\/content\/uploads\/2021\/11\/universal-electric-car-charger-600x429.jpg 600w, https:\/\/www.ampeco.com\/content\/uploads\/2021\/11\/universal-electric-car-charger-840x600.jpg 840w\" sizes=\"auto, (max-width: 960px) 100vw, 960px\" \/><\/figure><div class=\"wp-block-media-text__content\">\n<h4 class=\"is-style-blue-label wp-block-heading\" id=\"hardwareagnostic\">HARDWARE-AGNOSTISCH<\/h4>\n\n\n\n<h2 class=\"wp-block-heading\">W\u00e4hlen Sie eine beliebige zukunftssichere Ladehardware<\/h2>\n\n\n\n<p class=\"has-m-font-size\">Sie m\u00fcssen sich keine Gedanken \u00fcber eine veraltete Infrastruktur machen. Unsere Cloud-L\u00f6sung zum Laden von Elektrofahrzeugen ist zukunftssicher.<\/p>\n\n\n\n<p class=\"has-m-font-size\">Die AMPECO EV Ladeplattform f\u00fcr Flottenbetreiber ist Hardware-unabh\u00e4ngig. Dank des Open Charge Point Protocol (OCPP) l\u00e4sst sie sich nahtlos mit allen OCPP-kompatiblen Ladestationen verbinden. So k\u00f6nnen Sie alle wichtigen Kennzahlen f\u00fcr Ihr Flottenbetreibergesch\u00e4ft verfolgen und \u00fcberwachen, einschlie\u00dflich Nutzung, Leistung der Ladestationen usw.<\/p>\n<\/div><\/div>\n<\/div>\n\n<div style=\"border-radius:var(--spacing-4xl, 32px);overflow:hidden;\" class=\"wp-block-group reveal is-style-section-nds-1100 is-layout-constrained wp-block-group-is-layout-constrained\">\n<div class=\"wp-block-media-text has-media-on-the-right is-stacked-on-mobile\"><div class=\"wp-block-media-text__content\">\n<h4 class=\"is-style-blue-label wp-block-heading\" id=\"payment\">Intelligentes Laden &amp; DLM<\/h4>\n\n\n\n<h2 class=\"wp-block-heading\">Reduzieren Sie Ihre Betriebskosten mit intelligentem Energiemanagement<\/h2>\n\n\n\n<p class=\"has-m-font-size\">Die optimierten Ladefunktionen und das dynamische Lastmanagement von AMPECO erm\u00f6glichen es Ihnen:<\/p>\n\n\n\n<ul class=\"is-style-list-nds wp-block-list\">\n<li>Ihre Ladestationen an die derzeit verf\u00fcgbaren Stromnetze anzuschlie\u00dfen;<\/li>\n\n\n\n<li>Vermeiden Sie es, die Stromkapazit\u00e4t Ihres Standorts zu erh\u00f6hen;<\/li>\n\n\n\n<li>Ihre Wartungskosten zu senken;<\/li>\n\n\n\n<li>vorrangige Benutzergruppen f\u00fcr Flottenfahrer, interne Mitarbeiter, Besucher usw. zu schaffen <\/li>\n\n\n\n<li>das Laden von Betriebsfahrzeugen vor dem Laden von normalen Mitarbeiterfahrzeugen zu priorisieren.<\/li>\n<\/ul>\n<\/div><figure class=\"wp-block-media-text__media\"><img loading=\"lazy\" decoding=\"async\" width=\"960\" height=\"686\" src=\"https:\/\/www.ampeco.com\/content\/uploads\/2021\/11\/public-electric-vehicle-charging.png\" alt=\"\u00d6ffentliches Ladenetz f\u00fcr Elektrofahrzeuge\" class=\"wp-image-6297 size-full\" title=\"\" srcset=\"https:\/\/www.ampeco.com\/content\/uploads\/2021\/11\/public-electric-vehicle-charging.png 960w, https:\/\/www.ampeco.com\/content\/uploads\/2021\/11\/public-electric-vehicle-charging-300x214.png 300w, https:\/\/www.ampeco.com\/content\/uploads\/2021\/11\/public-electric-vehicle-charging-768x549.png 768w, https:\/\/www.ampeco.com\/content\/uploads\/2021\/11\/public-electric-vehicle-charging-330x236.png 330w, https:\/\/www.ampeco.com\/content\/uploads\/2021\/11\/public-electric-vehicle-charging-660x472.png 660w, https:\/\/www.ampeco.com\/content\/uploads\/2021\/11\/public-electric-vehicle-charging-512x366.png 512w, https:\/\/www.ampeco.com\/content\/uploads\/2021\/11\/public-electric-vehicle-charging-600x429.png 600w, https:\/\/www.ampeco.com\/content\/uploads\/2021\/11\/public-electric-vehicle-charging-840x600.png 840w\" sizes=\"auto, (max-width: 960px) 100vw, 960px\" \/><\/figure><\/div>\n<\/div>\n\n<div style=\"border-radius:var(--spacing-4xl, 32px);overflow:hidden;\" class=\"wp-block-group reveal is-style-section-nds is-layout-constrained wp-block-group-is-layout-constrained\">\n<div class=\"wp-block-media-text is-stacked-on-mobile\"><figure class=\"wp-block-media-text__media\"><img loading=\"lazy\" decoding=\"async\" width=\"480\" height=\"343\" src=\"https:\/\/www.ampeco.com\/content\/uploads\/2021\/11\/white-label-apps.png\" alt=\"Frau Elektrofahrzeug Telefon\" class=\"wp-image-5462 size-full\" title=\"\" srcset=\"https:\/\/www.ampeco.com\/content\/uploads\/2021\/11\/white-label-apps.png 480w, https:\/\/www.ampeco.com\/content\/uploads\/2021\/11\/white-label-apps-300x214.png 300w, https:\/\/www.ampeco.com\/content\/uploads\/2021\/11\/white-label-apps-330x236.png 330w\" sizes=\"auto, (max-width: 480px) 100vw, 480px\" \/><\/figure><div class=\"wp-block-media-text__content\">\n<h4 class=\"is-style-blue-label wp-block-heading\" id=\"hardwareagnostic\">Verschiedene Anwendungsf\u00e4lle<\/h4>\n\n\n\n<h2 class=\"wp-block-heading\">Erm\u00f6glichen Sie Fahrern, \u00fcberall zu laden<\/h2>\n\n\n\n<p class=\"has-m-font-size\">AMPECO hilft Ihren Fahrern bei der nahtlosen Umstellung auf E-Fahrzeuge. Unsere Plattform l\u00f6st die Herausforderungen beim Laden am Arbeitsplatz, unterwegs und zu Hause. Ihre Fahrer verwenden eine mobile App oder eine RFID-Karte, um f\u00fcr alle Orte, die sie anfahren, aufzuladen.<br\/>Mit den AMPECO EV Roaming-Funktionen k\u00f6nnen Sie direktes Roaming \u00fcber OCPI nutzen. Sie k\u00f6nnen auch \u00fcber Roaming-Hubs wie Hubject und GIREVE eine Verbindung zu \u00f6ffentlichen Geb\u00fchrenbetreibern herstellen. Alle Ladevorg\u00e4nge stehen Ihnen in einem anpassbaren Dashboard zur Verf\u00fcgung, das mit separaten Berichten zu den pers\u00f6nlichen und den Kilometerkosten exportiert werden kann.<\/p>\n<\/div><\/div>\n<\/div>\n\n<div style=\"border-radius:var(--spacing-4xl, 32px);overflow:hidden;\" class=\"wp-block-group is-style-section-nds is-layout-constrained wp-block-group-is-layout-constrained\">\n<hr class=\"wp-block-separator has-css-opacity is-style-blue-line\"\/>\n\n\n\n<h4 class=\"is-style-blue-label wp-block-heading\">ERWEITERN SIE IHR GESCH\u00c4FT MIT UNS<\/h4>\n\n\n\n<h2 class=\"narrow-800 narrow-nocenter wp-block-heading\"><strong>EV-Ladeplattform f\u00fcr Flottenbetreiber<\/strong><\/h2>\n\n\n<style>.kb-row-layout-id_c266a6-32 > .kt-row-column-wrap{align-content:start;}:where(.kb-row-layout-id_c266a6-32 > .kt-row-column-wrap) > .wp-block-kadence-column{justify-content:start;}.kb-row-layout-id_c266a6-32 > .kt-row-column-wrap{column-gap:var(--global-kb-gap-lg, 4rem);row-gap:var(--global-kb-gap-md, 2rem);padding-top:var(--global-kb-spacing-sm, 1.5rem);padding-bottom:var(--global-kb-spacing-sm, 1.5rem);}.kb-row-layout-id_c266a6-32 > .kt-row-column-wrap > div:not(.added-for-specificity){grid-column:initial;}.kb-row-layout-id_c266a6-32 > .kt-row-column-wrap{grid-template-columns:repeat(4, minmax(0, 1fr));}.kb-row-layout-id_c266a6-32 > .kt-row-layout-overlay{opacity:0.30;}@media all and (max-width: 1024px){.kb-row-layout-id_c266a6-32 > .kt-row-column-wrap > div:not(.added-for-specificity){grid-column:initial;}}@media all and (max-width: 1024px){.kb-row-layout-id_c266a6-32 > .kt-row-column-wrap{grid-template-columns:repeat(4, minmax(0, 1fr));}}@media all and (max-width: 767px){.kb-row-layout-id_c266a6-32 > .kt-row-column-wrap > div:not(.added-for-specificity){grid-column:initial;}.kb-row-layout-id_c266a6-32 > .kt-row-column-wrap{grid-template-columns:minmax(0, 1fr);}}<\/style><div class=\"kb-row-layout-wrap kb-row-layout-id_c266a6-32 alignnone separator-on-bottom wp-block-kadence-rowlayout\"><div class=\"kt-row-column-wrap kt-has-4-columns kt-row-layout-equal kt-tab-layout-inherit kt-mobile-layout-row kt-row-valign-top\">\n<style>.kadence-column_02c7b7-f2 > .kt-inside-inner-col,.kadence-column_02c7b7-f2 > .kt-inside-inner-col:before{border-top-left-radius:0px;border-top-right-radius:0px;border-bottom-right-radius:0px;border-bottom-left-radius:0px;}.kadence-column_02c7b7-f2 > .kt-inside-inner-col{column-gap:var(--global-kb-gap-sm, 1rem);}.kadence-column_02c7b7-f2 > .kt-inside-inner-col{flex-direction:column;}.kadence-column_02c7b7-f2 > .kt-inside-inner-col > .aligncenter{width:100%;}.kadence-column_02c7b7-f2 > .kt-inside-inner-col:before{opacity:0.3;}.kadence-column_02c7b7-f2{position:relative;}@media all and (max-width: 1024px){.kadence-column_02c7b7-f2 > .kt-inside-inner-col{flex-direction:column;justify-content:center;}}@media all and (max-width: 767px){.kadence-column_02c7b7-f2 > .kt-inside-inner-col{flex-direction:column;justify-content:center;}}<\/style>\n<div class=\"wp-block-kadence-column kadence-column_02c7b7-f2 inner-column-1\"><div class=\"kt-inside-inner-col\">\n<h4 class=\"has-m-font-size wp-block-heading\">Dynamisches Lastmanagement<\/h4>\n\n\n\n<p>Bieten Sie Ihren Fuhrparkmanagern kosteneffiziente L\u00f6sungen und sparen Sie sich Strom-Upgrades und zus\u00e4tzliche Hardware.<\/p>\n\n\n\n<hr class=\"wp-block-separator has-css-opacity is-style-blue-line-small\"\/>\n<\/div><\/div>\n\n\n<style>.kadence-column_aa38bb-cd > .kt-inside-inner-col,.kadence-column_aa38bb-cd > .kt-inside-inner-col:before{border-top-left-radius:0px;border-top-right-radius:0px;border-bottom-right-radius:0px;border-bottom-left-radius:0px;}.kadence-column_aa38bb-cd > .kt-inside-inner-col{column-gap:var(--global-kb-gap-sm, 1rem);}.kadence-column_aa38bb-cd > .kt-inside-inner-col{flex-direction:column;}.kadence-column_aa38bb-cd > .kt-inside-inner-col > .aligncenter{width:100%;}.kadence-column_aa38bb-cd > .kt-inside-inner-col:before{opacity:0.3;}.kadence-column_aa38bb-cd{position:relative;}@media all and (max-width: 1024px){.kadence-column_aa38bb-cd > .kt-inside-inner-col{flex-direction:column;justify-content:center;}}@media all and (max-width: 767px){.kadence-column_aa38bb-cd > .kt-inside-inner-col{flex-direction:column;justify-content:center;}}<\/style>\n<div class=\"wp-block-kadence-column kadence-column_aa38bb-cd inner-column-2\"><div class=\"kt-inside-inner-col\">\n<h4 class=\"has-m-font-size wp-block-heading\">Analytik und Berichterstattung<\/h4>\n\n\n\n<p>Greifen Sie auf die Verf\u00fcgbarkeit von Ladestationen zu, erhalten Sie Einblicke in die Fahrer, kombiniert mit automatisierten Transaktionen, Nutzungs- und Kostenberichten pro Ladestation, Fahrzeug oder Fahrer.<\/p>\n\n\n\n<hr class=\"wp-block-separator has-css-opacity is-style-blue-line-small\"\/>\n<\/div><\/div>\n\n\n<style>.kadence-column_655d2e-a9 > .kt-inside-inner-col,.kadence-column_655d2e-a9 > .kt-inside-inner-col:before{border-top-left-radius:0px;border-top-right-radius:0px;border-bottom-right-radius:0px;border-bottom-left-radius:0px;}.kadence-column_655d2e-a9 > .kt-inside-inner-col{column-gap:var(--global-kb-gap-sm, 1rem);}.kadence-column_655d2e-a9 > .kt-inside-inner-col{flex-direction:column;}.kadence-column_655d2e-a9 > .kt-inside-inner-col > .aligncenter{width:100%;}.kadence-column_655d2e-a9 > .kt-inside-inner-col:before{opacity:0.3;}.kadence-column_655d2e-a9{position:relative;}@media all and (max-width: 1024px){.kadence-column_655d2e-a9 > .kt-inside-inner-col{flex-direction:column;justify-content:center;}}@media all and (max-width: 767px){.kadence-column_655d2e-a9 > .kt-inside-inner-col{flex-direction:column;justify-content:center;}}<\/style>\n<div class=\"wp-block-kadence-column kadence-column_655d2e-a9 inner-column-3\"><div class=\"kt-inside-inner-col\">\n<h4 class=\"has-m-font-size wp-block-heading\">API-Integrationen mit Flottensoftware<\/h4>\n\n\n\n<p>AMPECO API erm\u00f6glicht Flottenbetreibern die Integration mit jeder Fahrzeugtelematik, Plattform zum Routenmanagement oder anderer Flottensoftware.<\/p>\n\n\n\n<hr class=\"wp-block-separator has-css-opacity is-style-blue-line-small\"\/>\n<\/div><\/div>\n\n\n<style>.kadence-column_9a1a00-a1 > .kt-inside-inner-col,.kadence-column_9a1a00-a1 > .kt-inside-inner-col:before{border-top-left-radius:0px;border-top-right-radius:0px;border-bottom-right-radius:0px;border-bottom-left-radius:0px;}.kadence-column_9a1a00-a1 > .kt-inside-inner-col{column-gap:var(--global-kb-gap-sm, 1rem);}.kadence-column_9a1a00-a1 > .kt-inside-inner-col{flex-direction:column;}.kadence-column_9a1a00-a1 > .kt-inside-inner-col > .aligncenter{width:100%;}.kadence-column_9a1a00-a1 > .kt-inside-inner-col:before{opacity:0.3;}.kadence-column_9a1a00-a1{position:relative;}@media all and (max-width: 1024px){.kadence-column_9a1a00-a1 > .kt-inside-inner-col{flex-direction:column;justify-content:center;}}@media all and (max-width: 767px){.kadence-column_9a1a00-a1 > .kt-inside-inner-col{flex-direction:column;justify-content:center;}}<\/style>\n<div class=\"wp-block-kadence-column kadence-column_9a1a00-a1 inner-column-4\"><div class=\"kt-inside-inner-col\">\n<h4 class=\"has-m-font-size wp-block-heading\">Verwaltung von Benutzergruppen<\/h4>\n\n\n\n<p>Legen Sie Zugriffs-, Abgleichs- und Nutzungsstufen pro Gruppe f\u00fcr private, \u00f6ffentliche und private Ladevorg\u00e4nge fest und verwalten Sie diese einfach.<\/p>\n\n\n\n<hr class=\"wp-block-separator has-css-opacity is-style-blue-line-small\"\/>\n<\/div><\/div>\n\n<\/div><\/div>\n\n\n<div class=\"wp-block-buttons is-content-justification-center is-layout-flex wp-container-core-buttons-is-layout-a89b3969 wp-block-buttons-is-layout-flex\">\n<div class=\"wp-block-button is-style-short-underline-nds-centered\"><a class=\"wp-block-button__link wp-element-button\" href=\"https:\/\/www.ampeco.com\/de\/ev-ladeplattform\/\">Alle Funktionen anzeigen<\/a><\/div>\n<\/div>\n<\/div>\n\n<div style=\"border-radius:var(--spacing-4xl, 32px);overflow:hidden;\" class=\"wp-block-group is-style-default has-light-gradient-gradient-background has-background is-layout-constrained wp-block-group-is-layout-constrained\"><style>.kb-row-layout-id_4395d3-80 > .kt-row-column-wrap{align-content:center;}:where(.kb-row-layout-id_4395d3-80 > .kt-row-column-wrap) > .wp-block-kadence-column{justify-content:center;}.kb-row-layout-id_4395d3-80 > .kt-row-column-wrap{column-gap:var(--global-kb-gap-md, 2rem);row-gap:var(--global-kb-gap-md, 2rem);padding-top:0px;padding-bottom:0px;grid-template-columns:repeat(2, minmax(0, 1fr));}.kb-row-layout-id_4395d3-80 > .kt-row-layout-overlay{opacity:0.30;}@media all and (max-width: 1024px){.kb-row-layout-id_4395d3-80 > .kt-row-column-wrap{grid-template-columns:repeat(2, minmax(0, 1fr));}}@media all and (max-width: 767px){.kb-row-layout-id_4395d3-80 > .kt-row-column-wrap{grid-template-columns:minmax(0, 1fr);}}<\/style><div class=\"kb-row-layout-wrap kb-row-layout-id_4395d3-80 alignnone wp-block-kadence-rowlayout\"><div class=\"kt-row-column-wrap kt-has-2-columns kt-row-layout-equal kt-tab-layout-inherit kt-mobile-layout-row kt-row-valign-middle\">\n<style>.kadence-column_909b14-a6 > .kt-inside-inner-col,.kadence-column_909b14-a6 > .kt-inside-inner-col:before{border-top-left-radius:0px;border-top-right-radius:0px;border-bottom-right-radius:0px;border-bottom-left-radius:0px;}.kadence-column_909b14-a6 > .kt-inside-inner-col{column-gap:var(--global-kb-gap-sm, 1rem);}.kadence-column_909b14-a6 > .kt-inside-inner-col{flex-direction:column;}.kadence-column_909b14-a6 > .kt-inside-inner-col > .aligncenter{width:100%;}.kadence-column_909b14-a6 > .kt-inside-inner-col:before{opacity:0.3;}.kadence-column_909b14-a6{position:relative;}@media all and (max-width: 1024px){.kadence-column_909b14-a6 > .kt-inside-inner-col{flex-direction:column;justify-content:center;}}@media all and (max-width: 767px){.kadence-column_909b14-a6 > .kt-inside-inner-col{flex-direction:column;justify-content:center;}}<\/style>\n<div class=\"wp-block-kadence-column kadence-column_909b14-a6 inner-column-1\"><div class=\"kt-inside-inner-col\">\n<h2 class=\"wp-block-heading\">Beratung zum EV-Laden buchen<\/h2>\n\n\n\n<p class=\"has-m-font-size\">Unsere Experten f\u00fcr E-Mobilit\u00e4t beantworten gerne alle Ihre Fragen zu EV Charging Software und Hardware.<br\/><br\/>Lassen Sie uns Ihr Gesch\u00e4ftsmodell besprechen und wie wir Sie bei der Gr\u00fcndung und dem Ausbau Ihres EV-Gesch\u00e4fts unterst\u00fctzen k\u00f6nnen.<\/p>\n\n\n\n<div class=\"wp-block-buttons is-style-top-spacing is-layout-flex wp-block-buttons-is-layout-flex\">\n<div class=\"wp-block-button ga4-consultation-last\"><a class=\"wp-block-button__link wp-element-button\" href=\"\/de\/beratungsgesprach-ev-laden-buchen\/\">EINEN TERMIN BUCHEN<\/a><\/div>\n<\/div>\n<\/div><\/div>\n\n\n<style>.kadence-column_b50170-44 > .kt-inside-inner-col,.kadence-column_b50170-44 > .kt-inside-inner-col:before{border-top-left-radius:0px;border-top-right-radius:0px;border-bottom-right-radius:0px;border-bottom-left-radius:0px;}.kadence-column_b50170-44 > .kt-inside-inner-col{column-gap:var(--global-kb-gap-sm, 1rem);}.kadence-column_b50170-44 > .kt-inside-inner-col{flex-direction:column;}.kadence-column_b50170-44 > .kt-inside-inner-col > .aligncenter{width:100%;}.kadence-column_b50170-44 > .kt-inside-inner-col:before{opacity:0.3;}.kadence-column_b50170-44{position:relative;}@media all and (max-width: 1024px){.kadence-column_b50170-44 > .kt-inside-inner-col{flex-direction:column;justify-content:center;}}@media all and (max-width: 767px){.kadence-column_b50170-44 > .kt-inside-inner-col{flex-direction:column;justify-content:center;}}<\/style>\n<div class=\"wp-block-kadence-column kadence-column_b50170-44 inner-column-2\"><div class=\"kt-inside-inner-col\">\n<figure class=\"wp-block-image size-large no-mr-bot\"><img loading=\"lazy\" decoding=\"async\" width=\"971\" height=\"1024\" src=\"https:\/\/www.ampeco.com\/content\/uploads\/2022\/10\/experts@2x-971x1024.png\" alt=\"-\" class=\"wp-image-11517\" title=\"\" srcset=\"https:\/\/www.ampeco.com\/content\/uploads\/2022\/10\/experts@2x-971x1024.png 971w, https:\/\/www.ampeco.com\/content\/uploads\/2022\/10\/experts@2x-96x101.png 96w, https:\/\/www.ampeco.com\/content\/uploads\/2022\/10\/experts@2x-284x300.png 284w, https:\/\/www.ampeco.com\/content\/uploads\/2022\/10\/experts@2x-768x810.png 768w, https:\/\/www.ampeco.com\/content\/uploads\/2022\/10\/experts@2x-330x348.png 330w, https:\/\/www.ampeco.com\/content\/uploads\/2022\/10\/experts@2x-660x696.png 660w, https:\/\/www.ampeco.com\/content\/uploads\/2022\/10\/experts@2x-512x540.png 512w, https:\/\/www.ampeco.com\/content\/uploads\/2022\/10\/experts@2x-1024x1080.png 1024w, https:\/\/www.ampeco.com\/content\/uploads\/2022\/10\/experts@2x-600x633.png 600w, https:\/\/www.ampeco.com\/content\/uploads\/2022\/10\/experts@2x-840x886.png 840w, https:\/\/www.ampeco.com\/content\/uploads\/2022\/10\/experts@2x.png 1200w\" sizes=\"auto, (max-width: 971px) 100vw, 971px\" \/><\/figure>\n<\/div><\/div>\n\n<\/div><\/div><\/div>\n\n<div style=\"border-radius:var(--spacing-4xl, 32px);overflow:hidden;\" class=\"wp-block-group is-style-section-nds is-layout-constrained wp-block-group-is-layout-constrained\">\n<h2 class=\"has-text-align-center wp-block-heading\">Strategien und Anwendungsf\u00e4lle f\u00fcr Flottenbetreiber<\/h2>\n\n\n\n<p class=\"has-text-align-center\">Unterst\u00fctzen Sie zahlreiche Flottentypen und Ladeszenarien. Mit der kompletten Plattform von AMPECO, <br\/>k\u00f6nnen Sie problemlos das Laden im Depot, zu Hause und auf der Stra\u00dfe abdecken.<\/p>\n\n\n\n<div style=\"height:40px\" aria-hidden=\"true\" class=\"wp-block-spacer\"><\/div>\n\n\n<style>.kt-tabs-id_8264cc-3e > .kt-tabs-content-wrap > .wp-block-kadence-tab{border-top:1px solid #dee2e6;border-right:1px solid #dee2e6;border-bottom:1px solid #dee2e6;border-left:1px solid #dee2e6;border-top-left-radius:0px;border-top-right-radius:0px;border-bottom-right-radius:0px;border-bottom-left-radius:0px;padding-top:20px;padding-right:20px;padding-bottom:20px;padding-left:20px;}.wp-block-kadence-tabs .kt-tabs-id_8264cc-3e > .kt-tabs-title-list li:last-child{margin-right:0px;}.wp-block-kadence-tabs .kt-tabs-id_8264cc-3e > .kt-tabs-title-list li .kt-tab-title, .wp-block-kadence-tabs .kt-tabs-id_8264cc-3e > .kt-tabs-content-wrap > .kt-tabs-accordion-title .kt-tab-title{font-weight:regular;font-style:normal;color:#444444;}.wp-block-kadence-tabs .kt-tabs-id_8264cc-3e > .kt-tabs-title-list li.kt-tab-title-active .kt-tab-title, .wp-block-kadence-tabs .kt-tabs-id_8264cc-3e > .kt-tabs-content-wrap > .kt-tabs-accordion-title.kt-tab-title-active .kt-tab-title{background:#ffffff;}@media all and (max-width: 1024px){.kt-tabs-id_8264cc-3e > .kt-tabs-content-wrap > .wp-block-kadence-tab{border-top:1px solid #dee2e6;border-right:1px solid #dee2e6;border-bottom:1px solid #dee2e6;border-left:1px solid #dee2e6;}}@media all and (max-width: 767px){.kt-tabs-id_8264cc-3e > .kt-tabs-content-wrap > .wp-block-kadence-tab{border-top:1px solid #dee2e6;border-right:1px solid #dee2e6;border-bottom:1px solid #dee2e6;border-left:1px solid #dee2e6;}}<\/style>\n<div class=\"wp-block-kadence-tabs alignnone is-style-default\"><div class=\"kt-tabs-wrap kt-tabs-id_8264cc-3e kt-tabs-has-4-tabs kt-active-tab-1 kt-tabs-layout-tabs kt-tabs-tablet-layout-accordion kt-tabs-mobile-layout-accordion kt-tab-alignment-left kt-create-accordion\"><ul class=\"kt-tabs-title-list\"><li id=\"tab-corporatefleet\" class=\"kt-title-item kt-title-item-1 kt-tabs-svg-show-always kt-tabs-icon-side-right kt-tab-title-active\"><a href=\"#tab-corporatefleet\" data-tab=\"1\" class=\"kt-tab-title kt-tab-title-1 \"><span class=\"kt-title-text\">Firmenflotte<\/span><\/a><\/li><li id=\"tab-electriclogisticfleet\" class=\"kt-title-item kt-title-item-2 kt-tabs-svg-show-always kt-tabs-icon-side-right kt-tab-title-inactive\"><a href=\"#tab-electriclogisticfleet\" data-tab=\"2\" class=\"kt-tab-title kt-tab-title-2 \"><span class=\"kt-title-text\">Elektrische Logistikflotte<\/span><\/a><\/li><li id=\"tab-carparks\" class=\"kt-title-item kt-title-item-3 kt-tabs-svg-show-always kt-tabs-icon-side-right kt-tab-title-inactive\"><a href=\"#tab-carparks\" data-tab=\"3\" class=\"kt-tab-title kt-tab-title-3 \"><span class=\"kt-title-text\">Autoparks<\/span><\/a><\/li><li id=\"tab-homecharging\" class=\"kt-title-item kt-title-item-4 kt-tabs-svg-show-always kt-tabs-icon-side-right kt-tab-title-inactive\"><a href=\"#tab-homecharging\" data-tab=\"4\" class=\"kt-tab-title kt-tab-title-4 \"><span class=\"kt-title-text\">Laden zu Hause<\/span><\/a><\/li><\/ul><div class=\"kt-tabs-content-wrap\">\n<div class=\"wp-block-kadence-tab kt-tab-inner-content kt-inner-tab-1 kt-inner-tab_573856-1b\"><div class=\"kt-tab-inner-content-inner\"><style>.kb-row-layout-id_eb3946-a0 > .kt-row-column-wrap{align-content:start;}:where(.kb-row-layout-id_eb3946-a0 > .kt-row-column-wrap) > .wp-block-kadence-column{justify-content:start;}.kb-row-layout-id_eb3946-a0 > .kt-row-column-wrap{column-gap:var(--global-kb-gap-md, 2rem);row-gap:var(--global-kb-gap-md, 2rem);padding-top:var(--global-kb-spacing-sm, 1.5rem);padding-bottom:var(--global-kb-spacing-sm, 1.5rem);grid-template-columns:repeat(2, minmax(0, 1fr));}.kb-row-layout-id_eb3946-a0 > .kt-row-layout-overlay{opacity:0.30;}@media all and (max-width: 1024px){.kb-row-layout-id_eb3946-a0 > .kt-row-column-wrap{grid-template-columns:repeat(2, minmax(0, 1fr));}}@media all and (max-width: 767px){.kb-row-layout-id_eb3946-a0 > .kt-row-column-wrap{grid-template-columns:minmax(0, 1fr);}}<\/style><div class=\"kb-row-layout-wrap kb-row-layout-id_eb3946-a0 alignnone wp-block-kadence-rowlayout\"><div class=\"kt-row-column-wrap kt-has-2-columns kt-row-layout-equal kt-tab-layout-inherit kt-mobile-layout-row kt-row-valign-top\">\n<style>.kadence-column_a1a23e-64 > .kt-inside-inner-col{display:flex;}.kadence-column_a1a23e-64 > .kt-inside-inner-col,.kadence-column_a1a23e-64 > .kt-inside-inner-col:before{border-top-left-radius:0px;border-top-right-radius:0px;border-bottom-right-radius:0px;border-bottom-left-radius:0px;}.kadence-column_a1a23e-64 > .kt-inside-inner-col{column-gap:var(--global-kb-gap-sm, 1rem);}.kadence-column_a1a23e-64 > .kt-inside-inner-col{flex-direction:column;justify-content:center;}.kadence-column_a1a23e-64 > .kt-inside-inner-col > .aligncenter{width:100%;}.kt-row-column-wrap > .kadence-column_a1a23e-64{align-self:center;}.kt-inner-column-height-full:not(.kt-has-1-columns) > .wp-block-kadence-column.kadence-column_a1a23e-64{align-self:auto;}.kt-inner-column-height-full:not(.kt-has-1-columns) > .wp-block-kadence-column.kadence-column_a1a23e-64 > .kt-inside-inner-col{flex-direction:column;justify-content:center;}.kadence-column_a1a23e-64 > .kt-inside-inner-col:before{opacity:0.3;}.kadence-column_a1a23e-64{position:relative;}@media all and (max-width: 1024px){.kt-row-column-wrap > .kadence-column_a1a23e-64{align-self:center;}}@media all and (max-width: 1024px){.kt-inner-column-height-full:not(.kt-has-1-columns) > .wp-block-kadence-column.kadence-column_a1a23e-64{align-self:auto;}}@media all and (max-width: 1024px){.kt-inner-column-height-full:not(.kt-has-1-columns) > .wp-block-kadence-column.kadence-column_a1a23e-64 > .kt-inside-inner-col{flex-direction:column;justify-content:center;}}@media all and (max-width: 1024px){.kadence-column_a1a23e-64 > .kt-inside-inner-col{flex-direction:column;justify-content:center;}}@media all and (max-width: 767px){.kt-row-column-wrap > .kadence-column_a1a23e-64{align-self:center;}.kt-inner-column-height-full:not(.kt-has-1-columns) > .wp-block-kadence-column.kadence-column_a1a23e-64{align-self:auto;}.kt-inner-column-height-full:not(.kt-has-1-columns) > .wp-block-kadence-column.kadence-column_a1a23e-64 > .kt-inside-inner-col{flex-direction:column;justify-content:center;}.kadence-column_a1a23e-64 > .kt-inside-inner-col{flex-direction:column;justify-content:center;}}<\/style>\n<div class=\"wp-block-kadence-column kadence-column_a1a23e-64 inner-column-1\"><div class=\"kt-inside-inner-col\">\n<h3 class=\"wp-block-heading\"><strong>Firmenflotte<\/strong><\/h3>\n\n\n\n<p>F\u00fcr den Betrieb einer betrieblichen E-Flotte ben\u00f6tigen Sie eine Backend-Software zur Verwaltung Ihrer Ladestationen. Diese Software sollte in der Lage sein, die Kostenberichterstattung zu automatisieren und die Abrechnung zu optimieren. Dadurch sparen Sie Geld und reduzieren Ihre Emissionen.<br\/><br\/>Mit dem Umstieg auf eine E-Flotte f\u00fcr Ihr Unternehmen k\u00f6nnen Sie:<\/p>\n\n\n\n<ul class=\"wp-block-list\">\n<li>Echtzeit- und historische Einblicke erhalten. Dazu geh\u00f6ren auch Ladevorg\u00e4nge, aufgeschl\u00fcsselt nach Benutzer, Station, Ort und Zeit. Au\u00dferdem k\u00f6nnen Sie detaillierte Berichte exportieren, die Ihnen helfen, bessere Gesch\u00e4ftsentscheidungen zu treffen; <\/li>\n\n\n\n<li>Mitarbeiterbindung durch E-Fahrzeuge und intelligente Ladevorteile erh\u00f6hen;<\/li>\n\n\n\n<li>Ihren Mitarbeitern die M\u00f6glichkeit geben, zu Hause zu laden und ihnen die Kosten zu erstatten;<\/li>\n\n\n\n<li>Ladevorg\u00e4nge je nach Nutzer, Station, Standort und Zeit priorisieren;<\/li>\n\n\n\n<li>Lastspitzen reduzieren und die Geb\u00fchren f\u00fcr die Netznutzung senken;<\/li>\n\n\n\n<li>Geb\u00fchren festlegen und Benutzerberechtigungen kontrollieren;<\/li>\n\n\n\n<li>Kosten f\u00fcr die Aufr\u00fcstung des Netzanschlusses sparen.<\/li>\n<\/ul>\n\n\n\n<div class=\"wp-block-buttons is-layout-flex wp-block-buttons-is-layout-flex\">\n<div class=\"wp-block-button is-style-short-underline-nds\"><a class=\"wp-block-button__link wp-element-button\" href=\"\/de\/demo\/\" target=\"_blank\" rel=\"noreferrer noopener\">Sprechen Sie mit uns<\/a><\/div>\n<\/div>\n<\/div><\/div>\n\n\n<style>.kadence-column_065c21-67 > .kt-inside-inner-col,.kadence-column_065c21-67 > .kt-inside-inner-col:before{border-top-left-radius:0px;border-top-right-radius:0px;border-bottom-right-radius:0px;border-bottom-left-radius:0px;}.kadence-column_065c21-67 > .kt-inside-inner-col{column-gap:var(--global-kb-gap-sm, 1rem);}.kadence-column_065c21-67 > .kt-inside-inner-col{flex-direction:column;}.kadence-column_065c21-67 > .kt-inside-inner-col > .aligncenter{width:100%;}.kadence-column_065c21-67 > .kt-inside-inner-col:before{opacity:0.3;}.kadence-column_065c21-67{position:relative;}@media all and (max-width: 1024px){.kadence-column_065c21-67 > .kt-inside-inner-col{flex-direction:column;justify-content:center;}}@media all and (max-width: 767px){.kadence-column_065c21-67 > .kt-inside-inner-col{flex-direction:column;justify-content:center;}}<\/style>\n<div class=\"wp-block-kadence-column kadence-column_065c21-67 inner-column-2\"><div class=\"kt-inside-inner-col\">\n<figure class=\"wp-block-image aligncenter size-large\"><img loading=\"lazy\" decoding=\"async\" width=\"860\" height=\"1024\" src=\"https:\/\/www.ampeco.com\/content\/uploads\/2022\/10\/collage-electric-vehicle-fleets-charger-closup-860x1024.png\" alt=\"Collage Elektrofahrzeugflotte und Schlie&#xDF;ung der Ladestation\" class=\"wp-image-13030\" title=\"\" srcset=\"https:\/\/www.ampeco.com\/content\/uploads\/2022\/10\/collage-electric-vehicle-fleets-charger-closup-860x1024.png 860w, https:\/\/www.ampeco.com\/content\/uploads\/2022\/10\/collage-electric-vehicle-fleets-charger-closup-96x114.png 96w, https:\/\/www.ampeco.com\/content\/uploads\/2022\/10\/collage-electric-vehicle-fleets-charger-closup-252x300.png 252w, https:\/\/www.ampeco.com\/content\/uploads\/2022\/10\/collage-electric-vehicle-fleets-charger-closup-768x914.png 768w, https:\/\/www.ampeco.com\/content\/uploads\/2022\/10\/collage-electric-vehicle-fleets-charger-closup-1290x1536.png 1290w, https:\/\/www.ampeco.com\/content\/uploads\/2022\/10\/collage-electric-vehicle-fleets-charger-closup-330x393.png 330w, https:\/\/www.ampeco.com\/content\/uploads\/2022\/10\/collage-electric-vehicle-fleets-charger-closup-660x786.png 660w, https:\/\/www.ampeco.com\/content\/uploads\/2022\/10\/collage-electric-vehicle-fleets-charger-closup-512x609.png 512w, https:\/\/www.ampeco.com\/content\/uploads\/2022\/10\/collage-electric-vehicle-fleets-charger-closup-1024x1219.png 1024w, https:\/\/www.ampeco.com\/content\/uploads\/2022\/10\/collage-electric-vehicle-fleets-charger-closup-600x714.png 600w, https:\/\/www.ampeco.com\/content\/uploads\/2022\/10\/collage-electric-vehicle-fleets-charger-closup-1200x1428.png 1200w, https:\/\/www.ampeco.com\/content\/uploads\/2022\/10\/collage-electric-vehicle-fleets-charger-closup-840x1000.png 840w, https:\/\/www.ampeco.com\/content\/uploads\/2022\/10\/collage-electric-vehicle-fleets-charger-closup.png 1560w\" sizes=\"auto, (max-width: 860px) 100vw, 860px\" \/><\/figure>\n<\/div><\/div>\n\n<\/div><\/div><\/div><\/div>\n\n\n\n<div class=\"wp-block-kadence-tab kt-tab-inner-content kt-inner-tab-2 kt-inner-tab_e0365a-3d\"><div class=\"kt-tab-inner-content-inner\"><style>.kb-row-layout-id_292837-f5 > .kt-row-column-wrap{align-content:start;}:where(.kb-row-layout-id_292837-f5 > .kt-row-column-wrap) > .wp-block-kadence-column{justify-content:start;}.kb-row-layout-id_292837-f5 > .kt-row-column-wrap{column-gap:var(--global-kb-gap-md, 2rem);row-gap:var(--global-kb-gap-md, 2rem);padding-top:var(--global-kb-spacing-sm, 1.5rem);padding-bottom:var(--global-kb-spacing-sm, 1.5rem);grid-template-columns:repeat(2, minmax(0, 1fr));}.kb-row-layout-id_292837-f5 > .kt-row-layout-overlay{opacity:0.30;}@media all and (max-width: 1024px){.kb-row-layout-id_292837-f5 > .kt-row-column-wrap{grid-template-columns:repeat(2, minmax(0, 1fr));}}@media all and (max-width: 767px){.kb-row-layout-id_292837-f5 > .kt-row-column-wrap{grid-template-columns:minmax(0, 1fr);}}<\/style><div class=\"kb-row-layout-wrap kb-row-layout-id_292837-f5 alignnone wp-block-kadence-rowlayout\"><div class=\"kt-row-column-wrap kt-has-2-columns kt-row-layout-equal kt-tab-layout-inherit kt-mobile-layout-row kt-row-valign-top\">\n<style>.kadence-column_352e1c-8f > .kt-inside-inner-col{display:flex;}.kadence-column_352e1c-8f > .kt-inside-inner-col,.kadence-column_352e1c-8f > .kt-inside-inner-col:before{border-top-left-radius:0px;border-top-right-radius:0px;border-bottom-right-radius:0px;border-bottom-left-radius:0px;}.kadence-column_352e1c-8f > .kt-inside-inner-col{column-gap:var(--global-kb-gap-sm, 1rem);}.kadence-column_352e1c-8f > .kt-inside-inner-col{flex-direction:column;justify-content:center;}.kadence-column_352e1c-8f > .kt-inside-inner-col > .aligncenter{width:100%;}.kt-row-column-wrap > .kadence-column_352e1c-8f{align-self:center;}.kt-inner-column-height-full:not(.kt-has-1-columns) > .wp-block-kadence-column.kadence-column_352e1c-8f{align-self:auto;}.kt-inner-column-height-full:not(.kt-has-1-columns) > .wp-block-kadence-column.kadence-column_352e1c-8f > .kt-inside-inner-col{flex-direction:column;justify-content:center;}.kadence-column_352e1c-8f > .kt-inside-inner-col:before{opacity:0.3;}.kadence-column_352e1c-8f{position:relative;}@media all and (max-width: 1024px){.kt-row-column-wrap > .kadence-column_352e1c-8f{align-self:center;}}@media all and (max-width: 1024px){.kt-inner-column-height-full:not(.kt-has-1-columns) > .wp-block-kadence-column.kadence-column_352e1c-8f{align-self:auto;}}@media all and (max-width: 1024px){.kt-inner-column-height-full:not(.kt-has-1-columns) > .wp-block-kadence-column.kadence-column_352e1c-8f > .kt-inside-inner-col{flex-direction:column;justify-content:center;}}@media all and (max-width: 1024px){.kadence-column_352e1c-8f > .kt-inside-inner-col{flex-direction:column;justify-content:center;}}@media all and (max-width: 767px){.kt-row-column-wrap > .kadence-column_352e1c-8f{align-self:center;}.kt-inner-column-height-full:not(.kt-has-1-columns) > .wp-block-kadence-column.kadence-column_352e1c-8f{align-self:auto;}.kt-inner-column-height-full:not(.kt-has-1-columns) > .wp-block-kadence-column.kadence-column_352e1c-8f > .kt-inside-inner-col{flex-direction:column;justify-content:center;}.kadence-column_352e1c-8f > .kt-inside-inner-col{flex-direction:column;justify-content:center;}}<\/style>\n<div class=\"wp-block-kadence-column kadence-column_352e1c-8f inner-column-1\"><div class=\"kt-inside-inner-col\">\n<h3 class=\"wp-block-heading\"><strong>Elektrische Logistikflotte<\/strong><\/h3>\n\n\n\n<p>Die Elektrifizierung Ihrer Logistikflotte verringert Ihren CO2-Fu\u00dfabdruck und hilft Ihnen, gesetzliche Vorschriften und Beschr\u00e4nkungen einzuhalten. Die EV-Ladeplattform von AMPECO hilft Ihnen beim Umstieg, indem sie Ihre Betriebs- und Investitionskosten senkt. Sie bietet Ihnen eine kosteneffiziente Ladesoftware, die mit jeder zukunftssicheren Ladehardware kompatibel ist.<\/p>\n\n\n\n<div class=\"wp-block-buttons is-layout-flex wp-block-buttons-is-layout-flex\">\n<div class=\"wp-block-button is-style-short-underline-nds\"><a class=\"wp-block-button__link wp-element-button\" href=\"\/de\/demo\/\" target=\"_blank\" rel=\"noreferrer noopener\">Sprechen Sie mit uns<\/a><\/div>\n<\/div>\n<\/div><\/div>\n\n\n<style>.kadence-column_afe4b2-b5 > .kt-inside-inner-col,.kadence-column_afe4b2-b5 > .kt-inside-inner-col:before{border-top-left-radius:0px;border-top-right-radius:0px;border-bottom-right-radius:0px;border-bottom-left-radius:0px;}.kadence-column_afe4b2-b5 > .kt-inside-inner-col{column-gap:var(--global-kb-gap-sm, 1rem);}.kadence-column_afe4b2-b5 > .kt-inside-inner-col{flex-direction:column;}.kadence-column_afe4b2-b5 > .kt-inside-inner-col > .aligncenter{width:100%;}.kadence-column_afe4b2-b5 > .kt-inside-inner-col:before{opacity:0.3;}.kadence-column_afe4b2-b5{position:relative;}@media all and (max-width: 1024px){.kadence-column_afe4b2-b5 > .kt-inside-inner-col{flex-direction:column;justify-content:center;}}@media all and (max-width: 767px){.kadence-column_afe4b2-b5 > .kt-inside-inner-col{flex-direction:column;justify-content:center;}}<\/style>\n<div class=\"wp-block-kadence-column kadence-column_afe4b2-b5 inner-column-2\"><div class=\"kt-inside-inner-col\">\n<figure class=\"wp-block-image aligncenter size-large\"><img loading=\"lazy\" decoding=\"async\" width=\"1024\" height=\"946\" src=\"https:\/\/www.ampeco.com\/content\/uploads\/2021\/12\/Electrifying-your-logistic-fleet-1024x946.png\" alt=\"Laden der Elektroautoflotte\" class=\"wp-image-6686\" title=\"\" srcset=\"https:\/\/www.ampeco.com\/content\/uploads\/2021\/12\/Electrifying-your-logistic-fleet-1024x946.png 1024w, https:\/\/www.ampeco.com\/content\/uploads\/2021\/12\/Electrifying-your-logistic-fleet-96x89.png 96w, https:\/\/www.ampeco.com\/content\/uploads\/2021\/12\/Electrifying-your-logistic-fleet-300x277.png 300w, https:\/\/www.ampeco.com\/content\/uploads\/2021\/12\/Electrifying-your-logistic-fleet-768x709.png 768w, https:\/\/www.ampeco.com\/content\/uploads\/2021\/12\/Electrifying-your-logistic-fleet-330x305.png 330w, https:\/\/www.ampeco.com\/content\/uploads\/2021\/12\/Electrifying-your-logistic-fleet-660x609.png 660w, https:\/\/www.ampeco.com\/content\/uploads\/2021\/12\/Electrifying-your-logistic-fleet-512x473.png 512w, https:\/\/www.ampeco.com\/content\/uploads\/2021\/12\/Electrifying-your-logistic-fleet-600x554.png 600w, https:\/\/www.ampeco.com\/content\/uploads\/2021\/12\/Electrifying-your-logistic-fleet-840x776.png 840w, https:\/\/www.ampeco.com\/content\/uploads\/2021\/12\/Electrifying-your-logistic-fleet.png 1044w\" sizes=\"auto, (max-width: 1024px) 100vw, 1024px\" \/><\/figure>\n<\/div><\/div>\n\n<\/div><\/div><\/div><\/div>\n\n\n\n<div class=\"wp-block-kadence-tab kt-tab-inner-content kt-inner-tab-3 kt-inner-tab_146eeb-f4\"><div class=\"kt-tab-inner-content-inner\"><style>.kb-row-layout-id_ec84fb-32 > .kt-row-column-wrap{align-content:start;}:where(.kb-row-layout-id_ec84fb-32 > .kt-row-column-wrap) > .wp-block-kadence-column{justify-content:start;}.kb-row-layout-id_ec84fb-32 > .kt-row-column-wrap{column-gap:var(--global-kb-gap-md, 2rem);row-gap:var(--global-kb-gap-md, 2rem);padding-top:var(--global-kb-spacing-sm, 1.5rem);padding-bottom:var(--global-kb-spacing-sm, 1.5rem);grid-template-columns:repeat(2, minmax(0, 1fr));}.kb-row-layout-id_ec84fb-32 > .kt-row-layout-overlay{opacity:0.30;}@media all and (max-width: 1024px){.kb-row-layout-id_ec84fb-32 > .kt-row-column-wrap{grid-template-columns:repeat(2, minmax(0, 1fr));}}@media all and (max-width: 767px){.kb-row-layout-id_ec84fb-32 > .kt-row-column-wrap{grid-template-columns:minmax(0, 1fr);}}<\/style><div class=\"kb-row-layout-wrap kb-row-layout-id_ec84fb-32 alignnone wp-block-kadence-rowlayout\"><div class=\"kt-row-column-wrap kt-has-2-columns kt-row-layout-equal kt-tab-layout-inherit kt-mobile-layout-row kt-row-valign-top\">\n<style>.kadence-column_05d25a-51 > .kt-inside-inner-col{display:flex;}.kadence-column_05d25a-51 > .kt-inside-inner-col,.kadence-column_05d25a-51 > .kt-inside-inner-col:before{border-top-left-radius:0px;border-top-right-radius:0px;border-bottom-right-radius:0px;border-bottom-left-radius:0px;}.kadence-column_05d25a-51 > .kt-inside-inner-col{column-gap:var(--global-kb-gap-sm, 1rem);}.kadence-column_05d25a-51 > .kt-inside-inner-col{flex-direction:column;justify-content:center;}.kadence-column_05d25a-51 > .kt-inside-inner-col > .aligncenter{width:100%;}.kt-row-column-wrap > .kadence-column_05d25a-51{align-self:center;}.kt-inner-column-height-full:not(.kt-has-1-columns) > .wp-block-kadence-column.kadence-column_05d25a-51{align-self:auto;}.kt-inner-column-height-full:not(.kt-has-1-columns) > .wp-block-kadence-column.kadence-column_05d25a-51 > .kt-inside-inner-col{flex-direction:column;justify-content:center;}.kadence-column_05d25a-51 > .kt-inside-inner-col:before{opacity:0.3;}.kadence-column_05d25a-51{position:relative;}@media all and (max-width: 1024px){.kt-row-column-wrap > .kadence-column_05d25a-51{align-self:center;}}@media all and (max-width: 1024px){.kt-inner-column-height-full:not(.kt-has-1-columns) > .wp-block-kadence-column.kadence-column_05d25a-51{align-self:auto;}}@media all and (max-width: 1024px){.kt-inner-column-height-full:not(.kt-has-1-columns) > .wp-block-kadence-column.kadence-column_05d25a-51 > .kt-inside-inner-col{flex-direction:column;justify-content:center;}}@media all and (max-width: 1024px){.kadence-column_05d25a-51 > .kt-inside-inner-col{flex-direction:column;justify-content:center;}}@media all and (max-width: 767px){.kt-row-column-wrap > .kadence-column_05d25a-51{align-self:center;}.kt-inner-column-height-full:not(.kt-has-1-columns) > .wp-block-kadence-column.kadence-column_05d25a-51{align-self:auto;}.kt-inner-column-height-full:not(.kt-has-1-columns) > .wp-block-kadence-column.kadence-column_05d25a-51 > .kt-inside-inner-col{flex-direction:column;justify-content:center;}.kadence-column_05d25a-51 > .kt-inside-inner-col{flex-direction:column;justify-content:center;}}<\/style>\n<div class=\"wp-block-kadence-column kadence-column_05d25a-51 inner-column-1\"><div class=\"kt-inside-inner-col\">\n<h3 class=\"wp-block-heading\"><strong>Autoparks<\/strong><\/h3>\n\n\n\n<p>Besitzen Sie bereits einige Parkpl\u00e4tze? F\u00fcgen Sie eine Einnahmequelle mit Ladestationen f\u00fcr Elektroautos hinzu. Sie ziehen neue Kunden an und verbessern Ihre Sichtbarkeit als Ladestation f\u00fcr Elektrofahrzeuge.<br\/><br\/>Mit der EV-Ladeplattform von AMPECO k\u00f6nnen Sie Ihre Ladestationen schnell einrichten und verwalten. Au\u00dferdem k\u00f6nnen Sie Ihre Stromrechnung dank der Lastmanagementfunktionen senken.<\/p>\n\n\n\n<div class=\"wp-block-buttons is-layout-flex wp-block-buttons-is-layout-flex\">\n<div class=\"wp-block-button is-style-short-underline-nds\"><a class=\"wp-block-button__link wp-element-button\" href=\"\/de\/demo\/\" target=\"_blank\" rel=\"noreferrer noopener\">Sprechen Sie mit uns<\/a><\/div>\n<\/div>\n<\/div><\/div>\n\n\n<style>.kadence-column_7db358-a4 > .kt-inside-inner-col,.kadence-column_7db358-a4 > .kt-inside-inner-col:before{border-top-left-radius:0px;border-top-right-radius:0px;border-bottom-right-radius:0px;border-bottom-left-radius:0px;}.kadence-column_7db358-a4 > .kt-inside-inner-col{column-gap:var(--global-kb-gap-sm, 1rem);}.kadence-column_7db358-a4 > .kt-inside-inner-col{flex-direction:column;}.kadence-column_7db358-a4 > .kt-inside-inner-col > .aligncenter{width:100%;}.kadence-column_7db358-a4 > .kt-inside-inner-col:before{opacity:0.3;}.kadence-column_7db358-a4{position:relative;}@media all and (max-width: 1024px){.kadence-column_7db358-a4 > .kt-inside-inner-col{flex-direction:column;justify-content:center;}}@media all and (max-width: 767px){.kadence-column_7db358-a4 > .kt-inside-inner-col{flex-direction:column;justify-content:center;}}<\/style>\n<div class=\"wp-block-kadence-column kadence-column_7db358-a4 inner-column-2\"><div class=\"kt-inside-inner-col\">\n<figure class=\"wp-block-image aligncenter size-large\"><img loading=\"lazy\" decoding=\"async\" width=\"1024\" height=\"949\" src=\"https:\/\/www.ampeco.com\/content\/uploads\/2021\/12\/person-charging-car-in-car-park-1024x949.png\" alt=\"Person, die ihr Auto in einem Parkhaus aufl&#xE4;dt\" class=\"wp-image-6424\" title=\"\" srcset=\"https:\/\/www.ampeco.com\/content\/uploads\/2021\/12\/person-charging-car-in-car-park-1024x949.png 1024w, https:\/\/www.ampeco.com\/content\/uploads\/2021\/12\/person-charging-car-in-car-park-96x89.png 96w, https:\/\/www.ampeco.com\/content\/uploads\/2021\/12\/person-charging-car-in-car-park-300x278.png 300w, https:\/\/www.ampeco.com\/content\/uploads\/2021\/12\/person-charging-car-in-car-park-768x712.png 768w, https:\/\/www.ampeco.com\/content\/uploads\/2021\/12\/person-charging-car-in-car-park-330x306.png 330w, https:\/\/www.ampeco.com\/content\/uploads\/2021\/12\/person-charging-car-in-car-park-660x612.png 660w, https:\/\/www.ampeco.com\/content\/uploads\/2021\/12\/person-charging-car-in-car-park-512x475.png 512w, https:\/\/www.ampeco.com\/content\/uploads\/2021\/12\/person-charging-car-in-car-park-600x556.png 600w, https:\/\/www.ampeco.com\/content\/uploads\/2021\/12\/person-charging-car-in-car-park-840x779.png 840w, https:\/\/www.ampeco.com\/content\/uploads\/2021\/12\/person-charging-car-in-car-park.png 1044w\" sizes=\"auto, (max-width: 1024px) 100vw, 1024px\" \/><\/figure>\n<\/div><\/div>\n\n<\/div><\/div><\/div><\/div>\n\n\n\n<div class=\"wp-block-kadence-tab kt-tab-inner-content kt-inner-tab-4 kt-inner-tab_c31584-04\"><div class=\"kt-tab-inner-content-inner\"><style>.kb-row-layout-id_c6a521-a8 > .kt-row-column-wrap{align-content:start;}:where(.kb-row-layout-id_c6a521-a8 > .kt-row-column-wrap) > .wp-block-kadence-column{justify-content:start;}.kb-row-layout-id_c6a521-a8 > .kt-row-column-wrap{column-gap:var(--global-kb-gap-md, 2rem);row-gap:var(--global-kb-gap-md, 2rem);padding-top:var(--global-kb-spacing-sm, 1.5rem);padding-bottom:var(--global-kb-spacing-sm, 1.5rem);grid-template-columns:repeat(2, minmax(0, 1fr));}.kb-row-layout-id_c6a521-a8 > .kt-row-layout-overlay{opacity:0.30;}@media all and (max-width: 1024px){.kb-row-layout-id_c6a521-a8 > .kt-row-column-wrap{grid-template-columns:repeat(2, minmax(0, 1fr));}}@media all and (max-width: 767px){.kb-row-layout-id_c6a521-a8 > .kt-row-column-wrap{grid-template-columns:minmax(0, 1fr);}}<\/style><div class=\"kb-row-layout-wrap kb-row-layout-id_c6a521-a8 alignnone wp-block-kadence-rowlayout\"><div class=\"kt-row-column-wrap kt-has-2-columns kt-row-layout-equal kt-tab-layout-inherit kt-mobile-layout-row kt-row-valign-top\">\n<style>.kadence-column_ee9bec-b5 > .kt-inside-inner-col{display:flex;}.kadence-column_ee9bec-b5 > .kt-inside-inner-col,.kadence-column_ee9bec-b5 > .kt-inside-inner-col:before{border-top-left-radius:0px;border-top-right-radius:0px;border-bottom-right-radius:0px;border-bottom-left-radius:0px;}.kadence-column_ee9bec-b5 > .kt-inside-inner-col{column-gap:var(--global-kb-gap-sm, 1rem);}.kadence-column_ee9bec-b5 > .kt-inside-inner-col{flex-direction:column;justify-content:center;}.kadence-column_ee9bec-b5 > .kt-inside-inner-col > .aligncenter{width:100%;}.kt-row-column-wrap > .kadence-column_ee9bec-b5{align-self:center;}.kt-inner-column-height-full:not(.kt-has-1-columns) > .wp-block-kadence-column.kadence-column_ee9bec-b5{align-self:auto;}.kt-inner-column-height-full:not(.kt-has-1-columns) > .wp-block-kadence-column.kadence-column_ee9bec-b5 > .kt-inside-inner-col{flex-direction:column;justify-content:center;}.kadence-column_ee9bec-b5 > .kt-inside-inner-col:before{opacity:0.3;}.kadence-column_ee9bec-b5{position:relative;}@media all and (max-width: 1024px){.kt-row-column-wrap > .kadence-column_ee9bec-b5{align-self:center;}}@media all and (max-width: 1024px){.kt-inner-column-height-full:not(.kt-has-1-columns) > .wp-block-kadence-column.kadence-column_ee9bec-b5{align-self:auto;}}@media all and (max-width: 1024px){.kt-inner-column-height-full:not(.kt-has-1-columns) > .wp-block-kadence-column.kadence-column_ee9bec-b5 > .kt-inside-inner-col{flex-direction:column;justify-content:center;}}@media all and (max-width: 1024px){.kadence-column_ee9bec-b5 > .kt-inside-inner-col{flex-direction:column;justify-content:center;}}@media all and (max-width: 767px){.kt-row-column-wrap > .kadence-column_ee9bec-b5{align-self:center;}.kt-inner-column-height-full:not(.kt-has-1-columns) > .wp-block-kadence-column.kadence-column_ee9bec-b5{align-self:auto;}.kt-inner-column-height-full:not(.kt-has-1-columns) > .wp-block-kadence-column.kadence-column_ee9bec-b5 > .kt-inside-inner-col{flex-direction:column;justify-content:center;}.kadence-column_ee9bec-b5 > .kt-inside-inner-col{flex-direction:column;justify-content:center;}}<\/style>\n<div class=\"wp-block-kadence-column kadence-column_ee9bec-b5 inner-column-1\"><div class=\"kt-inside-inner-col\">\n<h3 class=\"wp-block-heading\"><strong>Laden zu Hause<\/strong><\/h3>\n\n\n\n<p>Mit einer einzigen App f\u00fcr \u00f6ffentliches und privates Laden sowie f\u00fcr das Laden zu Hause k\u00f6nnen Sie Ihren E-Fahrern ein 360\u00b0-Ladeerlebnis bieten. Sie k\u00f6nnen Ihre E-Fahrzeuge zu Hause laden, was Ihnen Zeit und Geld spart. <br\/><br\/>Sie k\u00f6nnen genau wissen, wie viel der Strom in den n\u00e4chsten 24 Stunden kosten wird, indem Sie \u00fcber unsere API eine Partnerschaft mit einem Stromanbieter eingehen. Auf diese Weise k\u00f6nnen Sie Stromkosten sparen, indem Sie Ihren E-Fahrern einen intelligenten Zeitplan zur Verf\u00fcgung stellen. <br\/><br\/>Je nach Ihrer R\u00fcckerstattungspolitik k\u00f6nnen Sie auch einen Teil der Einsparungen an die E-Fahrer in Form von Anreizen oder Mitarbeitervorteilen weitergeben. So k\u00f6nnen Sie die Loyalit\u00e4t Ihrer Mitarbeiter st\u00e4rken und das Image Ihres Unternehmens deutlich verbessern.<\/p>\n\n\n\n<div class=\"wp-block-buttons is-layout-flex wp-block-buttons-is-layout-flex\">\n<div class=\"wp-block-button is-style-short-underline-nds\"><a class=\"wp-block-button__link wp-element-button\" href=\"\/de\/demo\/\" target=\"_blank\" rel=\"noreferrer noopener\">Sprechen Sie mit uns<\/a><\/div>\n<\/div>\n<\/div><\/div>\n\n\n<style>.kadence-column_1607f2-d7 > .kt-inside-inner-col,.kadence-column_1607f2-d7 > .kt-inside-inner-col:before{border-top-left-radius:0px;border-top-right-radius:0px;border-bottom-right-radius:0px;border-bottom-left-radius:0px;}.kadence-column_1607f2-d7 > .kt-inside-inner-col{column-gap:var(--global-kb-gap-sm, 1rem);}.kadence-column_1607f2-d7 > .kt-inside-inner-col{flex-direction:column;}.kadence-column_1607f2-d7 > .kt-inside-inner-col > .aligncenter{width:100%;}.kadence-column_1607f2-d7 > .kt-inside-inner-col:before{opacity:0.3;}.kadence-column_1607f2-d7{position:relative;}@media all and (max-width: 1024px){.kadence-column_1607f2-d7 > .kt-inside-inner-col{flex-direction:column;justify-content:center;}}@media all and (max-width: 767px){.kadence-column_1607f2-d7 > .kt-inside-inner-col{flex-direction:column;justify-content:center;}}<\/style>\n<div class=\"wp-block-kadence-column kadence-column_1607f2-d7 inner-column-2\"><div class=\"kt-inside-inner-col\">\n<figure class=\"wp-block-image aligncenter size-large\"><img loading=\"lazy\" decoding=\"async\" width=\"1024\" height=\"949\" src=\"https:\/\/www.ampeco.com\/content\/uploads\/2021\/12\/home-charging-for-electric-vehicles-1024x949.png\" alt=\"Frau l&#xE4;dt Elektrofahrzeug in heimischer Garage\" class=\"wp-image-6687\" title=\"\" srcset=\"https:\/\/www.ampeco.com\/content\/uploads\/2021\/12\/home-charging-for-electric-vehicles-1024x949.png 1024w, https:\/\/www.ampeco.com\/content\/uploads\/2021\/12\/home-charging-for-electric-vehicles-96x89.png 96w, https:\/\/www.ampeco.com\/content\/uploads\/2021\/12\/home-charging-for-electric-vehicles-300x278.png 300w, https:\/\/www.ampeco.com\/content\/uploads\/2021\/12\/home-charging-for-electric-vehicles-768x712.png 768w, https:\/\/www.ampeco.com\/content\/uploads\/2021\/12\/home-charging-for-electric-vehicles-330x306.png 330w, https:\/\/www.ampeco.com\/content\/uploads\/2021\/12\/home-charging-for-electric-vehicles-660x612.png 660w, https:\/\/www.ampeco.com\/content\/uploads\/2021\/12\/home-charging-for-electric-vehicles-512x475.png 512w, https:\/\/www.ampeco.com\/content\/uploads\/2021\/12\/home-charging-for-electric-vehicles-600x556.png 600w, https:\/\/www.ampeco.com\/content\/uploads\/2021\/12\/home-charging-for-electric-vehicles-840x779.png 840w, https:\/\/www.ampeco.com\/content\/uploads\/2021\/12\/home-charging-for-electric-vehicles.png 1044w\" sizes=\"auto, (max-width: 1024px) 100vw, 1024px\" \/><\/figure>\n<\/div><\/div>\n\n<\/div><\/div><\/div><\/div>\n<\/div><\/div><\/div>\n<\/div>\n\n<div class=\"wp-block-group is-style-section-nds-margin has-background is-layout-constrained wp-block-group-is-layout-constrained\" style=\"border-radius:var(--spacing-4xl, 32px);overflow:hidden;background:linear-gradient(159deg,#0E60C3 0%,#0D478D 100%)\">\n<h2 class=\"has-text-align-center has-white-color has-text-color wp-block-heading\">Zus\u00e4tzliche Dienstleistungen f\u00fcr Flottenbetreiber<\/h2>\n\n\n\n<p class=\"has-text-align-center is-style-default has-lightbluebg-color has-text-color\">AMPECO geht die Extrameile, um Ihnen zus\u00e4tzliche Dienstleistungen zu bieten und die Elektrifizierung Ihrer Flotte zu beschleunigen. Wir helfen Ihnen bei der Erzielung von Einsparungen und neuen Einnahmequellen, die sich aus dem Laden von Elektrofahrzeugen ergeben.<\/p>\n\n\n<style>.wp-block-kadence-spacer.kt-block-spacer-_f3c18e-94 .kt-block-spacer{height:40px;}.wp-block-kadence-spacer.kt-block-spacer-_f3c18e-94 .kt-divider{border-top-width:1px;height:1px;border-top-color:#eee;width:80%;border-top-style:solid;}<\/style>\n<div class=\"wp-block-kadence-spacer aligncenter kt-block-spacer-_f3c18e-94\"><div class=\"kt-block-spacer kt-block-spacer-halign-center\"><\/div><\/div>\n\n\n\n<div class=\"wp-block-columns is-style-white-text-boxes is-layout-flex wp-container-core-columns-is-layout-28f84493 wp-block-columns-is-layout-flex\">\n<div class=\"wp-block-column is-layout-flow wp-block-column-is-layout-flow\">\n<div class=\"wp-block-group is-layout-constrained wp-block-group-is-layout-constrained\">\n<h3 class=\"wp-block-heading\">Nutzen Sie Rabatte und Anreize f\u00fcr Elektrofahrzeuge<\/h3>\n\n\n\n<p>Mit der hardware-agnostischen Plattform von AMPECO k\u00f6nnen Sie die Anforderungen f\u00fcr staatliche oder lokale Steuergutschriften und -anreize erf\u00fcllen, die Ihre Investitionskosten ausgleichen k\u00f6nnen.<\/p>\n<\/div>\n<\/div>\n\n\n\n<div class=\"wp-block-column is-layout-flow wp-block-column-is-layout-flow\">\n<div class=\"wp-block-group is-layout-constrained wp-block-group-is-layout-constrained\">\n<h3 class=\"wp-block-heading\">Beauftragter Kundenbetreuer<\/h3>\n\n\n\n<p>Ihr pers\u00f6nlicher Ansprechpartner begleitet Sie bei der Standortbewertung, dem Systemdesign, den Integrationstests und der Installation der Ladestationen sowie beim Onboarding der Plattform.<\/p>\n<\/div>\n<\/div>\n\n\n\n<div class=\"wp-block-column is-layout-flow wp-block-column-is-layout-flow\">\n<div class=\"wp-block-group is-layout-constrained wp-block-group-is-layout-constrained\">\n<h3 class=\"wp-block-heading\">Nahtlose Integration Ihrer OCPP-Ladeger\u00e4te<\/h3>\n\n\n\n<p>Alle Ihre Ladestationen werden umfangreichen Tests unterzogen (bis zu 80 verschiedene Tests), um sicherzustellen, dass sie OCPP-konform sind und den Anforderungen Ihres Unternehmens entsprechen.<\/p>\n<\/div>\n<\/div>\n<\/div>\n\n\n\n<div class=\"wp-block-columns is-style-white-text-boxes is-layout-flex wp-container-core-columns-is-layout-28f84493 wp-block-columns-is-layout-flex\">\n<div class=\"wp-block-column is-layout-flow wp-block-column-is-layout-flow\">\n<div class=\"wp-block-group is-layout-constrained wp-block-group-is-layout-constrained\">\n<h3 class=\"wp-block-heading\">Schnelle Markteinf\u00fchrung<\/h3>\n\n\n\n<p>Eine schnelle Markteinf\u00fchrung ist entscheidend f\u00fcr den Erfolg Ihres Unternehmens. Stellen Sie gro\u00dfe Netzwerke bereit und f\u00fchren Sie globale Migrationen innerhalb von 4-6 Wochen durch.<\/p>\n<\/div>\n<\/div>\n\n\n\n<div class=\"wp-block-column is-layout-flow wp-block-column-is-layout-flow\">\n<div class=\"wp-block-group is-layout-constrained wp-block-group-is-layout-constrained\">\n<h3 class=\"wp-block-heading\">API-Integrationen<\/h3>\n\n\n\n<p>Integrieren Sie mit unserer umfassenden EV-Ladeplattform neue Dienstleistungen und Produkte nahtlos in Ihr Gesch\u00e4ftsmodell.<\/p>\n<\/div>\n<\/div>\n\n\n\n<div class=\"wp-block-column is-vertically-aligned-center no-border is-layout-flow wp-block-column-is-layout-flow\">\n<div class=\"wp-block-group is-layout-constrained wp-block-group-is-layout-constrained\">\n<div class=\"wp-block-buttons is-content-justification-center is-layout-flex wp-container-core-buttons-is-layout-a89b3969 wp-block-buttons-is-layout-flex\">\n<div class=\"wp-block-button is-style-short-underline-nds-centered\"><a class=\"wp-block-button__link has-white-color has-text-color wp-element-button\" href=\"\/de\/demo\/\">Demo buchen<\/a><\/div>\n<\/div>\n<\/div>\n<\/div>\n<\/div>\n<\/div>\n\n<div style=\"border-radius:var(--spacing-4xl, 32px);overflow:hidden;\" class=\"wp-block-group is-style-section-nds is-layout-constrained wp-block-group-is-layout-constrained\">\n<h2 class=\"has-text-align-center wp-block-heading\">Entdecken Sie die Branche<\/h2>\n\n\n\n<p class=\"has-text-align-center is-style-default\">Handverlesene Ressourcen von f\u00fchrenden Branchenexperten.<\/p>\n\n\n\n<div style=\"height:40px\" aria-hidden=\"true\" class=\"wp-block-spacer\"><\/div>\n\n\n<style>.kb-row-layout-id_6d202d-a0 > .kt-row-column-wrap{align-content:start;}:where(.kb-row-layout-id_6d202d-a0 > .kt-row-column-wrap) > .wp-block-kadence-column{justify-content:start;}.kb-row-layout-id_6d202d-a0 > .kt-row-column-wrap{column-gap:var(--global-kb-gap-lg, 4rem);row-gap:80px;padding-top:var(--global-kb-spacing-sm, 1.5rem);padding-bottom:var(--global-kb-spacing-sm, 1.5rem);grid-template-columns:repeat(2, minmax(0, 1fr));}.kb-row-layout-id_6d202d-a0 > .kt-row-layout-overlay{opacity:0.30;}@media all and (max-width: 1024px){.kb-row-layout-id_6d202d-a0 > .kt-row-column-wrap{grid-template-columns:repeat(2, minmax(0, 1fr));}}@media all and (max-width: 767px){.kb-row-layout-id_6d202d-a0 > .kt-row-column-wrap{grid-template-columns:minmax(0, 1fr);}}<\/style><div class=\"kb-row-layout-wrap kb-row-layout-id_6d202d-a0 alignnone wp-block-kadence-rowlayout\"><div class=\"kt-row-column-wrap kt-has-2-columns kt-row-layout-equal kt-tab-layout-inherit kt-mobile-layout-row kt-row-valign-top\">\n<style>.kadence-column_ce6a9c-f3 > .kt-inside-inner-col,.kadence-column_ce6a9c-f3 > .kt-inside-inner-col:before{border-top-left-radius:0px;border-top-right-radius:0px;border-bottom-right-radius:0px;border-bottom-left-radius:0px;}.kadence-column_ce6a9c-f3 > .kt-inside-inner-col{column-gap:var(--global-kb-gap-sm, 1rem);}.kadence-column_ce6a9c-f3 > .kt-inside-inner-col{flex-direction:column;}.kadence-column_ce6a9c-f3 > .kt-inside-inner-col > .aligncenter{width:100%;}.kadence-column_ce6a9c-f3 > .kt-inside-inner-col:before{opacity:0.3;}.kadence-column_ce6a9c-f3{position:relative;}@media all and (max-width: 1024px){.kadence-column_ce6a9c-f3 > .kt-inside-inner-col{flex-direction:column;justify-content:center;}}@media all and (max-width: 767px){.kadence-column_ce6a9c-f3 > .kt-inside-inner-col{flex-direction:column;justify-content:center;}}<\/style>\n<div class=\"wp-block-kadence-column kadence-column_ce6a9c-f3 inner-column-1\"><div class=\"kt-inside-inner-col\">\n<div class=\"wp-block-group ebook-cont is-layout-constrained wp-block-group-is-layout-constrained\">\n<figure class=\"wp-block-image size-full\"><img decoding=\"async\" src=\"https:\/\/www.ampeco.com\/content\/uploads\/2022\/10\/&#x435;-book-thumb-10-features.png\" alt=\"-\" class=\"wp-image-12799\" title=\"\"><\/figure>\n\n\n<style>.wp-block-kadence-spacer.kt-block-spacer-_8828f7-88 .kt-block-spacer{height:40px;}.wp-block-kadence-spacer.kt-block-spacer-_8828f7-88 .kt-divider{border-top-width:1px;height:1px;border-top-color:#eee;width:80%;border-top-style:solid;}<\/style>\n<div class=\"wp-block-kadence-spacer aligncenter kt-block-spacer-_8828f7-88\"><div class=\"kt-block-spacer kt-block-spacer-halign-center\"><\/div><\/div>\n\n\n\n<h3 class=\"has-text-align-center has-l-font-size wp-block-heading\">Die 10 Funktionen, die Ihre EV-Lademanagement-Software unbedingt haben muss (auf Englisch)<\/h3>\n\n\n\n<p class=\"has-text-align-center is-style-font-weight-normal\">Machen Sie sich mit den gesch\u00e4ftskritischen Softwarefunktionen im Detail vertraut und erfahren Sie, wie Sie alle EV-Ladestrategien \u00fcber eine Plattform abdecken k\u00f6nnen. Lesen Sie jetzt, um sich f\u00fcr den Erfolg zu r\u00fcsten.<\/p>\n\n\n\n<div class=\"wp-block-buttons is-style-top-spacing is-content-justification-center is-layout-flex wp-container-core-buttons-is-layout-a89b3969 wp-block-buttons-is-layout-flex\">\n<div class=\"wp-block-button\"><a class=\"wp-block-button__link wp-element-button\" href=\"\/de\/ressourcen\/ebook-die-10-features-die-ihre-ev-lademanagement-software-muss-haben\/\">Ebook herunterladen<\/a><\/div>\n<\/div>\n<\/div>\n<\/div><\/div>\n\n\n<style>.kadence-column_f267f6-45 > .kt-inside-inner-col,.kadence-column_f267f6-45 > .kt-inside-inner-col:before{border-top-left-radius:0px;border-top-right-radius:0px;border-bottom-right-radius:0px;border-bottom-left-radius:0px;}.kadence-column_f267f6-45 > .kt-inside-inner-col{column-gap:var(--global-kb-gap-sm, 1rem);}.kadence-column_f267f6-45 > .kt-inside-inner-col{flex-direction:column;}.kadence-column_f267f6-45 > .kt-inside-inner-col > .aligncenter{width:100%;}.kadence-column_f267f6-45 > .kt-inside-inner-col:before{opacity:0.3;}.kadence-column_f267f6-45{position:relative;}@media all and (max-width: 1024px){.kadence-column_f267f6-45 > .kt-inside-inner-col{flex-direction:column;justify-content:center;}}@media all and (max-width: 767px){.kadence-column_f267f6-45 > .kt-inside-inner-col{flex-direction:column;justify-content:center;}}<\/style>\n<div class=\"wp-block-kadence-column kadence-column_f267f6-45 inner-column-2\"><div class=\"kt-inside-inner-col\">\n<div class=\"wp-block-group ebook-cont is-layout-constrained wp-block-group-is-layout-constrained\">\n<figure class=\"wp-block-image size-full\"><img decoding=\"async\" src=\"https:\/\/www.ampeco.com\/content\/uploads\/2022\/10\/&#x435;-book-thumb-platform-overview.png\" alt=\"-\" class=\"wp-image-12801\" title=\"\"><\/figure>\n\n\n<style>.wp-block-kadence-spacer.kt-block-spacer-_efe0a7-4c .kt-block-spacer{height:40px;}.wp-block-kadence-spacer.kt-block-spacer-_efe0a7-4c .kt-divider{border-top-width:1px;height:1px;border-top-color:#eee;width:80%;border-top-style:solid;}<\/style>\n<div class=\"wp-block-kadence-spacer aligncenter kt-block-spacer-_efe0a7-4c\"><div class=\"kt-block-spacer kt-block-spacer-halign-center\"><\/div><\/div>\n\n\n\n<h3 class=\"has-text-align-center has-l-font-size wp-block-heading\">Die AMPECO Plattform im \u00dcberblick<br\/><br\/><\/h3>\n\n\n\n<p class=\"has-text-align-center is-style-font-weight-normal\">Finden Sie heraus, wie Sie ein zuverl\u00e4ssiges und profitables EV-Ladenetzwerk mit der EV-Ladesoftware von AMPECO verwalten k\u00f6nnen.<br\/><br\/><\/p>\n\n\n\n<div class=\"wp-block-buttons is-style-top-spacing is-content-justification-center is-layout-flex wp-container-core-buttons-is-layout-a89b3969 wp-block-buttons-is-layout-flex\">\n<div class=\"wp-block-button\"><a class=\"wp-block-button__link wp-element-button\" href=\"\/de\/plattform-uberblick-ebook\/\">Ebook herunterladen<\/a><\/div>\n<\/div>\n<\/div>\n<\/div><\/div>\n\n<\/div><\/div><\/div>\n\n<div class=\"wp-block-group has-background is-layout-constrained wp-block-group-is-layout-constrained\" style=\"border-radius:var(--spacing-4xl, 32px);overflow:hidden;background-color:#f8fcff\"><style>.wp-block-kadence-spacer.kt-block-spacer-_b81946-1d .kt-block-spacer{height:80px;}.wp-block-kadence-spacer.kt-block-spacer-_b81946-1d .kt-divider{border-top-width:1px;height:1px;border-top-color:#eee;width:80%;border-top-style:solid;}@media all and (max-width: 1024px){.wp-block-kadence-spacer.kt-block-spacer-_b81946-1d .kt-block-spacer{height:60px!important;}}<\/style>\n<div class=\"wp-block-kadence-spacer aligncenter kt-block-spacer-_b81946-1d\"><div class=\"kt-block-spacer kt-block-spacer-halign-center\"><\/div><\/div>\n\n\n\n<h2 class=\"has-text-align-center wp-block-heading\" id=\"resources\"><strong>Verwandte Lekt\u00fcre<\/strong><\/h2>\n\n\n\n<div id=\"resources-block_006fc553e1e8aa0c9eb27bc1e5f5c021\" class=\"block-resources\">\n\t<div class=\"column_left\">\n\t\t\t\t\t\t\t<ul class=\"cl_list\">\n\t\t\t\t\t\t\t\t\t<li>\n\t\t\t\t\t\t<div class=\"post_image\">\n\t\t\t\t\t\t\t<a href=\"https:\/\/www.ampeco.com\/blog\/future-proof-network-hardware-agnostic-ev-charging-software\/\">\n\t\t\t\t\t\t\t\t<img loading=\"lazy\" decoding=\"async\" width=\"512\" height=\"269\" src=\"https:\/\/www.ampeco.com\/content\/uploads\/2022\/02\/Hardware-Agnostic-ev-charging-software-512x269.png\" class=\"attachment-image-512 size-image-512 wp-post-image\" alt=\"hardware agnostic ev charging software\" srcset=\"https:\/\/www.ampeco.com\/content\/uploads\/2022\/02\/Hardware-Agnostic-ev-charging-software-512x269.png 512w, https:\/\/www.ampeco.com\/content\/uploads\/2022\/02\/Hardware-Agnostic-ev-charging-software-300x158.png 300w, https:\/\/www.ampeco.com\/content\/uploads\/2022\/02\/Hardware-Agnostic-ev-charging-software-768x403.png 768w, https:\/\/www.ampeco.com\/content\/uploads\/2022\/02\/Hardware-Agnostic-ev-charging-software-1024x538.png 1024w, https:\/\/www.ampeco.com\/content\/uploads\/2022\/02\/Hardware-Agnostic-ev-charging-software-96x50.png 96w, https:\/\/www.ampeco.com\/content\/uploads\/2022\/02\/Hardware-Agnostic-ev-charging-software-330x173.png 330w, https:\/\/www.ampeco.com\/content\/uploads\/2022\/02\/Hardware-Agnostic-ev-charging-software-660x347.png 660w, https:\/\/www.ampeco.com\/content\/uploads\/2022\/02\/Hardware-Agnostic-ev-charging-software-600x315.png 600w, https:\/\/www.ampeco.com\/content\/uploads\/2022\/02\/Hardware-Agnostic-ev-charging-software-840x441.png 840w, https:\/\/www.ampeco.com\/content\/uploads\/2022\/02\/Hardware-Agnostic-ev-charging-software.png 1200w\" sizes=\"auto, (max-width: 512px) 100vw, 512px\" title=\"\">\t\t\t\t\t\t\t<\/a>\n\t\t\t\t\t\t<\/div>\n\t\t\t\t\t\t<div class=\"post_content\">\n\t\t\t\t\t\t\t<div class=\"post_info\">\n\t\t\t\t\t\t\t\t<!-- <span class=\"posted-on\"><time class=\"updated\" datetime=\"2022-02-21T16:49:01+00:00\">21. Februar 2022<\/time><\/span> -->\n\t\t\t\t\t\t\t\t<span><a href=\"https:\/\/www.ampeco.com\/de\/author\/denitsa-gavrilova\/\" rel=\"author\" class=\"fn\">Denitsa Gavrilova<\/a><\/span>\n\t\t\t\t\t\t\t<\/div>\n\t\t\t\t\t\t\t<a class=\"post_name\" href=\"https:\/\/www.ampeco.com\/blog\/future-proof-network-hardware-agnostic-ev-charging-software\/\">\n\t\t\t\t\t\t\t\t<h3>Future-proof your network with hardware-agnostic EV charging software<\/h3>\n\t\t\t\t\t\t\t<\/a>\n\t\t\t\t\t\t<\/div>\n\t\t\t\t\t<\/li>\n\t\t\t\t\t\t\t\t\t<li>\n\t\t\t\t\t\t<div class=\"post_image\">\n\t\t\t\t\t\t\t<a href=\"https:\/\/www.ampeco.com\/blog\/sustainable-business-models-for-ev-charging\/\">\n\t\t\t\t\t\t\t\t<img loading=\"lazy\" decoding=\"async\" width=\"512\" height=\"268\" src=\"https:\/\/www.ampeco.com\/content\/uploads\/2022\/02\/evision-2022-orlin-radev-as-panelsit-512x268.png\" class=\"attachment-image-512 size-image-512 wp-post-image\" alt=\"-\" srcset=\"https:\/\/www.ampeco.com\/content\/uploads\/2022\/02\/evision-2022-orlin-radev-as-panelsit-512x268.png 512w, https:\/\/www.ampeco.com\/content\/uploads\/2022\/02\/evision-2022-orlin-radev-as-panelsit-96x50.png 96w, https:\/\/www.ampeco.com\/content\/uploads\/2022\/02\/evision-2022-orlin-radev-as-panelsit-300x157.png 300w, https:\/\/www.ampeco.com\/content\/uploads\/2022\/02\/evision-2022-orlin-radev-as-panelsit-768x402.png 768w, https:\/\/www.ampeco.com\/content\/uploads\/2022\/02\/evision-2022-orlin-radev-as-panelsit-1024x536.png 1024w, https:\/\/www.ampeco.com\/content\/uploads\/2022\/02\/evision-2022-orlin-radev-as-panelsit-330x173.png 330w, https:\/\/www.ampeco.com\/content\/uploads\/2022\/02\/evision-2022-orlin-radev-as-panelsit-660x345.png 660w, https:\/\/www.ampeco.com\/content\/uploads\/2022\/02\/evision-2022-orlin-radev-as-panelsit-600x314.png 600w, https:\/\/www.ampeco.com\/content\/uploads\/2022\/02\/evision-2022-orlin-radev-as-panelsit-840x440.png 840w, https:\/\/www.ampeco.com\/content\/uploads\/2022\/02\/evision-2022-orlin-radev-as-panelsit.png 1200w\" sizes=\"auto, (max-width: 512px) 100vw, 512px\" title=\"\">\t\t\t\t\t\t\t<\/a>\n\t\t\t\t\t\t<\/div>\n\t\t\t\t\t\t<div class=\"post_content\">\n\t\t\t\t\t\t\t<div class=\"post_info\">\n\t\t\t\t\t\t\t\t<!-- <span class=\"posted-on\"><time class=\"updated\" datetime=\"2022-02-16T08:42:26+00:00\">16. Februar 2022<\/time><\/span> -->\n\t\t\t\t\t\t\t\t<span><a href=\"https:\/\/www.ampeco.com\/de\/author\/sasha-kostov\/\" rel=\"author\" class=\"fn\">Sasha Kostov<\/a><\/span>\n\t\t\t\t\t\t\t<\/div>\n\t\t\t\t\t\t\t<a class=\"post_name\" href=\"https:\/\/www.ampeco.com\/blog\/sustainable-business-models-for-ev-charging\/\">\n\t\t\t\t\t\t\t\t<h3>Sustainable Business Models for EV Charging \u2013 what are the ingredients?<\/h3>\n\t\t\t\t\t\t\t<\/a>\n\t\t\t\t\t\t<\/div>\n\t\t\t\t\t<\/li>\n\t\t\t\t\t\t\t\t\t<li>\n\t\t\t\t\t\t<div class=\"post_image\">\n\t\t\t\t\t\t\t<a href=\"https:\/\/www.ampeco.com\/blog\/increase-roi-with-dynamic-load-management\/\">\n\t\t\t\t\t\t\t\t<img loading=\"lazy\" decoding=\"async\" width=\"512\" height=\"269\" src=\"https:\/\/www.ampeco.com\/content\/uploads\/2021\/06\/dynamic-load-management-software-solution-logo-512x269.png\" class=\"attachment-image-512 size-image-512 wp-post-image\" alt=\"dynamic load management software solution\" srcset=\"https:\/\/www.ampeco.com\/content\/uploads\/2021\/06\/dynamic-load-management-software-solution-logo-512x269.png 512w, https:\/\/www.ampeco.com\/content\/uploads\/2021\/06\/dynamic-load-management-software-solution-logo-300x158.png 300w, https:\/\/www.ampeco.com\/content\/uploads\/2021\/06\/dynamic-load-management-software-solution-logo-768x403.png 768w, https:\/\/www.ampeco.com\/content\/uploads\/2021\/06\/dynamic-load-management-software-solution-logo-1024x538.png 1024w, https:\/\/www.ampeco.com\/content\/uploads\/2021\/06\/dynamic-load-management-software-solution-logo-96x50.png 96w, https:\/\/www.ampeco.com\/content\/uploads\/2021\/06\/dynamic-load-management-software-solution-logo-330x173.png 330w, https:\/\/www.ampeco.com\/content\/uploads\/2021\/06\/dynamic-load-management-software-solution-logo-660x347.png 660w, https:\/\/www.ampeco.com\/content\/uploads\/2021\/06\/dynamic-load-management-software-solution-logo-600x315.png 600w, https:\/\/www.ampeco.com\/content\/uploads\/2021\/06\/dynamic-load-management-software-solution-logo-840x441.png 840w, https:\/\/www.ampeco.com\/content\/uploads\/2021\/06\/dynamic-load-management-software-solution-logo.png 1200w\" sizes=\"auto, (max-width: 512px) 100vw, 512px\" title=\"\">\t\t\t\t\t\t\t<\/a>\n\t\t\t\t\t\t<\/div>\n\t\t\t\t\t\t<div class=\"post_content\">\n\t\t\t\t\t\t\t<div class=\"post_info\">\n\t\t\t\t\t\t\t\t<!-- <span class=\"posted-on\"><time class=\"updated\" datetime=\"2021-06-02T08:07:46+00:00\">2. Juni 2021<\/time><\/span> -->\n\t\t\t\t\t\t\t\t<span><a href=\"https:\/\/www.ampeco.com\/de\/author\/atanas-zaprianov\/\" rel=\"author\" class=\"fn\">Atanas Zaprianov<\/a><\/span>\n\t\t\t\t\t\t\t<\/div>\n\t\t\t\t\t\t\t<a class=\"post_name\" href=\"https:\/\/www.ampeco.com\/blog\/increase-roi-with-dynamic-load-management\/\">\n\t\t\t\t\t\t\t\t<h3>Dynamic Load Management &#8211; 3 steps to increase the ROI of your EV charging projects<\/h3>\n\t\t\t\t\t\t\t<\/a>\n\t\t\t\t\t\t<\/div>\n\t\t\t\t\t<\/li>\n\t\t\t\t\t\t\t<\/ul>\n\t\t\t<\/div>\n\t<div class=\"column_right\">\n\t\t<h4>Einblicke<\/h4>\n\t\t\t\t\t\t\t<ul class=\"cr_list\">\n\t\t\t\t\t\t\t\t\t<li>\n\t\t\t\t\t\t<a href=\"https:\/\/www.ampeco.com\/blog\/demand-side-flexibility-europe-2022\/\">The State of Demand Side Flexibility in Europe 2022<\/a>\n\t\t\t\t\t<\/li>\n\t\t\t\t\t\t\t\t\t<li>\n\t\t\t\t\t\t<a href=\"https:\/\/www.ampeco.com\/blog\/6-reasons-to-use-white-label-solution\/\">6 reasons to use a white-label EV charging solution<\/a>\n\t\t\t\t\t<\/li>\n\t\t\t\t\t\t\t\t\t<li>\n\t\t\t\t\t\t<a href=\"\"><\/a>\n\t\t\t\t\t<\/li>\n\t\t\t\t\t\t\t\t\t<li>\n\t\t\t\t\t\t<a href=\"https:\/\/www.ampeco.com\/blog\/energy-performance-of-buildings-directive-ev-charging\/\">What the Energy Performance of Buildings Directive means for EV charging<\/a>\n\t\t\t\t\t<\/li>\n\t\t\t\t\t\t\t\t\t<li>\n\t\t\t\t\t\t<a href=\"https:\/\/www.ampeco.com\/blog\/us-new-ev-charging-action-plan\/\">The US has officially joined the race: a new EV Charging Action Plan<\/a>\n\t\t\t\t\t<\/li>\n\t\t\t\t\t\t\t\t\t<li>\n\t\t\t\t\t\t<a href=\"https:\/\/www.ampeco.com\/blog\/ev-roaming-scaling-charge-point-network\/\">EV Roaming: An Important Key to Scaling Your Charge Point Network<\/a>\n\t\t\t\t\t<\/li>\n\t\t\t\t\t\t\t<\/ul>\n\t\t\t\t\t\t\t\t\t<a class=\"viewmore\" href=\"\/de\/blog\/\">Mehr sehen<\/a>\n\t\t\t<\/div>\n<\/div>\n<\/div>\n\n<div style=\"border-radius:var(--spacing-4xl, 32px);overflow:hidden;\" class=\"wp-block-group is-style-section-nds is-layout-constrained wp-block-group-is-layout-constrained\">\n<h2 class=\"has-text-align-center wp-block-heading\">Was EV-Flottenbetreiber oft fragen<\/h2>\n\n\n<div id=\"rank-math-faq\" class=\"rank-math-block\">\n<div class=\"rank-math-list \">\n<div id=\"faq-question-1636444658993\" class=\"rank-math-list-item\">\n<h3 class=\"rank-math-question \">Was ist eine Software-Suite f\u00fcr EV-Lademanagement?<\/h3>\n<div class=\"rank-math-answer \">\n\n<p>Eine Plattform f\u00fcr EV-Lademanagement ist eine Software-Suite, die die Verwaltung, Wartung und Nutzung eines Netzwerks von Ladestationen f\u00fcr eine Vielzahl von Anwendungsf\u00e4llen und Gesch\u00e4ftsmodellen erm\u00f6glicht. Sie umfasst eine Back-Office- und Web-Schnittstelle sowie mobile Apps, die den Gesch\u00e4ftsbetrieb rationalisieren, die Wartungskosten minimieren und den Fahrern von Elektrofahrzeugen ein nahtloses Ladeerlebnis bieten sollen.<\/p>\n\n<\/div>\n<\/div>\n<div id=\"faq-question-1636444868082\" class=\"rank-math-list-item\">\n<h3 class=\"rank-math-question \">Warum brauchen EV-Flottenbetreiber eine EV-Ladeplattform?<\/h3>\n<div class=\"rank-math-answer \">\n\n<p>Wenn Sie Ihre E-Flotte effizient betreiben m\u00f6chten, ben\u00f6tigen Sie eine Plattform zur Verwaltung von Ladestationen. Diese Plattform sollte sich leicht in Ihre bestehenden Managementsysteme und Betriebsabl\u00e4ufe integrieren lassen. So k\u00f6nnen Sie den gesamten Ladevorgang f\u00fcr Elektrofahrzeuge unterst\u00fctzen und gleichzeitig den Zeit- und Kostenaufwand f\u00fcr die Wartung der Ladestationen minimieren. Eine Software-Suite f\u00fcr das Laden von Elektroautos reduziert die Ausfallzeiten von Ladestationen, verbessert die Transparenz, erweitert die Zahlungsoptionen und automatisiert die Abrechnung und Rechnungsstellung. Um eine zukunftssichere Ladeinfrastruktur zu erm\u00f6glichen, muss sie au\u00dferdem hardwareunabh\u00e4ngig sein und sich mit jedem OCPP-konformen Ladestationsmodell verbinden lassen. Schlie\u00dflich sollte eine EV-Ladeplattform eine Vielzahl von Gesch\u00e4ftsmodellen und Anwendungsf\u00e4llen erm\u00f6glichen, wie z. B. privates Laden und Laden zu Hause sowie \u00f6ffentliche Ladeszenarien.<\/p>\n\n<\/div>\n<\/div>\n<div id=\"faq-question-1636444880319\" class=\"rank-math-list-item\">\n<h3 class=\"rank-math-question \">Was sollte eine Ladeplattform f\u00fcr EV-Flottenbetreiber beinhalten?<\/h3>\n<div class=\"rank-math-answer \">\n\n<p>Ihre Softwarel\u00f6sung f\u00fcr das Laden von Elektroautos sollte die Verwaltung der Ladeinfrastruktur, Dienste f\u00fcr die E-Fahrer und intelligente L\u00f6sungen f\u00fcr das Energiemanagement umfassen, die auf die Bed\u00fcrfnisse Ihres Unternehmens zugeschnitten sind. Au\u00dferdem sollte sie Echtzeittransparenz und Algorithmen zur automatischen Fehlerbehebung sowie Benutzerverwaltung, Roaming-Funktionen und Hardwareflexibilit\u00e4t bieten. <\/p>\n<p>Dabei ist es entscheidend:<br \/>&#8211; Ihre Ladestationen zu \u00fcberwachen und zu betreiben und die Ladedaten der Flottenfahrer zu verfolgen;<br \/>&#8211; einen vollst\u00e4ndigen \u00dcberblick \u00fcber den Ladevorgang Ihres Fuhrparks zu erhalten;<br \/>&#8211; den Ladevorgang aus der Ferne zu steuern und ihn auf der Grundlage der Dynamik Ihrer Flotte zu optimieren;<br \/>&#8211; die Preise f\u00fcr die Nutzung Ihrer Ladestationen durch Besucher oder die \u00d6ffentlichkeit festzulegen und sie auf der Grundlage der Dynamik Ihrer Flotte zu optimieren;<br \/>&#8211; Heimladestationen Ihrer Mitarbeiter anzuschlie\u00dfen und mit \u00f6ffentlichen Ladestationen zu verbinden;<br \/>&#8211; den Zugang zu Ladestationen f\u00fcr alle Fahrer zu kontrollieren;<br \/>&#8211; spezifische Benutzergruppen f\u00fcr Flottenfahrer, internes Personal, Besucher usw. festzulegen;<br \/>&#8211; nur eine mobile App oder eine RFID-Karte f\u00fcr Ihre E-Fahrer zu verwenden, um an allen Orten zu laden, zu denen sie fahren. <\/p>\n<p>Ein absolutes Muss ist das Lastmanagement, das Technologien f\u00fcr intelligentes Energiemanagement wie dynamischen Lastausgleich und Vehicle-to-Grid (V2G) erfordert, um sicherzustellen, dass das Netz nicht \u00fcberlastet wird.<\/p>\n\n<\/div>\n<\/div>\n<div id=\"faq-question-1636444881116\" class=\"rank-math-list-item\">\n<h3 class=\"rank-math-question \">Wie w\u00e4hle ich einen Anbieter von Software zur Verwaltung von Elektroautos aus?<\/h3>\n<div class=\"rank-math-answer \">\n\n<p>Wenn Sie die Kandidaten f\u00fcr eine EV-Ladesoftware auf der Grundlage von Funktionsumfang und Reaktionszeit in die engere Wahl gezogen haben, empfehlen wir Ihnen, deren Erfahrung, Kundenportfolio und Fallstudien zu ber\u00fccksichtigen.<br \/>W\u00e4hlen Sie schlie\u00dflich den Kandidaten, der am besten zu Ihren Anforderungen passt.<\/p>\n\n<\/div>\n<\/div>\n<\/div>\n<\/div><\/div>\n\n<div style=\"border-radius:var(--spacing-4xl, 32px);overflow:hidden;\" class=\"wp-block-group is-style-section-nds is-layout-constrained wp-block-group-is-layout-constrained\">\n<div class=\"wp-block-group is-style-tilted-green-bg is-layout-constrained wp-block-group-is-layout-constrained\">\n<div class=\"wp-block-columns are-vertically-aligned-center no-mr-bot is-layout-flex wp-container-core-columns-is-layout-28f84493 wp-block-columns-is-layout-flex\">\n<div class=\"wp-block-column is-vertically-aligned-center is-layout-flow wp-block-column-is-layout-flow\">\n<h2 class=\"wp-block-heading\"><strong>Starten Sie mit AMPECO<\/strong><\/h2>\n\n\n\n<p class=\"has-m-font-size\">Buchen Sie ein 30-min\u00fctiges Einf\u00fchrungsgespr\u00e4ch mit unseren Spezialisten und erfahren Sie mehr \u00fcber unsere EV-Ladeplattform.<\/p>\n\n\n\n<div class=\"wp-block-buttons is-layout-flex wp-block-buttons-is-layout-flex\">\n<div class=\"wp-block-button is-style-negative-nds\"><a class=\"wp-block-button__link wp-element-button\" href=\"https:\/\/www.ampeco.com\/de\/demo\/\">Demo buchen<\/a><\/div>\n<\/div>\n<\/div>\n\n\n\n<div class=\"wp-block-column is-vertically-aligned-center is-layout-flow wp-block-column-is-layout-flow\">\n<figure class=\"wp-block-image size-large\"><img loading=\"lazy\" decoding=\"async\" width=\"410\" height=\"300\" src=\"\/content\/uploads\/2022\/01\/demonstration-1.svg\" alt=\"-\" class=\"wp-image-7248\" title=\"\"><\/figure>\n<\/div>\n<\/div>\n<\/div>\n<\/div>\n","protected":false},"excerpt":{"rendered":"<p>Ladeplattform f\u00fcr Elektrofahrzeuge f\u00fcr Flottenbetreiber Verwalten Sie das EV-Laden Ihrer Flotte an einem Ort mit einer umfassenden Softwarel\u00f6sung. EV-Ladem\u00f6glichkeitenf\u00fcr Flottenbetreiber Laut McKinsey k\u00f6nnen Sie Ihre Flottenkosten um 15% bis 25% senken, wenn [&hellip;]<\/p>\n","protected":false},"author":15,"featured_media":21946,"parent":25212,"menu_order":0,"comment_status":"closed","ping_status":"closed","template":"","meta":{"_acf_changed":false,"inline_featured_image":false,"footnotes":""},"class_list":["post-25112","page","type-page","status-publish","has-post-thumbnail","hentry"],"acf":[],"_links":{"self":[{"href":"https:\/\/www.ampeco.com\/de\/wp-json\/wp\/v2\/pages\/25112","targetHints":{"allow":["GET"]}}],"collection":[{"href":"https:\/\/www.ampeco.com\/de\/wp-json\/wp\/v2\/pages"}],"about":[{"href":"https:\/\/www.ampeco.com\/de\/wp-json\/wp\/v2\/types\/page"}],"author":[{"embeddable":true,"href":"https:\/\/www.ampeco.com\/de\/wp-json\/wp\/v2\/users\/15"}],"replies":[{"embeddable":true,"href":"https:\/\/www.ampeco.com\/de\/wp-json\/wp\/v2\/comments?post=25112"}],"version-history":[{"count":10,"href":"https:\/\/www.ampeco.com\/de\/wp-json\/wp\/v2\/pages\/25112\/revisions"}],"predecessor-version":[{"id":25677,"href":"https:\/\/www.ampeco.com\/de\/wp-json\/wp\/v2\/pages\/25112\/revisions\/25677"}],"up":[{"embeddable":true,"href":"https:\/\/www.ampeco.com\/de\/wp-json\/wp\/v2\/pages\/25212"}],"wp:featuredmedia":[{"embeddable":true,"href":"https:\/\/www.ampeco.com\/de\/wp-json\/wp\/v2\/media\/21946"}],"wp:attachment":[{"href":"https:\/\/www.ampeco.com\/de\/wp-json\/wp\/v2\/media?parent=25112"}],"curies":[{"name":"wp","href":"https:\/\/api.w.org\/{rel}","templated":true}]}}