{"id":46716,"date":"2023-09-25T11:17:34","date_gmt":"2023-09-25T11:17:34","guid":{"rendered":"https:\/\/www.ampeco.com\/ev-charging-glossary\/multi-unit-dwelling-ev-charging\/"},"modified":"2025-06-30T13:11:33","modified_gmt":"2025-06-30T13:11:33","slug":"multi-unit-dwelling-ev-charging","status":"publish","type":"glossary","link":"https:\/\/www.ampeco.com\/de\/ev-charging-glossary\/multi-unit-dwelling-ev-charging\/","title":{"rendered":"EV-Laden in Mehrparteiengeb\u00e4uden"},"content":{"rendered":"\n<h2 class=\"wp-block-heading\">Was ist EV-Laden in Mehrparteiengeb\u00e4uden?<\/h2>\n\n\n\n<p>EV-Laden in Mehrparteiengeb\u00e4uden bezeichnet die Installation, den Betrieb und die Nutzung von Ladestationen auf dem Gel\u00e4nde von Mehrfamilienh\u00e4usern. Zusammen mit dem Laden in Einfamilienh\u00e4usern bildet dies die Kategorie des <strong>residenziellen Ladens<\/strong>.<\/p>\n\n\n\n<h2 class=\"wp-block-heading\">Anwendung von EV-Laden in Mehrparteiengeb\u00e4uden<\/h2>\n\n\n\n<p>Der Aufbau einer effizienten und fl\u00e4chendeckenden Ladeinfrastruktur f\u00fcr Elektrofahrzeuge befindet sich im Wandel: War das Thema aufgrund der geringen EV-Verbreitung bislang eher ein \u201eNice-to-have\u201c, ist es inzwischen zu einer echten Notwendigkeit geworden.<\/p>\n\n\n\n<p>Ladenetzwerke sind der Schl\u00fcssel f\u00fcr eine nachhaltige Zukunft im privaten wie auch im gewerblichen Verkehr \u2013 und Eigent\u00fcmer von Mehrparteiengeb\u00e4uden sind heute gefordert, eine aktive Rolle beim Aufbau einer zuverl\u00e4ssigen und zug\u00e4nglichen Ladeinfrastruktur zu \u00fcbernehmen.<\/p>\n\n\n\n<p>Laut Daten des US-Energieministeriums findet rund <a href=\"https:\/\/www.energy.gov\/eere\/electricvehicles\/charging-home\" rel=\"nofollow noopener\" target=\"_blank\">80\u202f% des EV-Ladens zu Hause statt<\/a>. Doch nicht jedes Heimladen ist gleich: Es bestehen Unterschiede zwischen den Anforderungen von EV-Besitzern, die in Einfamilienh\u00e4usern wohnen, und jenen, die in Mehrfamilienh\u00e4usern leben. Dasselbe gilt f\u00fcr die Verwalter und Eigent\u00fcmer dieser Geb\u00e4ude, die vor der Installation von Ladepunkten eine Vielzahl technischer, finanzieller und organisatorischer Aspekte ber\u00fccksichtigen m\u00fcssen.<\/p>\n\n\n\n<h2 class=\"wp-block-heading\">Bedeutung des EV-Ladens in Mehrparteiengeb\u00e4uden<\/h2>\n\n\n\n<p>Auch wenn das Laden im Wohnumfeld eine vorausschauende Planung erfordert, sind insbesondere die folgenden Vorteile zu ber\u00fccksichtigen:<\/p>\n\n\n\n<ul class=\"wp-block-list\">\n<li><strong>H\u00f6here Attraktivit\u00e4t von Immobilien f\u00fcr Bewohner:innen:<\/strong> Der Besitz eines Elektrofahrzeugs ist mittlerweile weit verbreitet. Zwar dominiert aktuell noch der Verbrennungsmotor, doch dieses Verh\u00e4ltnis wird sich in den kommenden zehn Jahren deutlich ver\u00e4ndern. F\u00fcr die Immobilienbranche bedeutet das: Die Verf\u00fcgbarkeit von Ladestationen \u2013 sei es in der N\u00e4he oder direkt auf dem Grundst\u00fcck eines Hauses oder Mehrparteiengeb\u00e4udes \u2013 wird zunehmend zu einem entscheidenden Kriterium bei Kauf- oder Mietentscheidungen. Ladepunkte k\u00f6nnen somit die Attraktivit\u00e4t einer Immobilie f\u00fcr aktuelle und potenzielle Bewohner:innen steigern.<\/li>\n<\/ul>\n\n\n\n<ul class=\"wp-block-list\">\n<li><strong>F\u00f6rderung emissionsfreier Mobilit\u00e4t:<\/strong> Im Bereich Verkehr und Mobilit\u00e4t k\u00f6nnen Eigent\u00fcmer:innen durch Wohngeb\u00e4udel\u00f6sungen f\u00fcr das Laden von Elektrofahrzeugen ihr Engagement f\u00fcr nachhaltige Praktiken unter Beweis stellen. Der Immobiliensektor hat bereits Ma\u00dfnahmen wie Energieeffizienz, Wassereinsparung und nachhaltige Baustoffe \u00fcbernommen \u2013 EV-Laden ist ein logischer n\u00e4chster Schritt, um Geb\u00e4ude aktiv zu nachhaltigen Einheiten zu machen.<\/li>\n\n\n\n<li><strong>Bidirektionales Energiemanagement:<\/strong> Die V2X-Technologie (Vehicle-to-Everything) erm\u00f6glicht einen bidirektionalen Energiefluss zwischen Elektrofahrzeugen und dem Stromnetz (\u00fcber die Ladestation). Im Grunde werden EV-Batterien dadurch zu Energiespeichern und Energiequellen. Eine Unterkategorie dieser Technologie ist V2B (Vehicle-to-Building), bei der der Energieaustausch direkt mit dem Geb\u00e4udenetz erfolgt. Diese Technologie ist bislang nur vereinzelt im Einsatz, doch bei fl\u00e4chendeckender Einf\u00fchrung kann sie die Energieeffizienz von Geb\u00e4uden verbessern und durch <strong>Demand-Response-Programme (DR)<\/strong> sogar zus\u00e4tzliche Einnahmen generieren.<\/li>\n<\/ul>\n\n\n\n<p>Sowohl <strong>Charge Point Operators (CPOs)<\/strong> als auch <strong>E-Mobility Service Provider (eMSPs)<\/strong> k\u00f6nnen vom Wohnumfeldladen erheblich profitieren. Mit dem Fokus auf Mehrparteiengeb\u00e4ude erschlie\u00dfen sie sich eine gr\u00f6\u00dfere Anzahl potenzieller Nutzer:innen an einem einzigen Standort \u2013 im Vergleich zum individuellen Heimladen. So k\u00f6nnen eMSPs beispielsweise EV-Besitzer:innen in Mehrfamilienh\u00e4usern \u00fcber eine zentrale Schnittstelle (z.\u202fB. eine App) den Zugang zu privaten Ladepunkten und \u00f6ffentlichen Ladenetzen erm\u00f6glichen und verwalten.<\/p>\n\n\n\n<h2 class=\"wp-block-heading\">Praktisches Beispiel f\u00fcr das Laden in Mehrparteiengeb\u00e4uden<\/h2>\n\n\n\n<p>Ein Mehrfamilienhaus mit einem Parkplatz weist mehrere Stellpl\u00e4tze speziell f\u00fcr Elektrofahrzeuge aus. Die dort installierten Ladestationen sind mit einem Back-End-System verbunden, das automatisch die entsprechenden Bewohner:innen erkennt, authentifiziert und abrechnet. Das Netzwerk kann auch G\u00e4sten des Geb\u00e4udes zur Verf\u00fcgung stehen \u2013 oder sogar \u00f6ffentlich zug\u00e4nglich sein.<\/p>\n\n\n\n<h2 class=\"wp-block-heading\">Weitere Informationen zum EV-Laden in Mehrparteiengeb\u00e4uden<\/h2>\n\n\n\n<ul class=\"wp-block-list\">\n<li><strong>Die Installation von Ladestationen in Mehrparteiengeb\u00e4uden muss keine kostspielige Investition sein.<\/strong> In vielen L\u00e4ndern und Kommunen gibt es F\u00f6rderprogramme, Subventionen und Zusch\u00fcsse f\u00fcr Immobilieneigent\u00fcmer, um durch die Installation von Ladeinfrastruktur die emissionsfreie Mobilit\u00e4t zu unterst\u00fctzen.<\/li>\n\n\n\n<li><strong>Die Installation von Ladestationen f\u00fcr den Wohnbereich ist etwas komplexer als das private Laden zu Hause.<\/strong> Es sind zahlreiche Vorschriften, gesetzliche Regelungen und Sicherheitsrichtlinien zu beachten \u2013 insbesondere bei der Einrichtung von Ladepunkten in Wohnanlagen oder \u00e4hnlichen Einrichtungen.<\/li>\n\n\n\n<li><strong>Ein Teil dieser Vorschriften betrifft die Sicherheit der elektrischen Infrastruktur eines Geb\u00e4udes,<\/strong> da das Laden von Elektrofahrzeugen eine erhebliche zus\u00e4tzliche Last f\u00fcr das Stromnetz darstellen kann. Der positive Aspekt: Mit einer <strong>dynamischen Lastmanagement-Technologie (DLM)<\/strong> l\u00e4sst sich der Energieverbrauch regulieren und unter einem definierten Grenzwert halten. Diese Technologie kann entweder \u00fcber ein <strong>Charge Point Management System (CPMS)<\/strong> oder als separate Hardware-Komponente integriert werden.<\/li>\n<\/ul>\n","protected":false},"author":15,"featured_media":24844,"template":"","glossary_category":[632],"glossary_tag":[],"class_list":["post-46716","glossary","type-glossary","status-publish","has-post-thumbnail","hentry","glossary_category-anwendungsfalle"],"acf":[],"_links":{"self":[{"href":"https:\/\/www.ampeco.com\/de\/wp-json\/wp\/v2\/glossary\/46716","targetHints":{"allow":["GET"]}}],"collection":[{"href":"https:\/\/www.ampeco.com\/de\/wp-json\/wp\/v2\/glossary"}],"about":[{"href":"https:\/\/www.ampeco.com\/de\/wp-json\/wp\/v2\/types\/glossary"}],"author":[{"embeddable":true,"href":"https:\/\/www.ampeco.com\/de\/wp-json\/wp\/v2\/users\/15"}],"wp:featuredmedia":[{"embeddable":true,"href":"https:\/\/www.ampeco.com\/de\/wp-json\/wp\/v2\/media\/24844"}],"wp:attachment":[{"href":"https:\/\/www.ampeco.com\/de\/wp-json\/wp\/v2\/media?parent=46716"}],"wp:term":[{"taxonomy":"glossary_category","embeddable":true,"href":"https:\/\/www.ampeco.com\/de\/wp-json\/wp\/v2\/glossary_category?post=46716"},{"taxonomy":"glossary_tag","embeddable":true,"href":"https:\/\/www.ampeco.com\/de\/wp-json\/wp\/v2\/glossary_tag?post=46716"}],"curies":[{"name":"wp","href":"https:\/\/api.w.org\/{rel}","templated":true}]}}