{"id":46530,"date":"2023-09-25T11:23:05","date_gmt":"2023-09-25T11:23:05","guid":{"rendered":"https:\/\/www.ampeco.com\/ev-charging-glossary\/on-street-ev-charging\/"},"modified":"2025-06-24T10:39:49","modified_gmt":"2025-06-24T10:39:49","slug":"on-street-ev-charging","status":"publish","type":"glossary","link":"https:\/\/www.ampeco.com\/de\/ev-charging-glossary\/on-street-ev-charging\/","title":{"rendered":"\u00d6ffentliches Laden am Stra\u00dfenrand"},"content":{"rendered":"\n<h2 class=\"wp-block-heading\">Was ist \u00f6ffentliches Laden am Stra\u00dfenrand?<\/h2>\n\n\n\n<p>Laden am Stra\u00dfenrand bezeichnet Ladeinfrastruktur f\u00fcr Elektrofahrzeuge, die sich direkt an der Stra\u00dfe befindet.<\/p>\n\n\n\n<h2 class=\"wp-block-heading\">Anwendung des \u00f6ffentlichen Ladens am Stra\u00dfenrand<\/h2>\n\n\n\n<p>Sozio\u00f6konomische und st\u00e4dtebauliche Merkmale sind die Hauptfaktoren, die den Bedarf an Ladeinfrastruktur f\u00fcr Elektrofahrzeuge bestimmen. Die Beschaffenheit des Wohnraums spielt dabei eine zentrale Rolle \u2013 sie beeinflusst ma\u00dfgeblich, ob ein bestimmtes Gebiet eine umfassende \u00f6ffentliche Ladeinfrastruktur ben\u00f6tigt oder besser mit privaten Heimladestationen bedient ist. In dicht besiedelten st\u00e4dtischen Gebieten, in denen Menschen \u00fcberwiegend in Mehrfamilienh\u00e4usern leben, unterscheiden sich die Ladebed\u00fcrfnisse erheblich von jenen in l\u00e4ndlichen Regionen, wo die meisten Menschen in Einfamilienh\u00e4usern wohnen und problemlos eine private Ladestation zu Hause installieren k\u00f6nnen.<\/p>\n\n\n\n<p>Laden am Stra\u00dfenrand \u2013 auch als &#8222;Curbside Charging&#8220; bezeichnet \u2013 ist ein wichtiger Bestandteil eines ausgewogenen Ladeinfrastruktur-Mixes und bietet insbesondere E-Autofahrer:innen ohne Heimladestation gro\u00dfe Vorteile. Gleichzeitig bringt der Aufbau eines zuverl\u00e4ssigen \u00f6ffentlichen Ladenetzes am Stra\u00dfenrand erhebliche Herausforderungen mit sich. Diese H\u00fcrden erkl\u00e4ren, warum das Laden am Stra\u00dfenrand in seiner Entwicklung gegen\u00fcber anderen Modellen wie dem Destination Charging oder dem Laden zu Hause noch zur\u00fcckliegt.<\/p>\n\n\n\n<p>Aufgrund seiner Komplexit\u00e4t erfordert das Laden am Stra\u00dfenrand die Zusammenarbeit aller Beteiligten \u2013 von E-Fahrer:innen \u00fcber Ladestationshersteller und -betreiber, Installationsunternehmen bis hin zu Stadtverwaltungen und Stadtplaner:innen.<\/p>\n\n\n\n<h2 class=\"wp-block-heading\">Bedeutung des \u00f6ffentlichen Ladens am Stra\u00dfenrand<\/h2>\n\n\n\n<p>Viele E-Fahrer:innen k\u00f6nnen keine Heimladestation nutzen \u2013 sei es, weil sie keinen Zugang zu einem privaten Stellplatz oder einer Einfahrt haben oder weil sie in Mehrparteienh\u00e4usern wohnen, in denen (noch) keine Ladel\u00f6sungen f\u00fcr Bewohner:innen installiert wurden. F\u00fcr diese Nutzergruppe bleiben somit \u00f6ffentliche und halb\u00f6ffentliche Ladem\u00f6glichkeiten oft die einzige praktikable L\u00f6sung \u2013 was jedoch nicht ideal ist.<\/p>\n\n\n\n<p>Trotz aller Herausforderungen stellt das Laden am Stra\u00dfenrand einen vielversprechenden Markt f\u00fcr Ladestationshersteller, Charge Point Operators (CPOs) und E-Mobility Service Provider (eMSPs) dar. Sie k\u00f6nnen eine f\u00fchrende Rolle dabei \u00fcbernehmen, bestehende Schw\u00e4chen zu beheben \u2013 etwa die Notwendigkeit, E-Fahrer:innen einen zuverl\u00e4ssigen Zugang zu \u00f6ffentlichen Ladepunkten am Stra\u00dfenrand zu erm\u00f6glichen. Ebenso wichtig ist es, den Nutzer:innen kontextrelevante Informationen bereitzustellen, beispielsweise zu Preisen oder unterst\u00fctzten Steckertypen. So wird verhindert, dass sie durch die Stadt fahren, nur um vor Ort festzustellen, dass die Lades\u00e4ule zu teuer, nicht verf\u00fcgbar oder inkompatibel mit dem eigenen Fahrzeug ist. Solche Zusatzinformationen fallen in den Aufgabenbereich von eMSPs, doch auch alle anderen Akteure des E-Mobility-Markts k\u00f6nnen zur Wertsch\u00f6pfung beitragen und vom Ausbau der Stra\u00dfenrand-Ladeinfrastruktur profitieren.<\/p>\n\n\n\n<p>Die Komplexit\u00e4t des Themas bietet CPOs und Installationsunternehmen zudem die Chance, sich durch spezifisches Know-how im Aufbau, Betrieb und in der Wartung entsprechender Ladeinfrastruktur vom Wettbewerb abzuheben. Gleichzeitig gilt es zu bedenken, dass Ladepunkte am Stra\u00dfenrand anf\u00e4lliger f\u00fcr Besch\u00e4digungen und Vandalismus sind \u2013 was zus\u00e4tzliche Anforderungen an die Wartung stellt.<\/p>\n\n\n\n<h2 class=\"wp-block-heading\">Praktische Beispiele f\u00fcr das \u00f6ffentliche Laden am Stra\u00dfenrand<\/h2>\n\n\n\n<p>Ladestationen am Stra\u00dfenrand k\u00f6nnen entweder von Beh\u00f6rden zur \u00f6ffentlichen Nutzung installiert oder \u2013 nach Erhalt der entsprechenden Genehmigungen \u2013 von Privatpersonen und Unternehmen eingerichtet werden.<\/p>\n\n\n\n<ul class=\"wp-block-list\">\n<li><strong>St\u00e4dte und Gemeinden<\/strong> k\u00f6nnen strategisch im gesamten Stadtgebiet Ladestationen installieren. Solche \u00f6ffentlichen Ladenetze befinden sich h\u00e4ufig in stark frequentierten Bereichen, zum Beispiel in der N\u00e4he \u00f6ffentlicher Einrichtungen.<\/li>\n\n\n\n<li><strong>Private Unternehmen<\/strong> k\u00f6nnen eine Genehmigung beantragen, um Ladepunkte am Stra\u00dfenrand zu installieren \u2013 vorausgesetzt, sie erf\u00fcllen alle lokalen Vorschriften, beeintr\u00e4chtigen weder den Fu\u00dfg\u00e4nger- noch den Fahrzeugverkehr und gew\u00e4hrleisten einen sicheren Anschluss an das Stromnetz.<\/li>\n\n\n\n<li><strong>Privatpersonen<\/strong>, die \u00fcber keinen eigenen Stellplatz oder keine Einfahrt verf\u00fcgen, k\u00f6nnen ebenfalls eine Genehmigung zum Laden am Stra\u00dfenrand beantragen und eine Lades\u00e4ule vor ihrem Wohnhaus installieren lassen.<\/li>\n<\/ul>\n\n\n\n<h2 class=\"wp-block-heading\">Zus\u00e4tzliche Informationen zum Laden am Stra\u00dfenrand<\/h2>\n\n\n\n<ul class=\"wp-block-list\">\n<li>Das Laden am Stra\u00dfenrand ist ein Bereich mit vielen innovativen L\u00f6sungen und stetig neuen, spannenden Designs auf dem Markt. Manche Ladepunkte sind in \u00f6ffentliche Stra\u00dfenlaternen integriert, daneben gibt es kabellose Ladeger\u00e4te, unterirdische Ladestationen, bei denen nur das Kabel oberirdisch bleibt, sowie Kabelmanagementsysteme, die Leitungen entweder unter dem Gehweg verlegen oder \u00fcber die Gehwegh\u00f6he anheben, um den Fu\u00dfg\u00e4ngerverkehr nicht zu behindern.<\/li>\n\n\n\n<li>Es gibt jedoch auch eine Kehrseite: Einige E-Fahrer:innen greifen zu gef\u00e4hrlichen Do-it-yourself-L\u00f6sungen, um improvisierte Ladem\u00f6glichkeiten am Stra\u00dfenrand zu schaffen \u2013 beispielsweise, indem sie Verl\u00e4ngerungskabel aus der Wohnung quer \u00fcber den Gehweg bis zum Fahrzeug legen. Solche L\u00f6sungen stellen nicht nur eine Brandgefahr dar, sondern sind auch gef\u00e4hrlich f\u00fcr Passant:innen.<\/li>\n\n\n\n<li>Da Ladepunkte am Stra\u00dfenrand \u00f6ffentlichen Raum beanspruchen, m\u00fcssen sie strenge Sicherheits- und Barrierefreiheitsanforderungen erf\u00fcllen.<\/li>\n<\/ul>\n","protected":false},"author":15,"featured_media":24883,"template":"","glossary_category":[632],"glossary_tag":[],"class_list":["post-46530","glossary","type-glossary","status-publish","has-post-thumbnail","hentry","glossary_category-anwendungsfalle"],"acf":[],"_links":{"self":[{"href":"https:\/\/www.ampeco.com\/de\/wp-json\/wp\/v2\/glossary\/46530","targetHints":{"allow":["GET"]}}],"collection":[{"href":"https:\/\/www.ampeco.com\/de\/wp-json\/wp\/v2\/glossary"}],"about":[{"href":"https:\/\/www.ampeco.com\/de\/wp-json\/wp\/v2\/types\/glossary"}],"author":[{"embeddable":true,"href":"https:\/\/www.ampeco.com\/de\/wp-json\/wp\/v2\/users\/15"}],"wp:featuredmedia":[{"embeddable":true,"href":"https:\/\/www.ampeco.com\/de\/wp-json\/wp\/v2\/media\/24883"}],"wp:attachment":[{"href":"https:\/\/www.ampeco.com\/de\/wp-json\/wp\/v2\/media?parent=46530"}],"wp:term":[{"taxonomy":"glossary_category","embeddable":true,"href":"https:\/\/www.ampeco.com\/de\/wp-json\/wp\/v2\/glossary_category?post=46530"},{"taxonomy":"glossary_tag","embeddable":true,"href":"https:\/\/www.ampeco.com\/de\/wp-json\/wp\/v2\/glossary_tag?post=46530"}],"curies":[{"name":"wp","href":"https:\/\/api.w.org\/{rel}","templated":true}]}}